{"id":7158,"date":"2025-09-23T17:04:01","date_gmt":"2025-09-23T15:04:01","guid":{"rendered":"https:\/\/archivia.org\/?page_id=7158"},"modified":"2026-02-09T11:25:42","modified_gmt":"2026-02-09T10:25:42","slug":"galleria-immagini","status":"publish","type":"page","link":"https:\/\/archivia.org\/en\/progetti\/galleria-immagini\/","title":{"rendered":"Galleria Immagini"},"content":{"rendered":"\t\t<div data-elementor-type=\"wp-page\" data-elementor-id=\"7158\" class=\"elementor elementor-7158\" data-elementor-post-type=\"page\">\n\t\t\t\t<div class=\"elementor-element elementor-element-efabcfb e-flex e-con-boxed e-con e-parent\" data-id=\"efabcfb\" data-element_type=\"container\" data-e-type=\"container\">\n\t\t\t\t\t<div class=\"e-con-inner\">\n\t\t\t\t<div class=\"elementor-element elementor-element-5ca725c elementor-widget elementor-widget-text-editor\" data-id=\"5ca725c\" data-element_type=\"widget\" data-e-type=\"widget\" data-widget_type=\"text-editor.default\">\n\t\t\t\t\t\t\t\t\t<p><em><strong> La Gallery sul sito \u00e8 stata creata grazie a un Progetto realizzato con il sostegno della Regione Lazio per le Biblioteche, Musei e Archivi \u2013 Piano annuale 2020 L.R. 24\/2019<\/strong><\/em><\/p><p>Diffusione e valorizzazione dei documenti storici delle donne e dei movimenti femminili e femministi sono tra le finalit\u00e0 principali di Archivia, che nella Gallery vuole offrire un primo esempio digitale con la raccolta di Manifesti del Centro di documentazione studi sul femminismo, reso possibile dall&#8217;intervento di tutela della Soprintendenza archivistica e bibliografica del Lazio. Sono fonti particolarmente significative per la ricostruzione e comprensione di linguaggi, contenuti ed eventi, attraverso una forte creativit\u00e0 iconografica, del processo di emancipazione e liberazione delle donne.<\/p>\t\t\t\t\t\t\t\t<\/div>\n\t\t\t\t<div class=\"elementor-element elementor-element-e0109f3 gallery-spacing-custom elementor-widget elementor-widget-image-gallery\" data-id=\"e0109f3\" data-element_type=\"widget\" data-e-type=\"widget\" data-widget_type=\"image-gallery.default\">\n\t\t\t\t\t\t\t<div class=\"elementor-image-gallery\">\n\t\t\t<div id='gallery-1' class='gallery galleryid-7158 gallery-columns-4 gallery-size-medium_large'><figure class='gallery-item'>\n\t\t\t<div class='gallery-icon portrait'>\n\t\t\t\t<a data-elementor-open-lightbox=\"yes\" data-elementor-lightbox-slideshow=\"e0109f3\" data-elementor-lightbox-title=\"ABCD_CDC_MAN_201114_1921048RMA000_01R-copia-400x551\" data-e-action-hash=\"#elementor-action%3Aaction%3Dlightbox%26settings%3DeyJpZCI6MjA0NSwidXJsIjoiaHR0cHM6XC9cL2FyY2hpdmlhLm9yZ1wvd3AtY29udGVudFwvdXBsb2Fkc1wvMjAyNFwvMDlcL0FCQ0RfQ0RDX01BTl8yMDExMTRfMTkyMTA0OFJNQTAwMF8wMVItY29waWEtNDAweDU1MS0xLmpwZyIsInNsaWRlc2hvdyI6ImUwMTA5ZjMifQ%3D%3D\" href='https:\/\/archivia.org\/wp-content\/uploads\/2024\/09\/ABCD_CDC_MAN_201114_1921048RMA000_01R-copia-400x551-1.jpg'><img fetchpriority=\"high\" width=\"400\" height=\"551\" src=\"https:\/\/archivia.org\/wp-content\/uploads\/2024\/09\/ABCD_CDC_MAN_201114_1921048RMA000_01R-copia-400x551-1.jpg\" class=\"attachment-medium_large size-medium_large\" alt=\"\" aria-describedby=\"gallery-1-2045\" decoding=\"async\" srcset=\"https:\/\/archivia.org\/wp-content\/uploads\/2024\/09\/ABCD_CDC_MAN_201114_1921048RMA000_01R-copia-400x551-1.jpg 400w, https:\/\/archivia.org\/wp-content\/uploads\/2024\/09\/ABCD_CDC_MAN_201114_1921048RMA000_01R-copia-400x551-1-218x300.jpg 218w\" sizes=\"(max-width: 400px) 100vw, 400px\" title=\"\"><\/a>\n\t\t\t<\/div>\n\t\t\t\t<figcaption class='wp-caption-text gallery-caption' id='gallery-1-2045'>\n\t\t\t\tL&#8217;occhio della donna. Dibattiti Mostre Film &#8211; 2-13\/03\/[1976]\n\t\t\t\t<\/figcaption><\/figure><figure class='gallery-item'>\n\t\t\t<div class='gallery-icon portrait'>\n\t\t\t\t<a data-elementor-open-lightbox=\"yes\" data-elementor-lightbox-slideshow=\"e0109f3\" data-elementor-lightbox-title=\"ABCD_CDC_MAN_201054_1921019RMA000_01R-copia-2\" data-e-action-hash=\"#elementor-action%3Aaction%3Dlightbox%26settings%3DeyJpZCI6MjA0MywidXJsIjoiaHR0cHM6XC9cL2FyY2hpdmlhLm9yZ1wvd3AtY29udGVudFwvdXBsb2Fkc1wvMjAyNFwvMDlcL0FCQ0RfQ0RDX01BTl8yMDEwNTRfMTkyMTAxOVJNQTAwMF8wMVItY29waWEtMi5qcGciLCJzbGlkZXNob3ciOiJlMDEwOWYzIn0%3D\" href='https:\/\/archivia.org\/wp-content\/uploads\/2024\/09\/ABCD_CDC_MAN_201054_1921019RMA000_01R-copia-2.jpg'><img width=\"539\" height=\"758\" src=\"https:\/\/archivia.org\/wp-content\/uploads\/2024\/09\/ABCD_CDC_MAN_201054_1921019RMA000_01R-copia-2.jpg\" class=\"attachment-medium_large size-medium_large\" alt=\"\" aria-describedby=\"gallery-1-2043\" decoding=\"async\" srcset=\"https:\/\/archivia.org\/wp-content\/uploads\/2024\/09\/ABCD_CDC_MAN_201054_1921019RMA000_01R-copia-2.jpg 539w, https:\/\/archivia.org\/wp-content\/uploads\/2024\/09\/ABCD_CDC_MAN_201054_1921019RMA000_01R-copia-2-213x300.jpg 213w\" sizes=\"(max-width: 539px) 100vw, 539px\" title=\"\"><\/a>\n\t\t\t<\/div>\n\t\t\t\t<figcaption class='wp-caption-text gallery-caption' id='gallery-1-2043'>\n\t\t\t\tWrouwen Krant Giornale femminile\n\t\t\t\t<\/figcaption><\/figure><figure class='gallery-item'>\n\t\t\t<div class='gallery-icon portrait'>\n\t\t\t\t<a data-elementor-open-lightbox=\"yes\" data-elementor-lightbox-slideshow=\"e0109f3\" data-elementor-lightbox-title=\"ABCD_CDC_MAN_201035_1921014RMA000_01R-copia-2\" data-e-action-hash=\"#elementor-action%3Aaction%3Dlightbox%26settings%3DeyJpZCI6MjA0MiwidXJsIjoiaHR0cHM6XC9cL2FyY2hpdmlhLm9yZ1wvd3AtY29udGVudFwvdXBsb2Fkc1wvMjAyNFwvMDlcL0FCQ0RfQ0RDX01BTl8yMDEwMzVfMTkyMTAxNFJNQTAwMF8wMVItY29waWEtMi5qcGciLCJzbGlkZXNob3ciOiJlMDEwOWYzIn0%3D\" href='https:\/\/archivia.org\/wp-content\/uploads\/2024\/09\/ABCD_CDC_MAN_201035_1921014RMA000_01R-copia-2.jpg'><img width=\"539\" height=\"747\" src=\"https:\/\/archivia.org\/wp-content\/uploads\/2024\/09\/ABCD_CDC_MAN_201035_1921014RMA000_01R-copia-2.jpg\" class=\"attachment-medium_large size-medium_large\" alt=\"\" aria-describedby=\"gallery-1-2042\" decoding=\"async\" srcset=\"https:\/\/archivia.org\/wp-content\/uploads\/2024\/09\/ABCD_CDC_MAN_201035_1921014RMA000_01R-copia-2.jpg 539w, https:\/\/archivia.org\/wp-content\/uploads\/2024\/09\/ABCD_CDC_MAN_201035_1921014RMA000_01R-copia-2-216x300.jpg 216w\" sizes=\"(max-width: 539px) 100vw, 539px\" title=\"\"><\/a>\n\t\t\t<\/div>\n\t\t\t\t<figcaption class='wp-caption-text gallery-caption' id='gallery-1-2042'>\n\t\t\t\tKlirr Giornale per frammenti visivi\n\t\t\t\t<\/figcaption><\/figure><figure class='gallery-item'>\n\t\t\t<div class='gallery-icon portrait'>\n\t\t\t\t<a data-elementor-open-lightbox=\"yes\" data-elementor-lightbox-slideshow=\"e0109f3\" data-elementor-lightbox-title=\"ABCD_CDC_MAN_201033_1921012RMA000_01R-copia-2\" data-e-action-hash=\"#elementor-action%3Aaction%3Dlightbox%26settings%3DeyJpZCI6MjA0MSwidXJsIjoiaHR0cHM6XC9cL2FyY2hpdmlhLm9yZ1wvd3AtY29udGVudFwvdXBsb2Fkc1wvMjAyNFwvMDlcL0FCQ0RfQ0RDX01BTl8yMDEwMzNfMTkyMTAxMlJNQTAwMF8wMVItY29waWEtMi5qcGciLCJzbGlkZXNob3ciOiJlMDEwOWYzIn0%3D\" href='https:\/\/archivia.org\/wp-content\/uploads\/2024\/09\/ABCD_CDC_MAN_201033_1921012RMA000_01R-copia-2.jpg'><img loading=\"lazy\" width=\"539\" height=\"687\" src=\"https:\/\/archivia.org\/wp-content\/uploads\/2024\/09\/ABCD_CDC_MAN_201033_1921012RMA000_01R-copia-2.jpg\" class=\"attachment-medium_large size-medium_large\" alt=\"\" aria-describedby=\"gallery-1-2041\" decoding=\"async\" srcset=\"https:\/\/archivia.org\/wp-content\/uploads\/2024\/09\/ABCD_CDC_MAN_201033_1921012RMA000_01R-copia-2.jpg 539w, https:\/\/archivia.org\/wp-content\/uploads\/2024\/09\/ABCD_CDC_MAN_201033_1921012RMA000_01R-copia-2-235x300.jpg 235w\" sizes=\"(max-width: 539px) 100vw, 539px\" title=\"\"><\/a>\n\t\t\t<\/div>\n\t\t\t\t<figcaption class='wp-caption-text gallery-caption' id='gallery-1-2041'>\n\t\t\t\tFuori Fronte Unitario Omosessuale Rivoluzionario Italiano -[1972]\n\t\t\t\t<\/figcaption><\/figure><figure class='gallery-item'>\n\t\t\t<div class='gallery-icon landscape'>\n\t\t\t\t<a data-elementor-open-lightbox=\"yes\" data-elementor-lightbox-slideshow=\"e0109f3\" data-elementor-lightbox-title=\"8_ABCD_CDC_MAN_201126_1921055RMA000_01R-copia\" data-e-action-hash=\"#elementor-action%3Aaction%3Dlightbox%26settings%3DeyJpZCI6MjAyOSwidXJsIjoiaHR0cHM6XC9cL2FyY2hpdmlhLm9yZ1wvd3AtY29udGVudFwvdXBsb2Fkc1wvMjAyNFwvMDlcLzhfQUJDRF9DRENfTUFOXzIwMTEyNl8xOTIxMDU1Uk1BMDAwXzAxUi1jb3BpYS5qcGciLCJzbGlkZXNob3ciOiJlMDEwOWYzIn0%3D\" href='https:\/\/archivia.org\/wp-content\/uploads\/2024\/09\/8_ABCD_CDC_MAN_201126_1921055RMA000_01R-copia.jpg'><img loading=\"lazy\" width=\"539\" height=\"384\" src=\"https:\/\/archivia.org\/wp-content\/uploads\/2024\/09\/8_ABCD_CDC_MAN_201126_1921055RMA000_01R-copia.jpg\" class=\"attachment-medium_large size-medium_large\" alt=\"\" aria-describedby=\"gallery-1-2029\" decoding=\"async\" srcset=\"https:\/\/archivia.org\/wp-content\/uploads\/2024\/09\/8_ABCD_CDC_MAN_201126_1921055RMA000_01R-copia.jpg 539w, https:\/\/archivia.org\/wp-content\/uploads\/2024\/09\/8_ABCD_CDC_MAN_201126_1921055RMA000_01R-copia-300x214.jpg 300w\" sizes=\"(max-width: 539px) 100vw, 539px\" title=\"\"><\/a>\n\t\t\t<\/div>\n\t\t\t\t<figcaption class='wp-caption-text gallery-caption' id='gallery-1-2029'>\n\t\t\t\tSeparatismo&#8230;che passione! -[1984\/1985]\n\t\t\t\t<\/figcaption><\/figure><figure class='gallery-item'>\n\t\t\t<div class='gallery-icon landscape'>\n\t\t\t\t<a data-elementor-open-lightbox=\"yes\" data-elementor-lightbox-slideshow=\"e0109f3\" data-elementor-lightbox-title=\"22_ABCD_CDC_MAN_201126_1921055RMA000_01V-copia\" data-e-action-hash=\"#elementor-action%3Aaction%3Dlightbox%26settings%3DeyJpZCI6Nzg3MiwidXJsIjoiaHR0cHM6XC9cL2FyY2hpdmlhLm9yZ1wvd3AtY29udGVudFwvdXBsb2Fkc1wvMjAyNVwvMTFcLzIyX0FCQ0RfQ0RDX01BTl8yMDExMjZfMTkyMTA1NVJNQTAwMF8wMVYtY29waWEuanBnIiwic2xpZGVzaG93IjoiZTAxMDlmMyJ9\" href='https:\/\/archivia.org\/wp-content\/uploads\/2025\/11\/22_ABCD_CDC_MAN_201126_1921055RMA000_01V-copia.jpg'><img loading=\"lazy\" width=\"539\" height=\"386\" src=\"https:\/\/archivia.org\/wp-content\/uploads\/2025\/11\/22_ABCD_CDC_MAN_201126_1921055RMA000_01V-copia.jpg\" class=\"attachment-medium_large size-medium_large\" alt=\"\" aria-describedby=\"gallery-1-7872\" decoding=\"async\" srcset=\"https:\/\/archivia.org\/wp-content\/uploads\/2025\/11\/22_ABCD_CDC_MAN_201126_1921055RMA000_01V-copia.jpg 539w, https:\/\/archivia.org\/wp-content\/uploads\/2025\/11\/22_ABCD_CDC_MAN_201126_1921055RMA000_01V-copia-300x215.jpg 300w, https:\/\/archivia.org\/wp-content\/uploads\/2025\/11\/22_ABCD_CDC_MAN_201126_1921055RMA000_01V-copia-18x12.jpg 18w\" sizes=\"(max-width: 539px) 100vw, 539px\" title=\"\"><\/a>\n\t\t\t<\/div>\n\t\t\t\t<figcaption class='wp-caption-text gallery-caption' id='gallery-1-7872'>\n\t\t\t\tSeparatismo&#8230;che passione! Itinerario donna &#8211; [1984-1985]\n\t\t\t\t<\/figcaption><\/figure><figure class='gallery-item'>\n\t\t\t<div class='gallery-icon landscape'>\n\t\t\t\t<a data-elementor-open-lightbox=\"yes\" data-elementor-lightbox-slideshow=\"e0109f3\" data-elementor-lightbox-title=\"ABCD_CDC_MAN_201055_1921020RMA000_01R-copia-2-400x283\" data-e-action-hash=\"#elementor-action%3Aaction%3Dlightbox%26settings%3DeyJpZCI6MjA0NCwidXJsIjoiaHR0cHM6XC9cL2FyY2hpdmlhLm9yZ1wvd3AtY29udGVudFwvdXBsb2Fkc1wvMjAyNFwvMDlcL0FCQ0RfQ0RDX01BTl8yMDEwNTVfMTkyMTAyMFJNQTAwMF8wMVItY29waWEtMi00MDB4MjgzLTEuanBnIiwic2xpZGVzaG93IjoiZTAxMDlmMyJ9\" href='https:\/\/archivia.org\/wp-content\/uploads\/2024\/09\/ABCD_CDC_MAN_201055_1921020RMA000_01R-copia-2-400x283-1.jpg'><img loading=\"lazy\" width=\"400\" height=\"283\" src=\"https:\/\/archivia.org\/wp-content\/uploads\/2024\/09\/ABCD_CDC_MAN_201055_1921020RMA000_01R-copia-2-400x283-1.jpg\" class=\"attachment-medium_large size-medium_large\" alt=\"\" aria-describedby=\"gallery-1-2044\" decoding=\"async\" srcset=\"https:\/\/archivia.org\/wp-content\/uploads\/2024\/09\/ABCD_CDC_MAN_201055_1921020RMA000_01R-copia-2-400x283-1.jpg 400w, https:\/\/archivia.org\/wp-content\/uploads\/2024\/09\/ABCD_CDC_MAN_201055_1921020RMA000_01R-copia-2-400x283-1-300x212.jpg 300w\" sizes=\"(max-width: 400px) 100vw, 400px\" title=\"\"><\/a>\n\t\t\t<\/div>\n\t\t\t\t<figcaption class='wp-caption-text gallery-caption' id='gallery-1-2044'>\n\t\t\t\tLasciamo le nostre cucine. Circolo Flora Tristan &#8211; [1973]\n\t\t\t\t<\/figcaption><\/figure><figure class='gallery-item'>\n\t\t\t<div class='gallery-icon landscape'>\n\t\t\t\t<a data-elementor-open-lightbox=\"yes\" data-elementor-lightbox-slideshow=\"e0109f3\" data-elementor-lightbox-title=\"18_ABCD_CDC_MAN_201092_1921039RMA000_01R-copia\" data-e-action-hash=\"#elementor-action%3Aaction%3Dlightbox%26settings%3DeyJpZCI6NzgxNywidXJsIjoiaHR0cHM6XC9cL2FyY2hpdmlhLm9yZ1wvd3AtY29udGVudFwvdXBsb2Fkc1wvMjAyNVwvMTFcLzE4X0FCQ0RfQ0RDX01BTl8yMDEwOTJfMTkyMTAzOVJNQTAwMF8wMVItY29waWEuanBnIiwic2xpZGVzaG93IjoiZTAxMDlmMyJ9\" href='https:\/\/archivia.org\/wp-content\/uploads\/2025\/11\/18_ABCD_CDC_MAN_201092_1921039RMA000_01R-copia.jpg'><img loading=\"lazy\" width=\"539\" height=\"523\" src=\"https:\/\/archivia.org\/wp-content\/uploads\/2025\/11\/18_ABCD_CDC_MAN_201092_1921039RMA000_01R-copia.jpg\" class=\"attachment-medium_large size-medium_large\" alt=\"\" aria-describedby=\"gallery-1-7817\" decoding=\"async\" srcset=\"https:\/\/archivia.org\/wp-content\/uploads\/2025\/11\/18_ABCD_CDC_MAN_201092_1921039RMA000_01R-copia.jpg 539w, https:\/\/archivia.org\/wp-content\/uploads\/2025\/11\/18_ABCD_CDC_MAN_201092_1921039RMA000_01R-copia-300x291.jpg 300w, https:\/\/archivia.org\/wp-content\/uploads\/2025\/11\/18_ABCD_CDC_MAN_201092_1921039RMA000_01R-copia-12x12.jpg 12w\" sizes=\"(max-width: 539px) 100vw, 539px\" title=\"\"><\/a>\n\t\t\t<\/div>\n\t\t\t\t<figcaption class='wp-caption-text gallery-caption' id='gallery-1-7817'>\n\t\t\t\tNous sommes des femmes nous ne votons pas\n\t\t\t\t<\/figcaption><\/figure><figure class='gallery-item'>\n\t\t\t<div class='gallery-icon landscape'>\n\t\t\t\t<a data-elementor-open-lightbox=\"yes\" data-elementor-lightbox-slideshow=\"e0109f3\" data-elementor-lightbox-title=\"11_ABCD_CDC_MAN_201088_1921036RMA000_01R-copia\" data-e-action-hash=\"#elementor-action%3Aaction%3Dlightbox%26settings%3DeyJpZCI6MjAzMiwidXJsIjoiaHR0cHM6XC9cL2FyY2hpdmlhLm9yZ1wvd3AtY29udGVudFwvdXBsb2Fkc1wvMjAyNFwvMDlcLzExX0FCQ0RfQ0RDX01BTl8yMDEwODhfMTkyMTAzNlJNQTAwMF8wMVItY29waWEuanBnIiwic2xpZGVzaG93IjoiZTAxMDlmMyJ9\" href='https:\/\/archivia.org\/wp-content\/uploads\/2024\/09\/11_ABCD_CDC_MAN_201088_1921036RMA000_01R-copia.jpg'><img loading=\"lazy\" width=\"539\" height=\"372\" src=\"https:\/\/archivia.org\/wp-content\/uploads\/2024\/09\/11_ABCD_CDC_MAN_201088_1921036RMA000_01R-copia.jpg\" class=\"attachment-medium_large size-medium_large\" alt=\"\" aria-describedby=\"gallery-1-2032\" decoding=\"async\" srcset=\"https:\/\/archivia.org\/wp-content\/uploads\/2024\/09\/11_ABCD_CDC_MAN_201088_1921036RMA000_01R-copia.jpg 539w, https:\/\/archivia.org\/wp-content\/uploads\/2024\/09\/11_ABCD_CDC_MAN_201088_1921036RMA000_01R-copia-300x207.jpg 300w\" sizes=\"(max-width: 539px) 100vw, 539px\" title=\"\"><\/a>\n\t\t\t<\/div>\n\t\t\t\t<figcaption class='wp-caption-text gallery-caption' id='gallery-1-2032'>\n\t\t\t\tAtt vara tjej&#8230;\n\t\t\t\t<\/figcaption><\/figure><figure class='gallery-item'>\n\t\t\t<div class='gallery-icon landscape'>\n\t\t\t\t<a data-elementor-open-lightbox=\"yes\" data-elementor-lightbox-slideshow=\"e0109f3\" data-elementor-lightbox-title=\"20_ABCD_CDC_MAN_201175_1921078RMA000_01R-copia\" data-e-action-hash=\"#elementor-action%3Aaction%3Dlightbox%26settings%3DeyJpZCI6NzgxOSwidXJsIjoiaHR0cHM6XC9cL2FyY2hpdmlhLm9yZ1wvd3AtY29udGVudFwvdXBsb2Fkc1wvMjAyNVwvMTFcLzIwX0FCQ0RfQ0RDX01BTl8yMDExNzVfMTkyMTA3OFJNQTAwMF8wMVItY29waWEuanBnIiwic2xpZGVzaG93IjoiZTAxMDlmMyJ9\" href='https:\/\/archivia.org\/wp-content\/uploads\/2025\/11\/20_ABCD_CDC_MAN_201175_1921078RMA000_01R-copia.jpg'><img loading=\"lazy\" width=\"539\" height=\"447\" src=\"https:\/\/archivia.org\/wp-content\/uploads\/2025\/11\/20_ABCD_CDC_MAN_201175_1921078RMA000_01R-copia.jpg\" class=\"attachment-medium_large size-medium_large\" alt=\"\" aria-describedby=\"gallery-1-7819\" decoding=\"async\" srcset=\"https:\/\/archivia.org\/wp-content\/uploads\/2025\/11\/20_ABCD_CDC_MAN_201175_1921078RMA000_01R-copia.jpg 539w, https:\/\/archivia.org\/wp-content\/uploads\/2025\/11\/20_ABCD_CDC_MAN_201175_1921078RMA000_01R-copia-300x249.jpg 300w, https:\/\/archivia.org\/wp-content\/uploads\/2025\/11\/20_ABCD_CDC_MAN_201175_1921078RMA000_01R-copia-14x12.jpg 14w\" sizes=\"(max-width: 539px) 100vw, 539px\" title=\"\"><\/a>\n\t\t\t<\/div>\n\t\t\t\t<figcaption class='wp-caption-text gallery-caption' id='gallery-1-7819'>\n\t\t\t\t&#8230;Ancora credo, che la natura umana imparer\u00e0 un giorno l&#8217;amore e la gioia&#8230; -[Post1977]\n\t\t\t\t<\/figcaption><\/figure><figure class='gallery-item'>\n\t\t\t<div class='gallery-icon landscape'>\n\t\t\t\t<a data-elementor-open-lightbox=\"yes\" data-elementor-lightbox-slideshow=\"e0109f3\" data-elementor-lightbox-title=\"36_ABCD_CDC_MAN_201237_1921123RMA000_01R-copia\" data-e-action-hash=\"#elementor-action%3Aaction%3Dlightbox%26settings%3DeyJpZCI6NzgzNCwidXJsIjoiaHR0cHM6XC9cL2FyY2hpdmlhLm9yZ1wvd3AtY29udGVudFwvdXBsb2Fkc1wvMjAyNVwvMTFcLzM2X0FCQ0RfQ0RDX01BTl8yMDEyMzdfMTkyMTEyM1JNQTAwMF8wMVItY29waWEuanBnIiwic2xpZGVzaG93IjoiZTAxMDlmMyJ9\" href='https:\/\/archivia.org\/wp-content\/uploads\/2025\/11\/36_ABCD_CDC_MAN_201237_1921123RMA000_01R-copia.jpg'><img loading=\"lazy\" width=\"539\" height=\"398\" src=\"https:\/\/archivia.org\/wp-content\/uploads\/2025\/11\/36_ABCD_CDC_MAN_201237_1921123RMA000_01R-copia.jpg\" class=\"attachment-medium_large size-medium_large\" alt=\"\" aria-describedby=\"gallery-1-7834\" decoding=\"async\" srcset=\"https:\/\/archivia.org\/wp-content\/uploads\/2025\/11\/36_ABCD_CDC_MAN_201237_1921123RMA000_01R-copia.jpg 539w, https:\/\/archivia.org\/wp-content\/uploads\/2025\/11\/36_ABCD_CDC_MAN_201237_1921123RMA000_01R-copia-300x222.jpg 300w, https:\/\/archivia.org\/wp-content\/uploads\/2025\/11\/36_ABCD_CDC_MAN_201237_1921123RMA000_01R-copia-16x12.jpg 16w\" sizes=\"(max-width: 539px) 100vw, 539px\" title=\"\"><\/a>\n\t\t\t<\/div>\n\t\t\t\t<figcaption class='wp-caption-text gallery-caption' id='gallery-1-7834'>\n\t\t\t\tLe carte femministe. Quotidiano Donna -[1981]\n\t\t\t\t<\/figcaption><\/figure><figure class='gallery-item'>\n\t\t\t<div class='gallery-icon landscape'>\n\t\t\t\t<a data-elementor-open-lightbox=\"yes\" data-elementor-lightbox-slideshow=\"e0109f3\" data-elementor-lightbox-title=\"25_ABCD_CDC_MAN_201166_1921071RMA000_01R-copia\" data-e-action-hash=\"#elementor-action%3Aaction%3Dlightbox%26settings%3DeyJpZCI6NzgyMywidXJsIjoiaHR0cHM6XC9cL2FyY2hpdmlhLm9yZ1wvd3AtY29udGVudFwvdXBsb2Fkc1wvMjAyNVwvMTFcLzI1X0FCQ0RfQ0RDX01BTl8yMDExNjZfMTkyMTA3MVJNQTAwMF8wMVItY29waWEuanBnIiwic2xpZGVzaG93IjoiZTAxMDlmMyJ9\" href='https:\/\/archivia.org\/wp-content\/uploads\/2025\/11\/25_ABCD_CDC_MAN_201166_1921071RMA000_01R-copia.jpg'><img loading=\"lazy\" width=\"539\" height=\"383\" src=\"https:\/\/archivia.org\/wp-content\/uploads\/2025\/11\/25_ABCD_CDC_MAN_201166_1921071RMA000_01R-copia.jpg\" class=\"attachment-medium_large size-medium_large\" alt=\"\" aria-describedby=\"gallery-1-7823\" decoding=\"async\" srcset=\"https:\/\/archivia.org\/wp-content\/uploads\/2025\/11\/25_ABCD_CDC_MAN_201166_1921071RMA000_01R-copia.jpg 539w, https:\/\/archivia.org\/wp-content\/uploads\/2025\/11\/25_ABCD_CDC_MAN_201166_1921071RMA000_01R-copia-300x213.jpg 300w, https:\/\/archivia.org\/wp-content\/uploads\/2025\/11\/25_ABCD_CDC_MAN_201166_1921071RMA000_01R-copia-18x12.jpg 18w\" sizes=\"(max-width: 539px) 100vw, 539px\" title=\"\"><\/a>\n\t\t\t<\/div>\n\t\t\t\t<figcaption class='wp-caption-text gallery-caption' id='gallery-1-7823'>\n\t\t\t\tE dio cre\u00f2 la donna a propria immagine -[1970]\n\t\t\t\t<\/figcaption><\/figure><figure class='gallery-item'>\n\t\t\t<div class='gallery-icon landscape'>\n\t\t\t\t<a data-elementor-open-lightbox=\"yes\" data-elementor-lightbox-slideshow=\"e0109f3\" data-elementor-lightbox-title=\"19_ABCD_CDC_MAN_201104_1921046RMA000_01R-copia\" data-e-action-hash=\"#elementor-action%3Aaction%3Dlightbox%26settings%3DeyJpZCI6Nzg2OSwidXJsIjoiaHR0cHM6XC9cL2FyY2hpdmlhLm9yZ1wvd3AtY29udGVudFwvdXBsb2Fkc1wvMjAyNVwvMTFcLzE5X0FCQ0RfQ0RDX01BTl8yMDExMDRfMTkyMTA0NlJNQTAwMF8wMVItY29waWEuanBnIiwic2xpZGVzaG93IjoiZTAxMDlmMyJ9\" href='https:\/\/archivia.org\/wp-content\/uploads\/2025\/11\/19_ABCD_CDC_MAN_201104_1921046RMA000_01R-copia.jpg'><img loading=\"lazy\" width=\"539\" height=\"136\" src=\"https:\/\/archivia.org\/wp-content\/uploads\/2025\/11\/19_ABCD_CDC_MAN_201104_1921046RMA000_01R-copia.jpg\" class=\"attachment-medium_large size-medium_large\" alt=\"\" aria-describedby=\"gallery-1-7869\" decoding=\"async\" srcset=\"https:\/\/archivia.org\/wp-content\/uploads\/2025\/11\/19_ABCD_CDC_MAN_201104_1921046RMA000_01R-copia.jpg 539w, https:\/\/archivia.org\/wp-content\/uploads\/2025\/11\/19_ABCD_CDC_MAN_201104_1921046RMA000_01R-copia-300x76.jpg 300w, https:\/\/archivia.org\/wp-content\/uploads\/2025\/11\/19_ABCD_CDC_MAN_201104_1921046RMA000_01R-copia-18x5.jpg 18w\" sizes=\"(max-width: 539px) 100vw, 539px\" title=\"\"><\/a>\n\t\t\t<\/div>\n\t\t\t\t<figcaption class='wp-caption-text gallery-caption' id='gallery-1-7869'>\n\t\t\t\tQuesto sfrutta e oltraggia noi donne\n\t\t\t\t<\/figcaption><\/figure><figure class='gallery-item'>\n\t\t\t<div class='gallery-icon landscape'>\n\t\t\t\t<a data-elementor-open-lightbox=\"yes\" data-elementor-lightbox-slideshow=\"e0109f3\" data-elementor-lightbox-title=\"30_ABCD_CDC_MAN_201209_1921107RMA000_01R-copia\" data-e-action-hash=\"#elementor-action%3Aaction%3Dlightbox%26settings%3DeyJpZCI6Nzg1OSwidXJsIjoiaHR0cHM6XC9cL2FyY2hpdmlhLm9yZ1wvd3AtY29udGVudFwvdXBsb2Fkc1wvMjAyNVwvMTFcLzMwX0FCQ0RfQ0RDX01BTl8yMDEyMDlfMTkyMTEwN1JNQTAwMF8wMVItY29waWEtMi5qcGciLCJzbGlkZXNob3ciOiJlMDEwOWYzIn0%3D\" href='https:\/\/archivia.org\/wp-content\/uploads\/2025\/11\/30_ABCD_CDC_MAN_201209_1921107RMA000_01R-copia-2.jpg'><img loading=\"lazy\" width=\"539\" height=\"377\" src=\"https:\/\/archivia.org\/wp-content\/uploads\/2025\/11\/30_ABCD_CDC_MAN_201209_1921107RMA000_01R-copia-2.jpg\" class=\"attachment-medium_large size-medium_large\" alt=\"\" aria-describedby=\"gallery-1-7859\" decoding=\"async\" srcset=\"https:\/\/archivia.org\/wp-content\/uploads\/2025\/11\/30_ABCD_CDC_MAN_201209_1921107RMA000_01R-copia-2.jpg 539w, https:\/\/archivia.org\/wp-content\/uploads\/2025\/11\/30_ABCD_CDC_MAN_201209_1921107RMA000_01R-copia-2-300x210.jpg 300w, https:\/\/archivia.org\/wp-content\/uploads\/2025\/11\/30_ABCD_CDC_MAN_201209_1921107RMA000_01R-copia-2-18x12.jpg 18w\" sizes=\"(max-width: 539px) 100vw, 539px\" title=\"\"><\/a>\n\t\t\t<\/div>\n\t\t\t\t<figcaption class='wp-caption-text gallery-caption' id='gallery-1-7859'>\n\t\t\t\tColore\/suono. 7a Rassegna D&#038;A\/ La donna e l&#8217;arte &#8211; 07-22\/01\/1987\n\t\t\t\t<\/figcaption><\/figure><figure class='gallery-item'>\n\t\t\t<div class='gallery-icon landscape'>\n\t\t\t\t<a data-elementor-open-lightbox=\"yes\" data-elementor-lightbox-slideshow=\"e0109f3\" data-elementor-lightbox-title=\"31_ABCD_CDC_MAN_201195_1921096RMA000_01R-copia\" data-e-action-hash=\"#elementor-action%3Aaction%3Dlightbox%26settings%3DeyJpZCI6Nzg2MCwidXJsIjoiaHR0cHM6XC9cL2FyY2hpdmlhLm9yZ1wvd3AtY29udGVudFwvdXBsb2Fkc1wvMjAyNVwvMTFcLzMxX0FCQ0RfQ0RDX01BTl8yMDExOTVfMTkyMTA5NlJNQTAwMF8wMVItY29waWEtMi5qcGciLCJzbGlkZXNob3ciOiJlMDEwOWYzIn0%3D\" href='https:\/\/archivia.org\/wp-content\/uploads\/2025\/11\/31_ABCD_CDC_MAN_201195_1921096RMA000_01R-copia-2.jpg'><img loading=\"lazy\" width=\"539\" height=\"398\" src=\"https:\/\/archivia.org\/wp-content\/uploads\/2025\/11\/31_ABCD_CDC_MAN_201195_1921096RMA000_01R-copia-2.jpg\" class=\"attachment-medium_large size-medium_large\" alt=\"\" aria-describedby=\"gallery-1-7860\" decoding=\"async\" srcset=\"https:\/\/archivia.org\/wp-content\/uploads\/2025\/11\/31_ABCD_CDC_MAN_201195_1921096RMA000_01R-copia-2.jpg 539w, https:\/\/archivia.org\/wp-content\/uploads\/2025\/11\/31_ABCD_CDC_MAN_201195_1921096RMA000_01R-copia-2-300x222.jpg 300w, https:\/\/archivia.org\/wp-content\/uploads\/2025\/11\/31_ABCD_CDC_MAN_201195_1921096RMA000_01R-copia-2-16x12.jpg 16w\" sizes=\"(max-width: 539px) 100vw, 539px\" title=\"\"><\/a>\n\t\t\t<\/div>\n\t\t\t\t<figcaption class='wp-caption-text gallery-caption' id='gallery-1-7860'>\n\t\t\t\tGiornate di denuncia dei crimini contro le donne &#8211; 13-14\/05\/[1972]\n\t\t\t\t<\/figcaption><\/figure><figure class='gallery-item'>\n\t\t\t<div class='gallery-icon portrait'>\n\t\t\t\t<a data-elementor-open-lightbox=\"yes\" data-elementor-lightbox-slideshow=\"e0109f3\" data-elementor-lightbox-title=\"9_ABCD_CDC_MAN_201116_1921049RMA000_01R-copia\" data-e-action-hash=\"#elementor-action%3Aaction%3Dlightbox%26settings%3DeyJpZCI6MjAzMCwidXJsIjoiaHR0cHM6XC9cL2FyY2hpdmlhLm9yZ1wvd3AtY29udGVudFwvdXBsb2Fkc1wvMjAyNFwvMDlcLzlfQUJDRF9DRENfTUFOXzIwMTExNl8xOTIxMDQ5Uk1BMDAwXzAxUi1jb3BpYS5qcGciLCJzbGlkZXNob3ciOiJlMDEwOWYzIn0%3D\" href='https:\/\/archivia.org\/wp-content\/uploads\/2024\/09\/9_ABCD_CDC_MAN_201116_1921049RMA000_01R-copia.jpg'><img loading=\"lazy\" width=\"539\" height=\"762\" src=\"https:\/\/archivia.org\/wp-content\/uploads\/2024\/09\/9_ABCD_CDC_MAN_201116_1921049RMA000_01R-copia.jpg\" class=\"attachment-medium_large size-medium_large\" alt=\"\" aria-describedby=\"gallery-1-2030\" decoding=\"async\" srcset=\"https:\/\/archivia.org\/wp-content\/uploads\/2024\/09\/9_ABCD_CDC_MAN_201116_1921049RMA000_01R-copia.jpg 539w, https:\/\/archivia.org\/wp-content\/uploads\/2024\/09\/9_ABCD_CDC_MAN_201116_1921049RMA000_01R-copia-212x300.jpg 212w\" sizes=\"(max-width: 539px) 100vw, 539px\" title=\"\"><\/a>\n\t\t\t<\/div>\n\t\t\t\t<figcaption class='wp-caption-text gallery-caption' id='gallery-1-2030'>\n\t\t\t\tFestival cinematrografico femminista &#8211; 26\/11\/1976-05\/12\/1976\n\t\t\t\t<\/figcaption><\/figure><figure class='gallery-item'>\n\t\t\t<div class='gallery-icon portrait'>\n\t\t\t\t<a data-elementor-open-lightbox=\"yes\" data-elementor-lightbox-slideshow=\"e0109f3\" data-elementor-lightbox-title=\"17_ABCD_CDC_MAN_201164_1921070RMA000_01R-copia\" data-e-action-hash=\"#elementor-action%3Aaction%3Dlightbox%26settings%3DeyJpZCI6MjAzOSwidXJsIjoiaHR0cHM6XC9cL2FyY2hpdmlhLm9yZ1wvd3AtY29udGVudFwvdXBsb2Fkc1wvMjAyNFwvMDlcLzE3X0FCQ0RfQ0RDX01BTl8yMDExNjRfMTkyMTA3MFJNQTAwMF8wMVItY29waWEuanBnIiwic2xpZGVzaG93IjoiZTAxMDlmMyJ9\" href='https:\/\/archivia.org\/wp-content\/uploads\/2024\/09\/17_ABCD_CDC_MAN_201164_1921070RMA000_01R-copia.jpg'><img loading=\"lazy\" width=\"539\" height=\"784\" src=\"https:\/\/archivia.org\/wp-content\/uploads\/2024\/09\/17_ABCD_CDC_MAN_201164_1921070RMA000_01R-copia.jpg\" class=\"attachment-medium_large size-medium_large\" alt=\"\" aria-describedby=\"gallery-1-2039\" decoding=\"async\" srcset=\"https:\/\/archivia.org\/wp-content\/uploads\/2024\/09\/17_ABCD_CDC_MAN_201164_1921070RMA000_01R-copia.jpg 539w, https:\/\/archivia.org\/wp-content\/uploads\/2024\/09\/17_ABCD_CDC_MAN_201164_1921070RMA000_01R-copia-206x300.jpg 206w\" sizes=\"(max-width: 539px) 100vw, 539px\" title=\"\"><\/a>\n\t\t\t<\/div>\n\t\t\t\t<figcaption class='wp-caption-text gallery-caption' id='gallery-1-2039'>\n\t\t\t\tDonne siamo pi\u00f9 della met\u00e0 e non contiamo niente &#8211; 08\/03\/[1974]\n\t\t\t\t<\/figcaption><\/figure><figure class='gallery-item'>\n\t\t\t<div class='gallery-icon portrait'>\n\t\t\t\t<a data-elementor-open-lightbox=\"yes\" data-elementor-lightbox-slideshow=\"e0109f3\" data-elementor-lightbox-title=\"10_ABCD_CDC_MAN_201079_1921027RMA000_01R-copia\" data-e-action-hash=\"#elementor-action%3Aaction%3Dlightbox%26settings%3DeyJpZCI6MjAzMSwidXJsIjoiaHR0cHM6XC9cL2FyY2hpdmlhLm9yZ1wvd3AtY29udGVudFwvdXBsb2Fkc1wvMjAyNFwvMDlcLzEwX0FCQ0RfQ0RDX01BTl8yMDEwNzlfMTkyMTAyN1JNQTAwMF8wMVItY29waWEuanBnIiwic2xpZGVzaG93IjoiZTAxMDlmMyJ9\" href='https:\/\/archivia.org\/wp-content\/uploads\/2024\/09\/10_ABCD_CDC_MAN_201079_1921027RMA000_01R-copia.jpg'><img loading=\"lazy\" width=\"539\" height=\"893\" src=\"https:\/\/archivia.org\/wp-content\/uploads\/2024\/09\/10_ABCD_CDC_MAN_201079_1921027RMA000_01R-copia.jpg\" class=\"attachment-medium_large size-medium_large\" alt=\"\" aria-describedby=\"gallery-1-2031\" decoding=\"async\" srcset=\"https:\/\/archivia.org\/wp-content\/uploads\/2024\/09\/10_ABCD_CDC_MAN_201079_1921027RMA000_01R-copia.jpg 539w, https:\/\/archivia.org\/wp-content\/uploads\/2024\/09\/10_ABCD_CDC_MAN_201079_1921027RMA000_01R-copia-181x300.jpg 181w\" sizes=\"(max-width: 539px) 100vw, 539px\" title=\"\"><\/a>\n\t\t\t<\/div>\n\t\t\t\t<figcaption class='wp-caption-text gallery-caption' id='gallery-1-2031'>\n\t\t\t\tLibreria delle donne -[ Post 1977]\n\t\t\t\t<\/figcaption><\/figure><figure class='gallery-item'>\n\t\t\t<div class='gallery-icon portrait'>\n\t\t\t\t<a data-elementor-open-lightbox=\"yes\" data-elementor-lightbox-slideshow=\"e0109f3\" data-elementor-lightbox-title=\"ABCD_CDC_MAN_201032_1921011RMA000_01R-copia-2-400x577\" data-e-action-hash=\"#elementor-action%3Aaction%3Dlightbox%26settings%3DeyJpZCI6MjA0MCwidXJsIjoiaHR0cHM6XC9cL2FyY2hpdmlhLm9yZ1wvd3AtY29udGVudFwvdXBsb2Fkc1wvMjAyNFwvMDlcL0FCQ0RfQ0RDX01BTl8yMDEwMzJfMTkyMTAxMVJNQTAwMF8wMVItY29waWEtMi00MDB4NTc3LTEuanBnIiwic2xpZGVzaG93IjoiZTAxMDlmMyJ9\" href='https:\/\/archivia.org\/wp-content\/uploads\/2024\/09\/ABCD_CDC_MAN_201032_1921011RMA000_01R-copia-2-400x577-1.jpg'><img loading=\"lazy\" width=\"400\" height=\"577\" src=\"https:\/\/archivia.org\/wp-content\/uploads\/2024\/09\/ABCD_CDC_MAN_201032_1921011RMA000_01R-copia-2-400x577-1.jpg\" class=\"attachment-medium_large size-medium_large\" alt=\"\" aria-describedby=\"gallery-1-2040\" decoding=\"async\" srcset=\"https:\/\/archivia.org\/wp-content\/uploads\/2024\/09\/ABCD_CDC_MAN_201032_1921011RMA000_01R-copia-2-400x577-1.jpg 400w, https:\/\/archivia.org\/wp-content\/uploads\/2024\/09\/ABCD_CDC_MAN_201032_1921011RMA000_01R-copia-2-400x577-1-208x300.jpg 208w\" sizes=\"(max-width: 400px) 100vw, 400px\" title=\"\"><\/a>\n\t\t\t<\/div>\n\t\t\t\t<figcaption class='wp-caption-text gallery-caption' id='gallery-1-2040'>\n\t\t\t\tMaddalena libri. La libreria per le donne &#8211; 1976\n\t\t\t\t<\/figcaption><\/figure><figure class='gallery-item'>\n\t\t\t<div class='gallery-icon portrait'>\n\t\t\t\t<a data-elementor-open-lightbox=\"yes\" data-elementor-lightbox-slideshow=\"e0109f3\" data-elementor-lightbox-title=\"12_ABCD_CDC_MAN_201189_1921090RMA000_01R-copia\" data-e-action-hash=\"#elementor-action%3Aaction%3Dlightbox%26settings%3DeyJpZCI6MjAzMywidXJsIjoiaHR0cHM6XC9cL2FyY2hpdmlhLm9yZ1wvd3AtY29udGVudFwvdXBsb2Fkc1wvMjAyNFwvMDlcLzEyX0FCQ0RfQ0RDX01BTl8yMDExODlfMTkyMTA5MFJNQTAwMF8wMVItY29waWEuanBnIiwic2xpZGVzaG93IjoiZTAxMDlmMyJ9\" href='https:\/\/archivia.org\/wp-content\/uploads\/2024\/09\/12_ABCD_CDC_MAN_201189_1921090RMA000_01R-copia.jpg'><img loading=\"lazy\" width=\"539\" height=\"777\" src=\"https:\/\/archivia.org\/wp-content\/uploads\/2024\/09\/12_ABCD_CDC_MAN_201189_1921090RMA000_01R-copia.jpg\" class=\"attachment-medium_large size-medium_large\" alt=\"\" aria-describedby=\"gallery-1-2033\" decoding=\"async\" srcset=\"https:\/\/archivia.org\/wp-content\/uploads\/2024\/09\/12_ABCD_CDC_MAN_201189_1921090RMA000_01R-copia.jpg 539w, https:\/\/archivia.org\/wp-content\/uploads\/2024\/09\/12_ABCD_CDC_MAN_201189_1921090RMA000_01R-copia-208x300.jpg 208w\" sizes=\"(max-width: 539px) 100vw, 539px\" title=\"\"><\/a>\n\t\t\t<\/div>\n\t\t\t\t<figcaption class='wp-caption-text gallery-caption' id='gallery-1-2033'>\n\t\t\t\tBiblioteca circolante delle donne. Centro di documentazione &#8211; [1978]\n\t\t\t\t<\/figcaption><\/figure><figure class='gallery-item'>\n\t\t\t<div class='gallery-icon portrait'>\n\t\t\t\t<a data-elementor-open-lightbox=\"yes\" data-elementor-lightbox-slideshow=\"e0109f3\" data-elementor-lightbox-title=\"13_ABCD_CDC_MAN_201172_1921076RMA000_01R-copia\" data-e-action-hash=\"#elementor-action%3Aaction%3Dlightbox%26settings%3DeyJpZCI6MjAzNCwidXJsIjoiaHR0cHM6XC9cL2FyY2hpdmlhLm9yZ1wvd3AtY29udGVudFwvdXBsb2Fkc1wvMjAyNFwvMDlcLzEzX0FCQ0RfQ0RDX01BTl8yMDExNzJfMTkyMTA3NlJNQTAwMF8wMVItY29waWEuanBnIiwic2xpZGVzaG93IjoiZTAxMDlmMyJ9\" href='https:\/\/archivia.org\/wp-content\/uploads\/2024\/09\/13_ABCD_CDC_MAN_201172_1921076RMA000_01R-copia.jpg'><img loading=\"lazy\" width=\"539\" height=\"792\" src=\"https:\/\/archivia.org\/wp-content\/uploads\/2024\/09\/13_ABCD_CDC_MAN_201172_1921076RMA000_01R-copia.jpg\" class=\"attachment-medium_large size-medium_large\" alt=\"\" aria-describedby=\"gallery-1-2034\" decoding=\"async\" srcset=\"https:\/\/archivia.org\/wp-content\/uploads\/2024\/09\/13_ABCD_CDC_MAN_201172_1921076RMA000_01R-copia.jpg 539w, https:\/\/archivia.org\/wp-content\/uploads\/2024\/09\/13_ABCD_CDC_MAN_201172_1921076RMA000_01R-copia-204x300.jpg 204w\" sizes=\"(max-width: 539px) 100vw, 539px\" title=\"\"><\/a>\n\t\t\t<\/div>\n\t\t\t\t<figcaption class='wp-caption-text gallery-caption' id='gallery-1-2034'>\n\t\t\t\tNon c&#8217;\u00e8 rivoluzione senza liberazione della donna -[1972]\n\t\t\t\t<\/figcaption><\/figure><figure class='gallery-item'>\n\t\t\t<div class='gallery-icon portrait'>\n\t\t\t\t<a data-elementor-open-lightbox=\"yes\" data-elementor-lightbox-slideshow=\"e0109f3\" data-elementor-lightbox-title=\"14_ABCD_CDC_MAN_201168_1921072RMA000_01R-copia\" data-e-action-hash=\"#elementor-action%3Aaction%3Dlightbox%26settings%3DeyJpZCI6MjAzNSwidXJsIjoiaHR0cHM6XC9cL2FyY2hpdmlhLm9yZ1wvd3AtY29udGVudFwvdXBsb2Fkc1wvMjAyNFwvMDlcLzE0X0FCQ0RfQ0RDX01BTl8yMDExNjhfMTkyMTA3MlJNQTAwMF8wMVItY29waWEuanBnIiwic2xpZGVzaG93IjoiZTAxMDlmMyJ9\" href='https:\/\/archivia.org\/wp-content\/uploads\/2024\/09\/14_ABCD_CDC_MAN_201168_1921072RMA000_01R-copia.jpg'><img loading=\"lazy\" width=\"539\" height=\"745\" src=\"https:\/\/archivia.org\/wp-content\/uploads\/2024\/09\/14_ABCD_CDC_MAN_201168_1921072RMA000_01R-copia.jpg\" class=\"attachment-medium_large size-medium_large\" alt=\"\" aria-describedby=\"gallery-1-2035\" decoding=\"async\" srcset=\"https:\/\/archivia.org\/wp-content\/uploads\/2024\/09\/14_ABCD_CDC_MAN_201168_1921072RMA000_01R-copia.jpg 539w, https:\/\/archivia.org\/wp-content\/uploads\/2024\/09\/14_ABCD_CDC_MAN_201168_1921072RMA000_01R-copia-217x300.jpg 217w\" sizes=\"(max-width: 539px) 100vw, 539px\" title=\"\"><\/a>\n\t\t\t<\/div>\n\t\t\t\t<figcaption class='wp-caption-text gallery-caption' id='gallery-1-2035'>\n\t\t\t\tCollettivo casalinghe -[1978]\n\t\t\t\t<\/figcaption><\/figure><figure class='gallery-item'>\n\t\t\t<div class='gallery-icon portrait'>\n\t\t\t\t<a data-elementor-open-lightbox=\"yes\" data-elementor-lightbox-slideshow=\"e0109f3\" data-elementor-lightbox-title=\"15_ABCD_CDC_MAN_201138_1921061RMA000_01R-copia\" data-e-action-hash=\"#elementor-action%3Aaction%3Dlightbox%26settings%3DeyJpZCI6MjAzNiwidXJsIjoiaHR0cHM6XC9cL2FyY2hpdmlhLm9yZ1wvd3AtY29udGVudFwvdXBsb2Fkc1wvMjAyNFwvMDlcLzE1X0FCQ0RfQ0RDX01BTl8yMDExMzhfMTkyMTA2MVJNQTAwMF8wMVItY29waWEuanBnIiwic2xpZGVzaG93IjoiZTAxMDlmMyJ9\" href='https:\/\/archivia.org\/wp-content\/uploads\/2024\/09\/15_ABCD_CDC_MAN_201138_1921061RMA000_01R-copia.jpg'><img loading=\"lazy\" width=\"539\" height=\"777\" src=\"https:\/\/archivia.org\/wp-content\/uploads\/2024\/09\/15_ABCD_CDC_MAN_201138_1921061RMA000_01R-copia.jpg\" class=\"attachment-medium_large size-medium_large\" alt=\"\" aria-describedby=\"gallery-1-2036\" decoding=\"async\" srcset=\"https:\/\/archivia.org\/wp-content\/uploads\/2024\/09\/15_ABCD_CDC_MAN_201138_1921061RMA000_01R-copia.jpg 539w, https:\/\/archivia.org\/wp-content\/uploads\/2024\/09\/15_ABCD_CDC_MAN_201138_1921061RMA000_01R-copia-208x300.jpg 208w\" sizes=\"(max-width: 539px) 100vw, 539px\" title=\"\"><\/a>\n\t\t\t<\/div>\n\t\t\t\t<figcaption class='wp-caption-text gallery-caption' id='gallery-1-2036'>\n\t\t\t\tFesta Noi Donne ai giardini di Castel Sant&#8217;Angelo Unione donne italiane &#8211; 26-29\/06[1980]\n\t\t\t\t<\/figcaption><\/figure><figure class='gallery-item'>\n\t\t\t<div class='gallery-icon portrait'>\n\t\t\t\t<a data-elementor-open-lightbox=\"yes\" data-elementor-lightbox-slideshow=\"e0109f3\" data-elementor-lightbox-title=\"16_ABCD_CDC_MAN_201090_1921022RMA000_01R-copia\" data-e-action-hash=\"#elementor-action%3Aaction%3Dlightbox%26settings%3DeyJpZCI6MjAzNywidXJsIjoiaHR0cHM6XC9cL2FyY2hpdmlhLm9yZ1wvd3AtY29udGVudFwvdXBsb2Fkc1wvMjAyNFwvMDlcLzE2X0FCQ0RfQ0RDX01BTl8yMDEwOTBfMTkyMTAyMlJNQTAwMF8wMVItY29waWEuanBnIiwic2xpZGVzaG93IjoiZTAxMDlmMyJ9\" href='https:\/\/archivia.org\/wp-content\/uploads\/2024\/09\/16_ABCD_CDC_MAN_201090_1921022RMA000_01R-copia.jpg'><img loading=\"lazy\" width=\"539\" height=\"765\" src=\"https:\/\/archivia.org\/wp-content\/uploads\/2024\/09\/16_ABCD_CDC_MAN_201090_1921022RMA000_01R-copia.jpg\" class=\"attachment-medium_large size-medium_large\" alt=\"\" aria-describedby=\"gallery-1-2037\" decoding=\"async\" srcset=\"https:\/\/archivia.org\/wp-content\/uploads\/2024\/09\/16_ABCD_CDC_MAN_201090_1921022RMA000_01R-copia.jpg 539w, https:\/\/archivia.org\/wp-content\/uploads\/2024\/09\/16_ABCD_CDC_MAN_201090_1921022RMA000_01R-copia-211x300.jpg 211w\" sizes=\"(max-width: 539px) 100vw, 539px\" title=\"\"><\/a>\n\t\t\t<\/div>\n\t\t\t\t<figcaption class='wp-caption-text gallery-caption' id='gallery-1-2037'>\n\t\t\t\tSi \u00e8 aperta a Milano, in via Dogana 2, la libreria delle Donne -[1975]\n\t\t\t\t<\/figcaption><\/figure><figure class='gallery-item'>\n\t\t\t<div class='gallery-icon portrait'>\n\t\t\t\t<a data-elementor-open-lightbox=\"yes\" data-elementor-lightbox-slideshow=\"e0109f3\" data-elementor-lightbox-title=\"4_ABCD_CDC_MAN_201086_1921034RMA000_01R-copia\" data-e-action-hash=\"#elementor-action%3Aaction%3Dlightbox%26settings%3DeyJpZCI6MjAyOCwidXJsIjoiaHR0cHM6XC9cL2FyY2hpdmlhLm9yZ1wvd3AtY29udGVudFwvdXBsb2Fkc1wvMjAyNFwvMDlcLzRfQUJDRF9DRENfTUFOXzIwMTA4Nl8xOTIxMDM0Uk1BMDAwXzAxUi1jb3BpYS5qcGciLCJzbGlkZXNob3ciOiJlMDEwOWYzIn0%3D\" href='https:\/\/archivia.org\/wp-content\/uploads\/2024\/09\/4_ABCD_CDC_MAN_201086_1921034RMA000_01R-copia.jpg'><img loading=\"lazy\" width=\"539\" height=\"762\" src=\"https:\/\/archivia.org\/wp-content\/uploads\/2024\/09\/4_ABCD_CDC_MAN_201086_1921034RMA000_01R-copia.jpg\" class=\"attachment-medium_large size-medium_large\" alt=\"\" aria-describedby=\"gallery-1-2028\" decoding=\"async\" srcset=\"https:\/\/archivia.org\/wp-content\/uploads\/2024\/09\/4_ABCD_CDC_MAN_201086_1921034RMA000_01R-copia.jpg 539w, https:\/\/archivia.org\/wp-content\/uploads\/2024\/09\/4_ABCD_CDC_MAN_201086_1921034RMA000_01R-copia-212x300.jpg 212w\" sizes=\"(max-width: 539px) 100vw, 539px\" title=\"\"><\/a>\n\t\t\t<\/div>\n\t\t\t\t<figcaption class='wp-caption-text gallery-caption' id='gallery-1-2028'>\n\t\t\t\tAl principio la donna \u00e8 tutto -[1975]\n\t\t\t\t<\/figcaption><\/figure><figure class='gallery-item'>\n\t\t\t<div class='gallery-icon portrait'>\n\t\t\t\t<a data-elementor-open-lightbox=\"yes\" data-elementor-lightbox-slideshow=\"e0109f3\" data-elementor-lightbox-title=\"19_ABCD_CDC_MAN_201188_1921089RMA000_01R-copia\" data-e-action-hash=\"#elementor-action%3Aaction%3Dlightbox%26settings%3DeyJpZCI6NzgxOCwidXJsIjoiaHR0cHM6XC9cL2FyY2hpdmlhLm9yZ1wvd3AtY29udGVudFwvdXBsb2Fkc1wvMjAyNVwvMTFcLzE5X0FCQ0RfQ0RDX01BTl8yMDExODhfMTkyMTA4OVJNQTAwMF8wMVItY29waWEuanBnIiwic2xpZGVzaG93IjoiZTAxMDlmMyJ9\" href='https:\/\/archivia.org\/wp-content\/uploads\/2025\/11\/19_ABCD_CDC_MAN_201188_1921089RMA000_01R-copia.jpg'><img loading=\"lazy\" width=\"539\" height=\"767\" src=\"https:\/\/archivia.org\/wp-content\/uploads\/2025\/11\/19_ABCD_CDC_MAN_201188_1921089RMA000_01R-copia.jpg\" class=\"attachment-medium_large size-medium_large\" alt=\"\" aria-describedby=\"gallery-1-7818\" decoding=\"async\" srcset=\"https:\/\/archivia.org\/wp-content\/uploads\/2025\/11\/19_ABCD_CDC_MAN_201188_1921089RMA000_01R-copia.jpg 539w, https:\/\/archivia.org\/wp-content\/uploads\/2025\/11\/19_ABCD_CDC_MAN_201188_1921089RMA000_01R-copia-211x300.jpg 211w, https:\/\/archivia.org\/wp-content\/uploads\/2025\/11\/19_ABCD_CDC_MAN_201188_1921089RMA000_01R-copia-8x12.jpg 8w\" sizes=\"(max-width: 539px) 100vw, 539px\" title=\"\"><\/a>\n\t\t\t<\/div>\n\t\t\t\t<figcaption class='wp-caption-text gallery-caption' id='gallery-1-7818'>\n\t\t\t\tDonne artiste (900-1900) 30\/11\/[1979]\n\t\t\t\t<\/figcaption><\/figure><figure class='gallery-item'>\n\t\t\t<div class='gallery-icon portrait'>\n\t\t\t\t<a data-elementor-open-lightbox=\"yes\" data-elementor-lightbox-slideshow=\"e0109f3\" data-elementor-lightbox-title=\"21_ABCD_CDC_MAN_201240_1921126RMA000_01R-copia\" data-e-action-hash=\"#elementor-action%3Aaction%3Dlightbox%26settings%3DeyJpZCI6NzgyMCwidXJsIjoiaHR0cHM6XC9cL2FyY2hpdmlhLm9yZ1wvd3AtY29udGVudFwvdXBsb2Fkc1wvMjAyNVwvMTFcLzIxX0FCQ0RfQ0RDX01BTl8yMDEyNDBfMTkyMTEyNlJNQTAwMF8wMVItY29waWEuanBnIiwic2xpZGVzaG93IjoiZTAxMDlmMyJ9\" href='https:\/\/archivia.org\/wp-content\/uploads\/2025\/11\/21_ABCD_CDC_MAN_201240_1921126RMA000_01R-copia.jpg'><img loading=\"lazy\" width=\"539\" height=\"809\" src=\"https:\/\/archivia.org\/wp-content\/uploads\/2025\/11\/21_ABCD_CDC_MAN_201240_1921126RMA000_01R-copia.jpg\" class=\"attachment-medium_large size-medium_large\" alt=\"\" aria-describedby=\"gallery-1-7820\" decoding=\"async\" srcset=\"https:\/\/archivia.org\/wp-content\/uploads\/2025\/11\/21_ABCD_CDC_MAN_201240_1921126RMA000_01R-copia.jpg 539w, https:\/\/archivia.org\/wp-content\/uploads\/2025\/11\/21_ABCD_CDC_MAN_201240_1921126RMA000_01R-copia-200x300.jpg 200w, https:\/\/archivia.org\/wp-content\/uploads\/2025\/11\/21_ABCD_CDC_MAN_201240_1921126RMA000_01R-copia-8x12.jpg 8w\" sizes=\"(max-width: 539px) 100vw, 539px\" title=\"\"><\/a>\n\t\t\t<\/div>\n\t\t\t\t<figcaption class='wp-caption-text gallery-caption' id='gallery-1-7820'>\n\t\t\t\tL&#8217;altra met\u00e0 della scena III- 30\/08\/1986-08\/09\/1986\n\t\t\t\t<\/figcaption><\/figure><figure class='gallery-item'>\n\t\t\t<div class='gallery-icon portrait'>\n\t\t\t\t<a data-elementor-open-lightbox=\"yes\" data-elementor-lightbox-slideshow=\"e0109f3\" data-elementor-lightbox-title=\"23_ABCD_CDC_MAN_201155_1921065RMA000_01R-copia\" data-e-action-hash=\"#elementor-action%3Aaction%3Dlightbox%26settings%3DeyJpZCI6NzgyMSwidXJsIjoiaHR0cHM6XC9cL2FyY2hpdmlhLm9yZ1wvd3AtY29udGVudFwvdXBsb2Fkc1wvMjAyNVwvMTFcLzIzX0FCQ0RfQ0RDX01BTl8yMDExNTVfMTkyMTA2NVJNQTAwMF8wMVItY29waWEuanBnIiwic2xpZGVzaG93IjoiZTAxMDlmMyJ9\" href='https:\/\/archivia.org\/wp-content\/uploads\/2025\/11\/23_ABCD_CDC_MAN_201155_1921065RMA000_01R-copia.jpg'><img loading=\"lazy\" width=\"539\" height=\"772\" src=\"https:\/\/archivia.org\/wp-content\/uploads\/2025\/11\/23_ABCD_CDC_MAN_201155_1921065RMA000_01R-copia.jpg\" class=\"attachment-medium_large size-medium_large\" alt=\"\" aria-describedby=\"gallery-1-7821\" decoding=\"async\" srcset=\"https:\/\/archivia.org\/wp-content\/uploads\/2025\/11\/23_ABCD_CDC_MAN_201155_1921065RMA000_01R-copia.jpg 539w, https:\/\/archivia.org\/wp-content\/uploads\/2025\/11\/23_ABCD_CDC_MAN_201155_1921065RMA000_01R-copia-209x300.jpg 209w, https:\/\/archivia.org\/wp-content\/uploads\/2025\/11\/23_ABCD_CDC_MAN_201155_1921065RMA000_01R-copia-8x12.jpg 8w\" sizes=\"(max-width: 539px) 100vw, 539px\" title=\"\"><\/a>\n\t\t\t<\/div>\n\t\t\t\t<figcaption class='wp-caption-text gallery-caption' id='gallery-1-7821'>\n\t\t\t\tConvegno di donne lesbiche &#8211; 26-27-28\/12\/[1981]\n\t\t\t\t<\/figcaption><\/figure><figure class='gallery-item'>\n\t\t\t<div class='gallery-icon portrait'>\n\t\t\t\t<a data-elementor-open-lightbox=\"yes\" data-elementor-lightbox-slideshow=\"e0109f3\" data-elementor-lightbox-title=\"24_ABCD_CDC_MAN_201171_1921075RMA000_01R-copia\" data-e-action-hash=\"#elementor-action%3Aaction%3Dlightbox%26settings%3DeyJpZCI6NzgyMiwidXJsIjoiaHR0cHM6XC9cL2FyY2hpdmlhLm9yZ1wvd3AtY29udGVudFwvdXBsb2Fkc1wvMjAyNVwvMTFcLzI0X0FCQ0RfQ0RDX01BTl8yMDExNzFfMTkyMTA3NVJNQTAwMF8wMVItY29waWEuanBnIiwic2xpZGVzaG93IjoiZTAxMDlmMyJ9\" href='https:\/\/archivia.org\/wp-content\/uploads\/2025\/11\/24_ABCD_CDC_MAN_201171_1921075RMA000_01R-copia.jpg'><img loading=\"lazy\" width=\"539\" height=\"783\" src=\"https:\/\/archivia.org\/wp-content\/uploads\/2025\/11\/24_ABCD_CDC_MAN_201171_1921075RMA000_01R-copia.jpg\" class=\"attachment-medium_large size-medium_large\" alt=\"\" aria-describedby=\"gallery-1-7822\" decoding=\"async\" srcset=\"https:\/\/archivia.org\/wp-content\/uploads\/2025\/11\/24_ABCD_CDC_MAN_201171_1921075RMA000_01R-copia.jpg 539w, https:\/\/archivia.org\/wp-content\/uploads\/2025\/11\/24_ABCD_CDC_MAN_201171_1921075RMA000_01R-copia-207x300.jpg 207w, https:\/\/archivia.org\/wp-content\/uploads\/2025\/11\/24_ABCD_CDC_MAN_201171_1921075RMA000_01R-copia-8x12.jpg 8w\" sizes=\"(max-width: 539px) 100vw, 539px\" title=\"\"><\/a>\n\t\t\t<\/div>\n\t\t\t\t<figcaption class='wp-caption-text gallery-caption' id='gallery-1-7822'>\n\t\t\t\tLesbian music in concert &#8211; 1979\n\t\t\t\t<\/figcaption><\/figure><figure class='gallery-item'>\n\t\t\t<div class='gallery-icon portrait'>\n\t\t\t\t<a data-elementor-open-lightbox=\"yes\" data-elementor-lightbox-slideshow=\"e0109f3\" data-elementor-lightbox-title=\"26_ABCD_CDC_MAN_201154_1921064RMA000_01R-copia\" data-e-action-hash=\"#elementor-action%3Aaction%3Dlightbox%26settings%3DeyJpZCI6NzgyNCwidXJsIjoiaHR0cHM6XC9cL2FyY2hpdmlhLm9yZ1wvd3AtY29udGVudFwvdXBsb2Fkc1wvMjAyNVwvMTFcLzI2X0FCQ0RfQ0RDX01BTl8yMDExNTRfMTkyMTA2NFJNQTAwMF8wMVItY29waWEuanBnIiwic2xpZGVzaG93IjoiZTAxMDlmMyJ9\" href='https:\/\/archivia.org\/wp-content\/uploads\/2025\/11\/26_ABCD_CDC_MAN_201154_1921064RMA000_01R-copia.jpg'><img loading=\"lazy\" width=\"539\" height=\"853\" src=\"https:\/\/archivia.org\/wp-content\/uploads\/2025\/11\/26_ABCD_CDC_MAN_201154_1921064RMA000_01R-copia.jpg\" class=\"attachment-medium_large size-medium_large\" alt=\"\" aria-describedby=\"gallery-1-7824\" decoding=\"async\" srcset=\"https:\/\/archivia.org\/wp-content\/uploads\/2025\/11\/26_ABCD_CDC_MAN_201154_1921064RMA000_01R-copia.jpg 539w, https:\/\/archivia.org\/wp-content\/uploads\/2025\/11\/26_ABCD_CDC_MAN_201154_1921064RMA000_01R-copia-190x300.jpg 190w, https:\/\/archivia.org\/wp-content\/uploads\/2025\/11\/26_ABCD_CDC_MAN_201154_1921064RMA000_01R-copia-8x12.jpg 8w\" sizes=\"(max-width: 539px) 100vw, 539px\" title=\"\"><\/a>\n\t\t\t<\/div>\n\t\t\t\t<figcaption class='wp-caption-text gallery-caption' id='gallery-1-7824'>\n\t\t\t\tLudoteca dell&#8217;Erbavoglio Roma via del Governo Vecchio n.39\n\t\t\t\t<\/figcaption><\/figure><figure class='gallery-item'>\n\t\t\t<div class='gallery-icon portrait'>\n\t\t\t\t<a data-elementor-open-lightbox=\"yes\" data-elementor-lightbox-slideshow=\"e0109f3\" data-elementor-lightbox-title=\"27_ABCD_CDC_MAN_201183_1921085RMA000_01R-copia\" data-e-action-hash=\"#elementor-action%3Aaction%3Dlightbox%26settings%3DeyJpZCI6NzgyNSwidXJsIjoiaHR0cHM6XC9cL2FyY2hpdmlhLm9yZ1wvd3AtY29udGVudFwvdXBsb2Fkc1wvMjAyNVwvMTFcLzI3X0FCQ0RfQ0RDX01BTl8yMDExODNfMTkyMTA4NVJNQTAwMF8wMVItY29waWEuanBnIiwic2xpZGVzaG93IjoiZTAxMDlmMyJ9\" href='https:\/\/archivia.org\/wp-content\/uploads\/2025\/11\/27_ABCD_CDC_MAN_201183_1921085RMA000_01R-copia.jpg'><img loading=\"lazy\" width=\"539\" height=\"722\" src=\"https:\/\/archivia.org\/wp-content\/uploads\/2025\/11\/27_ABCD_CDC_MAN_201183_1921085RMA000_01R-copia.jpg\" class=\"attachment-medium_large size-medium_large\" alt=\"\" aria-describedby=\"gallery-1-7825\" decoding=\"async\" srcset=\"https:\/\/archivia.org\/wp-content\/uploads\/2025\/11\/27_ABCD_CDC_MAN_201183_1921085RMA000_01R-copia.jpg 539w, https:\/\/archivia.org\/wp-content\/uploads\/2025\/11\/27_ABCD_CDC_MAN_201183_1921085RMA000_01R-copia-224x300.jpg 224w, https:\/\/archivia.org\/wp-content\/uploads\/2025\/11\/27_ABCD_CDC_MAN_201183_1921085RMA000_01R-copia-9x12.jpg 9w\" sizes=\"(max-width: 539px) 100vw, 539px\" title=\"\"><\/a>\n\t\t\t<\/div>\n\t\t\t\t<figcaption class='wp-caption-text gallery-caption' id='gallery-1-7825'>\n\t\t\t\tEffe Mensile femminista autogestito 8 marzo 1978\n\t\t\t\t<\/figcaption><\/figure><figure class='gallery-item'>\n\t\t\t<div class='gallery-icon portrait'>\n\t\t\t\t<a data-elementor-open-lightbox=\"yes\" data-elementor-lightbox-slideshow=\"e0109f3\" data-elementor-lightbox-title=\"28_ABCD_CDC_MAN_201184_1921086RMA000_01R-copia\" data-e-action-hash=\"#elementor-action%3Aaction%3Dlightbox%26settings%3DeyJpZCI6NzgyNiwidXJsIjoiaHR0cHM6XC9cL2FyY2hpdmlhLm9yZ1wvd3AtY29udGVudFwvdXBsb2Fkc1wvMjAyNVwvMTFcLzI4X0FCQ0RfQ0RDX01BTl8yMDExODRfMTkyMTA4NlJNQTAwMF8wMVItY29waWEuanBnIiwic2xpZGVzaG93IjoiZTAxMDlmMyJ9\" href='https:\/\/archivia.org\/wp-content\/uploads\/2025\/11\/28_ABCD_CDC_MAN_201184_1921086RMA000_01R-copia.jpg'><img loading=\"lazy\" width=\"539\" height=\"781\" src=\"https:\/\/archivia.org\/wp-content\/uploads\/2025\/11\/28_ABCD_CDC_MAN_201184_1921086RMA000_01R-copia.jpg\" class=\"attachment-medium_large size-medium_large\" alt=\"\" aria-describedby=\"gallery-1-7826\" decoding=\"async\" srcset=\"https:\/\/archivia.org\/wp-content\/uploads\/2025\/11\/28_ABCD_CDC_MAN_201184_1921086RMA000_01R-copia.jpg 539w, https:\/\/archivia.org\/wp-content\/uploads\/2025\/11\/28_ABCD_CDC_MAN_201184_1921086RMA000_01R-copia-207x300.jpg 207w, https:\/\/archivia.org\/wp-content\/uploads\/2025\/11\/28_ABCD_CDC_MAN_201184_1921086RMA000_01R-copia-8x12.jpg 8w\" sizes=\"(max-width: 539px) 100vw, 539px\" title=\"\"><\/a>\n\t\t\t<\/div>\n\t\t\t\t<figcaption class='wp-caption-text gallery-caption' id='gallery-1-7826'>\n\t\t\t\tConvegno internazionale sulla violenza contro le donne &#8211; 25-27\/03\/1978\n\t\t\t\t<\/figcaption><\/figure><figure class='gallery-item'>\n\t\t\t<div class='gallery-icon portrait'>\n\t\t\t\t<a data-elementor-open-lightbox=\"yes\" data-elementor-lightbox-slideshow=\"e0109f3\" data-elementor-lightbox-title=\"29_ABCD_CDC_MAN_201194_1921095RMA000_01R-copia\" data-e-action-hash=\"#elementor-action%3Aaction%3Dlightbox%26settings%3DeyJpZCI6NzgyNywidXJsIjoiaHR0cHM6XC9cL2FyY2hpdmlhLm9yZ1wvd3AtY29udGVudFwvdXBsb2Fkc1wvMjAyNVwvMTFcLzI5X0FCQ0RfQ0RDX01BTl8yMDExOTRfMTkyMTA5NVJNQTAwMF8wMVItY29waWEuanBnIiwic2xpZGVzaG93IjoiZTAxMDlmMyJ9\" href='https:\/\/archivia.org\/wp-content\/uploads\/2025\/11\/29_ABCD_CDC_MAN_201194_1921095RMA000_01R-copia.jpg'><img loading=\"lazy\" width=\"539\" height=\"772\" src=\"https:\/\/archivia.org\/wp-content\/uploads\/2025\/11\/29_ABCD_CDC_MAN_201194_1921095RMA000_01R-copia.jpg\" class=\"attachment-medium_large size-medium_large\" alt=\"\" aria-describedby=\"gallery-1-7827\" decoding=\"async\" srcset=\"https:\/\/archivia.org\/wp-content\/uploads\/2025\/11\/29_ABCD_CDC_MAN_201194_1921095RMA000_01R-copia.jpg 539w, https:\/\/archivia.org\/wp-content\/uploads\/2025\/11\/29_ABCD_CDC_MAN_201194_1921095RMA000_01R-copia-209x300.jpg 209w, https:\/\/archivia.org\/wp-content\/uploads\/2025\/11\/29_ABCD_CDC_MAN_201194_1921095RMA000_01R-copia-8x12.jpg 8w\" sizes=\"(max-width: 539px) 100vw, 539px\" title=\"\"><\/a>\n\t\t\t<\/div>\n\t\t\t\t<figcaption class='wp-caption-text gallery-caption' id='gallery-1-7827'>\n\t\t\t\tGiornata Internazionaledi lotta delle donne &#8211; 01\/05\/1975\n\t\t\t\t<\/figcaption><\/figure><figure class='gallery-item'>\n\t\t\t<div class='gallery-icon portrait'>\n\t\t\t\t<a data-elementor-open-lightbox=\"yes\" data-elementor-lightbox-slideshow=\"e0109f3\" data-elementor-lightbox-title=\"32_ABCD_CDC_MAN_201225_1921112RMA000_01R-copia\" data-e-action-hash=\"#elementor-action%3Aaction%3Dlightbox%26settings%3DeyJpZCI6NzgzMCwidXJsIjoiaHR0cHM6XC9cL2FyY2hpdmlhLm9yZ1wvd3AtY29udGVudFwvdXBsb2Fkc1wvMjAyNVwvMTFcLzMyX0FCQ0RfQ0RDX01BTl8yMDEyMjVfMTkyMTExMlJNQTAwMF8wMVItY29waWEuanBnIiwic2xpZGVzaG93IjoiZTAxMDlmMyJ9\" href='https:\/\/archivia.org\/wp-content\/uploads\/2025\/11\/32_ABCD_CDC_MAN_201225_1921112RMA000_01R-copia.jpg'><img loading=\"lazy\" width=\"539\" height=\"772\" src=\"https:\/\/archivia.org\/wp-content\/uploads\/2025\/11\/32_ABCD_CDC_MAN_201225_1921112RMA000_01R-copia.jpg\" class=\"attachment-medium_large size-medium_large\" alt=\"\" aria-describedby=\"gallery-1-7830\" decoding=\"async\" srcset=\"https:\/\/archivia.org\/wp-content\/uploads\/2025\/11\/32_ABCD_CDC_MAN_201225_1921112RMA000_01R-copia.jpg 539w, https:\/\/archivia.org\/wp-content\/uploads\/2025\/11\/32_ABCD_CDC_MAN_201225_1921112RMA000_01R-copia-209x300.jpg 209w, https:\/\/archivia.org\/wp-content\/uploads\/2025\/11\/32_ABCD_CDC_MAN_201225_1921112RMA000_01R-copia-8x12.jpg 8w\" sizes=\"(max-width: 539px) 100vw, 539px\" title=\"\"><\/a>\n\t\t\t<\/div>\n\t\t\t\t<figcaption class='wp-caption-text gallery-caption' id='gallery-1-7830'>\n\t\t\t\tLe donne al centro &#8211; 19-21\/09\/1986\n\t\t\t\t<\/figcaption><\/figure><figure class='gallery-item'>\n\t\t\t<div class='gallery-icon portrait'>\n\t\t\t\t<a data-elementor-open-lightbox=\"yes\" data-elementor-lightbox-slideshow=\"e0109f3\" data-elementor-lightbox-title=\"33_ABCD_CDC_MAN_201238_1921124RMA000_01R-copia\" data-e-action-hash=\"#elementor-action%3Aaction%3Dlightbox%26settings%3DeyJpZCI6NzgzMSwidXJsIjoiaHR0cHM6XC9cL2FyY2hpdmlhLm9yZ1wvd3AtY29udGVudFwvdXBsb2Fkc1wvMjAyNVwvMTFcLzMzX0FCQ0RfQ0RDX01BTl8yMDEyMzhfMTkyMTEyNFJNQTAwMF8wMVItY29waWEuanBnIiwic2xpZGVzaG93IjoiZTAxMDlmMyJ9\" href='https:\/\/archivia.org\/wp-content\/uploads\/2025\/11\/33_ABCD_CDC_MAN_201238_1921124RMA000_01R-copia.jpg'><img loading=\"lazy\" width=\"539\" height=\"766\" src=\"https:\/\/archivia.org\/wp-content\/uploads\/2025\/11\/33_ABCD_CDC_MAN_201238_1921124RMA000_01R-copia.jpg\" class=\"attachment-medium_large size-medium_large\" alt=\"\" aria-describedby=\"gallery-1-7831\" decoding=\"async\" srcset=\"https:\/\/archivia.org\/wp-content\/uploads\/2025\/11\/33_ABCD_CDC_MAN_201238_1921124RMA000_01R-copia.jpg 539w, https:\/\/archivia.org\/wp-content\/uploads\/2025\/11\/33_ABCD_CDC_MAN_201238_1921124RMA000_01R-copia-211x300.jpg 211w, https:\/\/archivia.org\/wp-content\/uploads\/2025\/11\/33_ABCD_CDC_MAN_201238_1921124RMA000_01R-copia-8x12.jpg 8w\" sizes=\"(max-width: 539px) 100vw, 539px\" title=\"\"><\/a>\n\t\t\t<\/div>\n\t\t\t\t<figcaption class='wp-caption-text gallery-caption' id='gallery-1-7831'>\n\t\t\t\tIncontro internazionale di donne lesbiche &#8211; 26-28\/06\/1981\n\t\t\t\t<\/figcaption><\/figure><figure class='gallery-item'>\n\t\t\t<div class='gallery-icon portrait'>\n\t\t\t\t<a data-elementor-open-lightbox=\"yes\" data-elementor-lightbox-slideshow=\"e0109f3\" data-elementor-lightbox-title=\"34_ABCD_CDC_MAN_201252_1921137RMA000_01R-copia\" data-e-action-hash=\"#elementor-action%3Aaction%3Dlightbox%26settings%3DeyJpZCI6NzgzMiwidXJsIjoiaHR0cHM6XC9cL2FyY2hpdmlhLm9yZ1wvd3AtY29udGVudFwvdXBsb2Fkc1wvMjAyNVwvMTFcLzM0X0FCQ0RfQ0RDX01BTl8yMDEyNTJfMTkyMTEzN1JNQTAwMF8wMVItY29waWEuanBnIiwic2xpZGVzaG93IjoiZTAxMDlmMyJ9\" href='https:\/\/archivia.org\/wp-content\/uploads\/2025\/11\/34_ABCD_CDC_MAN_201252_1921137RMA000_01R-copia.jpg'><img loading=\"lazy\" width=\"539\" height=\"674\" src=\"https:\/\/archivia.org\/wp-content\/uploads\/2025\/11\/34_ABCD_CDC_MAN_201252_1921137RMA000_01R-copia.jpg\" class=\"attachment-medium_large size-medium_large\" alt=\"\" aria-describedby=\"gallery-1-7832\" decoding=\"async\" srcset=\"https:\/\/archivia.org\/wp-content\/uploads\/2025\/11\/34_ABCD_CDC_MAN_201252_1921137RMA000_01R-copia.jpg 539w, https:\/\/archivia.org\/wp-content\/uploads\/2025\/11\/34_ABCD_CDC_MAN_201252_1921137RMA000_01R-copia-240x300.jpg 240w, https:\/\/archivia.org\/wp-content\/uploads\/2025\/11\/34_ABCD_CDC_MAN_201252_1921137RMA000_01R-copia-10x12.jpg 10w\" sizes=\"(max-width: 539px) 100vw, 539px\" title=\"\"><\/a>\n\t\t\t<\/div>\n\t\t\t\t<figcaption class='wp-caption-text gallery-caption' id='gallery-1-7832'>\n\t\t\t\tLe femministe italiane esigono di sapere &#8211; [1980]\n\t\t\t\t<\/figcaption><\/figure><figure class='gallery-item'>\n\t\t\t<div class='gallery-icon portrait'>\n\t\t\t\t<a data-elementor-open-lightbox=\"yes\" data-elementor-lightbox-slideshow=\"e0109f3\" data-elementor-lightbox-title=\"35_ABCD_CDC_MAN_201080_1921028RMA000_01R-copia\" data-e-action-hash=\"#elementor-action%3Aaction%3Dlightbox%26settings%3DeyJpZCI6NzgzMywidXJsIjoiaHR0cHM6XC9cL2FyY2hpdmlhLm9yZ1wvd3AtY29udGVudFwvdXBsb2Fkc1wvMjAyNVwvMTFcLzM1X0FCQ0RfQ0RDX01BTl8yMDEwODBfMTkyMTAyOFJNQTAwMF8wMVItY29waWEuanBnIiwic2xpZGVzaG93IjoiZTAxMDlmMyJ9\" href='https:\/\/archivia.org\/wp-content\/uploads\/2025\/11\/35_ABCD_CDC_MAN_201080_1921028RMA000_01R-copia.jpg'><img loading=\"lazy\" width=\"539\" height=\"1114\" src=\"https:\/\/archivia.org\/wp-content\/uploads\/2025\/11\/35_ABCD_CDC_MAN_201080_1921028RMA000_01R-copia.jpg\" class=\"attachment-medium_large size-medium_large\" alt=\"\" aria-describedby=\"gallery-1-7833\" decoding=\"async\" srcset=\"https:\/\/archivia.org\/wp-content\/uploads\/2025\/11\/35_ABCD_CDC_MAN_201080_1921028RMA000_01R-copia.jpg 539w, https:\/\/archivia.org\/wp-content\/uploads\/2025\/11\/35_ABCD_CDC_MAN_201080_1921028RMA000_01R-copia-145x300.jpg 145w, https:\/\/archivia.org\/wp-content\/uploads\/2025\/11\/35_ABCD_CDC_MAN_201080_1921028RMA000_01R-copia-495x1024.jpg 495w, https:\/\/archivia.org\/wp-content\/uploads\/2025\/11\/35_ABCD_CDC_MAN_201080_1921028RMA000_01R-copia-6x12.jpg 6w\" sizes=\"(max-width: 539px) 100vw, 539px\" title=\"\"><\/a>\n\t\t\t<\/div>\n\t\t\t\t<figcaption class='wp-caption-text gallery-caption' id='gallery-1-7833'>\n\t\t\t\tElvira buona a tutto &#8211; [1973]\n\t\t\t\t<\/figcaption><\/figure><figure class='gallery-item'>\n\t\t\t<div class='gallery-icon portrait'>\n\t\t\t\t<a data-elementor-open-lightbox=\"yes\" data-elementor-lightbox-slideshow=\"e0109f3\" data-elementor-lightbox-title=\"13_ABCD_CDC_MAN_201083_1921031RMA000_01R-copia\" data-e-action-hash=\"#elementor-action%3Aaction%3Dlightbox%26settings%3DeyJpZCI6Nzg2MywidXJsIjoiaHR0cHM6XC9cL2FyY2hpdmlhLm9yZ1wvd3AtY29udGVudFwvdXBsb2Fkc1wvMjAyNVwvMTFcLzEzX0FCQ0RfQ0RDX01BTl8yMDEwODNfMTkyMTAzMVJNQTAwMF8wMVItY29waWEuanBnIiwic2xpZGVzaG93IjoiZTAxMDlmMyJ9\" href='https:\/\/archivia.org\/wp-content\/uploads\/2025\/11\/13_ABCD_CDC_MAN_201083_1921031RMA000_01R-copia.jpg'><img loading=\"lazy\" width=\"539\" height=\"1622\" src=\"https:\/\/archivia.org\/wp-content\/uploads\/2025\/11\/13_ABCD_CDC_MAN_201083_1921031RMA000_01R-copia.jpg\" class=\"attachment-medium_large size-medium_large\" alt=\"\" aria-describedby=\"gallery-1-7863\" decoding=\"async\" srcset=\"https:\/\/archivia.org\/wp-content\/uploads\/2025\/11\/13_ABCD_CDC_MAN_201083_1921031RMA000_01R-copia.jpg 539w, https:\/\/archivia.org\/wp-content\/uploads\/2025\/11\/13_ABCD_CDC_MAN_201083_1921031RMA000_01R-copia-100x300.jpg 100w, https:\/\/archivia.org\/wp-content\/uploads\/2025\/11\/13_ABCD_CDC_MAN_201083_1921031RMA000_01R-copia-340x1024.jpg 340w, https:\/\/archivia.org\/wp-content\/uploads\/2025\/11\/13_ABCD_CDC_MAN_201083_1921031RMA000_01R-copia-510x1536.jpg 510w, https:\/\/archivia.org\/wp-content\/uploads\/2025\/11\/13_ABCD_CDC_MAN_201083_1921031RMA000_01R-copia-4x12.jpg 4w\" sizes=\"(max-width: 539px) 100vw, 539px\" title=\"\"><\/a>\n\t\t\t<\/div>\n\t\t\t\t<figcaption class='wp-caption-text gallery-caption' id='gallery-1-7863'>\n\t\t\t\tMaudie e Jane &#8211; 08\/03\/[1995]\n\t\t\t\t<\/figcaption><\/figure><figure class='gallery-item'>\n\t\t\t<div class='gallery-icon portrait'>\n\t\t\t\t<a data-elementor-open-lightbox=\"yes\" data-elementor-lightbox-slideshow=\"e0109f3\" data-elementor-lightbox-title=\"37_ABCD_CDC_MAN_201180_1921083RMA000_01R-copia\" data-e-action-hash=\"#elementor-action%3Aaction%3Dlightbox%26settings%3DeyJpZCI6Nzg4NiwidXJsIjoiaHR0cHM6XC9cL2FyY2hpdmlhLm9yZ1wvd3AtY29udGVudFwvdXBsb2Fkc1wvMjAyNVwvMTFcLzM3X0FCQ0RfQ0RDX01BTl8yMDExODBfMTkyMTA4M1JNQTAwMF8wMVItY29waWEuanBnIiwic2xpZGVzaG93IjoiZTAxMDlmMyJ9\" href='https:\/\/archivia.org\/wp-content\/uploads\/2025\/11\/37_ABCD_CDC_MAN_201180_1921083RMA000_01R-copia.jpg'><img loading=\"lazy\" width=\"539\" height=\"1234\" src=\"https:\/\/archivia.org\/wp-content\/uploads\/2025\/11\/37_ABCD_CDC_MAN_201180_1921083RMA000_01R-copia.jpg\" class=\"attachment-medium_large size-medium_large\" alt=\"\" aria-describedby=\"gallery-1-7886\" decoding=\"async\" srcset=\"https:\/\/archivia.org\/wp-content\/uploads\/2025\/11\/37_ABCD_CDC_MAN_201180_1921083RMA000_01R-copia.jpg 539w, https:\/\/archivia.org\/wp-content\/uploads\/2025\/11\/37_ABCD_CDC_MAN_201180_1921083RMA000_01R-copia-131x300.jpg 131w, https:\/\/archivia.org\/wp-content\/uploads\/2025\/11\/37_ABCD_CDC_MAN_201180_1921083RMA000_01R-copia-447x1024.jpg 447w, https:\/\/archivia.org\/wp-content\/uploads\/2025\/11\/37_ABCD_CDC_MAN_201180_1921083RMA000_01R-copia-5x12.jpg 5w\" sizes=\"(max-width: 539px) 100vw, 539px\" title=\"\"><\/a>\n\t\t\t<\/div>\n\t\t\t\t<figcaption class='wp-caption-text gallery-caption' id='gallery-1-7886'>\n\t\t\t\tCongresso mondiale della donne &#8211; 1969\n\t\t\t\t<\/figcaption><\/figure><figure class='gallery-item'>\n\t\t\t<div class='gallery-icon portrait'>\n\t\t\t\t<a data-elementor-open-lightbox=\"yes\" data-elementor-lightbox-slideshow=\"e0109f3\" data-elementor-lightbox-title=\"17_ABCD_CDC_MAN_201091_1921038RMA000_01R-copia\" data-e-action-hash=\"#elementor-action%3Aaction%3Dlightbox%26settings%3DeyJpZCI6Nzg2NywidXJsIjoiaHR0cHM6XC9cL2FyY2hpdmlhLm9yZ1wvd3AtY29udGVudFwvdXBsb2Fkc1wvMjAyNVwvMTFcLzE3X0FCQ0RfQ0RDX01BTl8yMDEwOTFfMTkyMTAzOFJNQTAwMF8wMVItY29waWEuanBnIiwic2xpZGVzaG93IjoiZTAxMDlmMyJ9\" href='https:\/\/archivia.org\/wp-content\/uploads\/2025\/11\/17_ABCD_CDC_MAN_201091_1921038RMA000_01R-copia.jpg'><img loading=\"lazy\" width=\"539\" height=\"1061\" src=\"https:\/\/archivia.org\/wp-content\/uploads\/2025\/11\/17_ABCD_CDC_MAN_201091_1921038RMA000_01R-copia.jpg\" class=\"attachment-medium_large size-medium_large\" alt=\"\" aria-describedby=\"gallery-1-7867\" decoding=\"async\" srcset=\"https:\/\/archivia.org\/wp-content\/uploads\/2025\/11\/17_ABCD_CDC_MAN_201091_1921038RMA000_01R-copia.jpg 539w, https:\/\/archivia.org\/wp-content\/uploads\/2025\/11\/17_ABCD_CDC_MAN_201091_1921038RMA000_01R-copia-152x300.jpg 152w, https:\/\/archivia.org\/wp-content\/uploads\/2025\/11\/17_ABCD_CDC_MAN_201091_1921038RMA000_01R-copia-520x1024.jpg 520w, https:\/\/archivia.org\/wp-content\/uploads\/2025\/11\/17_ABCD_CDC_MAN_201091_1921038RMA000_01R-copia-6x12.jpg 6w\" sizes=\"(max-width: 539px) 100vw, 539px\" title=\"\"><\/a>\n\t\t\t<\/div>\n\t\t\t\t<figcaption class='wp-caption-text gallery-caption' id='gallery-1-7867'>\n\t\t\t\tE&#8217; in edicola Effe &#8211; [1975]\n\t\t\t\t<\/figcaption><\/figure><figure class='gallery-item'>\n\t\t\t<div class='gallery-icon portrait'>\n\t\t\t\t<a data-elementor-open-lightbox=\"yes\" data-elementor-lightbox-slideshow=\"e0109f3\" data-elementor-lightbox-title=\"24_ABCD_CDC_MAN_201131_1921058RMA000_01R-copia\" data-e-action-hash=\"#elementor-action%3Aaction%3Dlightbox%26settings%3DeyJpZCI6Nzg3NCwidXJsIjoiaHR0cHM6XC9cL2FyY2hpdmlhLm9yZ1wvd3AtY29udGVudFwvdXBsb2Fkc1wvMjAyNVwvMTFcLzI0X0FCQ0RfQ0RDX01BTl8yMDExMzFfMTkyMTA1OFJNQTAwMF8wMVItY29waWEuanBnIiwic2xpZGVzaG93IjoiZTAxMDlmMyJ9\" href='https:\/\/archivia.org\/wp-content\/uploads\/2025\/11\/24_ABCD_CDC_MAN_201131_1921058RMA000_01R-copia.jpg'><img loading=\"lazy\" width=\"539\" height=\"1185\" src=\"https:\/\/archivia.org\/wp-content\/uploads\/2025\/11\/24_ABCD_CDC_MAN_201131_1921058RMA000_01R-copia.jpg\" class=\"attachment-medium_large size-medium_large\" alt=\"\" aria-describedby=\"gallery-1-7874\" decoding=\"async\" srcset=\"https:\/\/archivia.org\/wp-content\/uploads\/2025\/11\/24_ABCD_CDC_MAN_201131_1921058RMA000_01R-copia.jpg 539w, https:\/\/archivia.org\/wp-content\/uploads\/2025\/11\/24_ABCD_CDC_MAN_201131_1921058RMA000_01R-copia-136x300.jpg 136w, https:\/\/archivia.org\/wp-content\/uploads\/2025\/11\/24_ABCD_CDC_MAN_201131_1921058RMA000_01R-copia-466x1024.jpg 466w, https:\/\/archivia.org\/wp-content\/uploads\/2025\/11\/24_ABCD_CDC_MAN_201131_1921058RMA000_01R-copia-5x12.jpg 5w\" sizes=\"(max-width: 539px) 100vw, 539px\" title=\"\"><\/a>\n\t\t\t<\/div>\n\t\t\t\t<figcaption class='wp-caption-text gallery-caption' id='gallery-1-7874'>\n\t\t\t\tDi madre in madre &#8211; 17\/04\/[1978]\n\t\t\t\t<\/figcaption><\/figure><figure class='gallery-item'>\n\t\t\t<div class='gallery-icon portrait'>\n\t\t\t\t<a data-elementor-open-lightbox=\"yes\" data-elementor-lightbox-slideshow=\"e0109f3\" data-elementor-lightbox-title=\"37_ABCD_CDC_MAN_201344_1921170RMA000_01R-copia\" data-e-action-hash=\"#elementor-action%3Aaction%3Dlightbox%26settings%3DeyJpZCI6NzgzNSwidXJsIjoiaHR0cHM6XC9cL2FyY2hpdmlhLm9yZ1wvd3AtY29udGVudFwvdXBsb2Fkc1wvMjAyNVwvMTFcLzM3X0FCQ0RfQ0RDX01BTl8yMDEzNDRfMTkyMTE3MFJNQTAwMF8wMVItY29waWEuanBnIiwic2xpZGVzaG93IjoiZTAxMDlmMyJ9\" href='https:\/\/archivia.org\/wp-content\/uploads\/2025\/11\/37_ABCD_CDC_MAN_201344_1921170RMA000_01R-copia.jpg'><img loading=\"lazy\" width=\"539\" height=\"799\" src=\"https:\/\/archivia.org\/wp-content\/uploads\/2025\/11\/37_ABCD_CDC_MAN_201344_1921170RMA000_01R-copia.jpg\" class=\"attachment-medium_large size-medium_large\" alt=\"\" aria-describedby=\"gallery-1-7835\" decoding=\"async\" srcset=\"https:\/\/archivia.org\/wp-content\/uploads\/2025\/11\/37_ABCD_CDC_MAN_201344_1921170RMA000_01R-copia.jpg 539w, https:\/\/archivia.org\/wp-content\/uploads\/2025\/11\/37_ABCD_CDC_MAN_201344_1921170RMA000_01R-copia-202x300.jpg 202w, https:\/\/archivia.org\/wp-content\/uploads\/2025\/11\/37_ABCD_CDC_MAN_201344_1921170RMA000_01R-copia-8x12.jpg 8w\" sizes=\"(max-width: 539px) 100vw, 539px\" title=\"\"><\/a>\n\t\t\t<\/div>\n\t\t\t\t<figcaption class='wp-caption-text gallery-caption' id='gallery-1-7835'>\n\t\t\t\t50000 firme contro la violenza sessuale- [1979]\n\t\t\t\t<\/figcaption><\/figure><figure class='gallery-item'>\n\t\t\t<div class='gallery-icon portrait'>\n\t\t\t\t<a data-elementor-open-lightbox=\"yes\" data-elementor-lightbox-slideshow=\"e0109f3\" data-elementor-lightbox-title=\"38_ABCD_CDC_MAN_201372_1921179RMA000_01R-copia\" data-e-action-hash=\"#elementor-action%3Aaction%3Dlightbox%26settings%3DeyJpZCI6NzgzNiwidXJsIjoiaHR0cHM6XC9cL2FyY2hpdmlhLm9yZ1wvd3AtY29udGVudFwvdXBsb2Fkc1wvMjAyNVwvMTFcLzM4X0FCQ0RfQ0RDX01BTl8yMDEzNzJfMTkyMTE3OVJNQTAwMF8wMVItY29waWEuanBnIiwic2xpZGVzaG93IjoiZTAxMDlmMyJ9\" href='https:\/\/archivia.org\/wp-content\/uploads\/2025\/11\/38_ABCD_CDC_MAN_201372_1921179RMA000_01R-copia.jpg'><img loading=\"lazy\" width=\"539\" height=\"782\" src=\"https:\/\/archivia.org\/wp-content\/uploads\/2025\/11\/38_ABCD_CDC_MAN_201372_1921179RMA000_01R-copia.jpg\" class=\"attachment-medium_large size-medium_large\" alt=\"\" aria-describedby=\"gallery-1-7836\" decoding=\"async\" srcset=\"https:\/\/archivia.org\/wp-content\/uploads\/2025\/11\/38_ABCD_CDC_MAN_201372_1921179RMA000_01R-copia.jpg 539w, https:\/\/archivia.org\/wp-content\/uploads\/2025\/11\/38_ABCD_CDC_MAN_201372_1921179RMA000_01R-copia-207x300.jpg 207w, https:\/\/archivia.org\/wp-content\/uploads\/2025\/11\/38_ABCD_CDC_MAN_201372_1921179RMA000_01R-copia-8x12.jpg 8w\" sizes=\"(max-width: 539px) 100vw, 539px\" title=\"\"><\/a>\n\t\t\t<\/div>\n\t\t\t\t<figcaption class='wp-caption-text gallery-caption' id='gallery-1-7836'>\n\t\t\t\tLibreria delle donne- 25\/11\/1995\n\t\t\t\t<\/figcaption><\/figure><figure class='gallery-item'>\n\t\t\t<div class='gallery-icon portrait'>\n\t\t\t\t<a data-elementor-open-lightbox=\"yes\" data-elementor-lightbox-slideshow=\"e0109f3\" data-elementor-lightbox-title=\"39_ABCD_CDC_MAN_201481_1921215RMA000_01R-copia\" data-e-action-hash=\"#elementor-action%3Aaction%3Dlightbox%26settings%3DeyJpZCI6NzgzNywidXJsIjoiaHR0cHM6XC9cL2FyY2hpdmlhLm9yZ1wvd3AtY29udGVudFwvdXBsb2Fkc1wvMjAyNVwvMTFcLzM5X0FCQ0RfQ0RDX01BTl8yMDE0ODFfMTkyMTIxNVJNQTAwMF8wMVItY29waWEuanBnIiwic2xpZGVzaG93IjoiZTAxMDlmMyJ9\" href='https:\/\/archivia.org\/wp-content\/uploads\/2025\/11\/39_ABCD_CDC_MAN_201481_1921215RMA000_01R-copia.jpg'><img loading=\"lazy\" width=\"539\" height=\"771\" src=\"https:\/\/archivia.org\/wp-content\/uploads\/2025\/11\/39_ABCD_CDC_MAN_201481_1921215RMA000_01R-copia.jpg\" class=\"attachment-medium_large size-medium_large\" alt=\"\" aria-describedby=\"gallery-1-7837\" decoding=\"async\" srcset=\"https:\/\/archivia.org\/wp-content\/uploads\/2025\/11\/39_ABCD_CDC_MAN_201481_1921215RMA000_01R-copia.jpg 539w, https:\/\/archivia.org\/wp-content\/uploads\/2025\/11\/39_ABCD_CDC_MAN_201481_1921215RMA000_01R-copia-210x300.jpg 210w, https:\/\/archivia.org\/wp-content\/uploads\/2025\/11\/39_ABCD_CDC_MAN_201481_1921215RMA000_01R-copia-8x12.jpg 8w\" sizes=\"(max-width: 539px) 100vw, 539px\" title=\"\"><\/a>\n\t\t\t<\/div>\n\t\t\t\t<figcaption class='wp-caption-text gallery-caption' id='gallery-1-7837'>\n\t\t\t\tV Rassegna cinema femminista organizzata dalle Nemesiache &#8211; 12-17\/10\/1980\n\t\t\t\t<\/figcaption><\/figure><figure class='gallery-item'>\n\t\t\t<div class='gallery-icon portrait'>\n\t\t\t\t<a data-elementor-open-lightbox=\"yes\" data-elementor-lightbox-slideshow=\"e0109f3\" data-elementor-lightbox-title=\"40_ABCD_CDC_MAN_201027_1920614RMA000_01R-copia\" data-e-action-hash=\"#elementor-action%3Aaction%3Dlightbox%26settings%3DeyJpZCI6NzgzOCwidXJsIjoiaHR0cHM6XC9cL2FyY2hpdmlhLm9yZ1wvd3AtY29udGVudFwvdXBsb2Fkc1wvMjAyNVwvMTFcLzQwX0FCQ0RfQ0RDX01BTl8yMDEwMjdfMTkyMDYxNFJNQTAwMF8wMVItY29waWEuanBnIiwic2xpZGVzaG93IjoiZTAxMDlmMyJ9\" href='https:\/\/archivia.org\/wp-content\/uploads\/2025\/11\/40_ABCD_CDC_MAN_201027_1920614RMA000_01R-copia.jpg'><img loading=\"lazy\" width=\"539\" height=\"760\" src=\"https:\/\/archivia.org\/wp-content\/uploads\/2025\/11\/40_ABCD_CDC_MAN_201027_1920614RMA000_01R-copia.jpg\" class=\"attachment-medium_large size-medium_large\" alt=\"\" aria-describedby=\"gallery-1-7838\" decoding=\"async\" srcset=\"https:\/\/archivia.org\/wp-content\/uploads\/2025\/11\/40_ABCD_CDC_MAN_201027_1920614RMA000_01R-copia.jpg 539w, https:\/\/archivia.org\/wp-content\/uploads\/2025\/11\/40_ABCD_CDC_MAN_201027_1920614RMA000_01R-copia-213x300.jpg 213w, https:\/\/archivia.org\/wp-content\/uploads\/2025\/11\/40_ABCD_CDC_MAN_201027_1920614RMA000_01R-copia-9x12.jpg 9w\" sizes=\"(max-width: 539px) 100vw, 539px\" title=\"\"><\/a>\n\t\t\t<\/div>\n\t\t\t\t<figcaption class='wp-caption-text gallery-caption' id='gallery-1-7838'>\n\t\t\t\tFuori &#8211; [Post 1971]\n\t\t\t\t<\/figcaption><\/figure><figure class='gallery-item'>\n\t\t\t<div class='gallery-icon portrait'>\n\t\t\t\t<a data-elementor-open-lightbox=\"yes\" data-elementor-lightbox-slideshow=\"e0109f3\" data-elementor-lightbox-title=\"41_ABCD_CDC_MAN_201031_1921010RMA000_01R-copia\" data-e-action-hash=\"#elementor-action%3Aaction%3Dlightbox%26settings%3DeyJpZCI6NzgzOSwidXJsIjoiaHR0cHM6XC9cL2FyY2hpdmlhLm9yZ1wvd3AtY29udGVudFwvdXBsb2Fkc1wvMjAyNVwvMTFcLzQxX0FCQ0RfQ0RDX01BTl8yMDEwMzFfMTkyMTAxMFJNQTAwMF8wMVItY29waWEuanBnIiwic2xpZGVzaG93IjoiZTAxMDlmMyJ9\" href='https:\/\/archivia.org\/wp-content\/uploads\/2025\/11\/41_ABCD_CDC_MAN_201031_1921010RMA000_01R-copia.jpg'><img loading=\"lazy\" width=\"539\" height=\"763\" src=\"https:\/\/archivia.org\/wp-content\/uploads\/2025\/11\/41_ABCD_CDC_MAN_201031_1921010RMA000_01R-copia.jpg\" class=\"attachment-medium_large size-medium_large\" alt=\"\" aria-describedby=\"gallery-1-7839\" decoding=\"async\" srcset=\"https:\/\/archivia.org\/wp-content\/uploads\/2025\/11\/41_ABCD_CDC_MAN_201031_1921010RMA000_01R-copia.jpg 539w, https:\/\/archivia.org\/wp-content\/uploads\/2025\/11\/41_ABCD_CDC_MAN_201031_1921010RMA000_01R-copia-212x300.jpg 212w, https:\/\/archivia.org\/wp-content\/uploads\/2025\/11\/41_ABCD_CDC_MAN_201031_1921010RMA000_01R-copia-8x12.jpg 8w\" sizes=\"(max-width: 539px) 100vw, 539px\" title=\"\"><\/a>\n\t\t\t<\/div>\n\t\t\t\t<figcaption class='wp-caption-text gallery-caption' id='gallery-1-7839'>\n\t\t\t\tYuki Marini. Ipotesi vocale &#8211; [21\/12\/1980]\n\t\t\t\t<\/figcaption><\/figure><figure class='gallery-item'>\n\t\t\t<div class='gallery-icon portrait'>\n\t\t\t\t<a data-elementor-open-lightbox=\"yes\" data-elementor-lightbox-slideshow=\"e0109f3\" data-elementor-lightbox-title=\"42_ABCD_CDC_MAN_201034_1921013RMA000_01R-copia\" data-e-action-hash=\"#elementor-action%3Aaction%3Dlightbox%26settings%3DeyJpZCI6Nzg0MCwidXJsIjoiaHR0cHM6XC9cL2FyY2hpdmlhLm9yZ1wvd3AtY29udGVudFwvdXBsb2Fkc1wvMjAyNVwvMTFcLzQyX0FCQ0RfQ0RDX01BTl8yMDEwMzRfMTkyMTAxM1JNQTAwMF8wMVItY29waWEuanBnIiwic2xpZGVzaG93IjoiZTAxMDlmMyJ9\" href='https:\/\/archivia.org\/wp-content\/uploads\/2025\/11\/42_ABCD_CDC_MAN_201034_1921013RMA000_01R-copia.jpg'><img loading=\"lazy\" width=\"539\" height=\"773\" src=\"https:\/\/archivia.org\/wp-content\/uploads\/2025\/11\/42_ABCD_CDC_MAN_201034_1921013RMA000_01R-copia.jpg\" class=\"attachment-medium_large size-medium_large\" alt=\"\" aria-describedby=\"gallery-1-7840\" decoding=\"async\" srcset=\"https:\/\/archivia.org\/wp-content\/uploads\/2025\/11\/42_ABCD_CDC_MAN_201034_1921013RMA000_01R-copia.jpg 539w, https:\/\/archivia.org\/wp-content\/uploads\/2025\/11\/42_ABCD_CDC_MAN_201034_1921013RMA000_01R-copia-209x300.jpg 209w, https:\/\/archivia.org\/wp-content\/uploads\/2025\/11\/42_ABCD_CDC_MAN_201034_1921013RMA000_01R-copia-8x12.jpg 8w\" sizes=\"(max-width: 539px) 100vw, 539px\" title=\"\"><\/a>\n\t\t\t<\/div>\n\t\t\t\t<figcaption class='wp-caption-text gallery-caption' id='gallery-1-7840'>\n\t\t\t\tAngela Davis VRIJ! &#8211; [anni &#8217;70]\n\t\t\t\t<\/figcaption><\/figure><figure class='gallery-item'>\n\t\t\t<div class='gallery-icon portrait'>\n\t\t\t\t<a data-elementor-open-lightbox=\"yes\" data-elementor-lightbox-slideshow=\"e0109f3\" data-elementor-lightbox-title=\"ABCD_CDC_MAN_201075_1921024RMA000_01R-copia\" data-e-action-hash=\"#elementor-action%3Aaction%3Dlightbox%26settings%3DeyJpZCI6Nzg0MSwidXJsIjoiaHR0cHM6XC9cL2FyY2hpdmlhLm9yZ1wvd3AtY29udGVudFwvdXBsb2Fkc1wvMjAyNVwvMTFcL0FCQ0RfQ0RDX01BTl8yMDEwNzVfMTkyMTAyNFJNQTAwMF8wMVItY29waWEuanBnIiwic2xpZGVzaG93IjoiZTAxMDlmMyJ9\" href='https:\/\/archivia.org\/wp-content\/uploads\/2025\/11\/ABCD_CDC_MAN_201075_1921024RMA000_01R-copia.jpg'><img loading=\"lazy\" width=\"539\" height=\"753\" src=\"https:\/\/archivia.org\/wp-content\/uploads\/2025\/11\/ABCD_CDC_MAN_201075_1921024RMA000_01R-copia.jpg\" class=\"attachment-medium_large size-medium_large\" alt=\"\" aria-describedby=\"gallery-1-7841\" decoding=\"async\" srcset=\"https:\/\/archivia.org\/wp-content\/uploads\/2025\/11\/ABCD_CDC_MAN_201075_1921024RMA000_01R-copia.jpg 539w, https:\/\/archivia.org\/wp-content\/uploads\/2025\/11\/ABCD_CDC_MAN_201075_1921024RMA000_01R-copia-215x300.jpg 215w, https:\/\/archivia.org\/wp-content\/uploads\/2025\/11\/ABCD_CDC_MAN_201075_1921024RMA000_01R-copia-9x12.jpg 9w\" sizes=\"(max-width: 539px) 100vw, 539px\" title=\"\"><\/a>\n\t\t\t<\/div>\n\t\t\t\t<figcaption class='wp-caption-text gallery-caption' id='gallery-1-7841'>\n\t\t\t\tLilith &#8211; La commedia di parte\n\t\t\t\t<\/figcaption><\/figure><figure class='gallery-item'>\n\t\t\t<div class='gallery-icon portrait'>\n\t\t\t\t<a data-elementor-open-lightbox=\"yes\" data-elementor-lightbox-slideshow=\"e0109f3\" data-elementor-lightbox-title=\"ABCD_CDC_MAN_201186_1921088RMA000_01R-copia\" data-e-action-hash=\"#elementor-action%3Aaction%3Dlightbox%26settings%3DeyJpZCI6Nzg0MiwidXJsIjoiaHR0cHM6XC9cL2FyY2hpdmlhLm9yZ1wvd3AtY29udGVudFwvdXBsb2Fkc1wvMjAyNVwvMTFcL0FCQ0RfQ0RDX01BTl8yMDExODZfMTkyMTA4OFJNQTAwMF8wMVItY29waWEuanBnIiwic2xpZGVzaG93IjoiZTAxMDlmMyJ9\" href='https:\/\/archivia.org\/wp-content\/uploads\/2025\/11\/ABCD_CDC_MAN_201186_1921088RMA000_01R-copia.jpg'><img loading=\"lazy\" width=\"539\" height=\"798\" src=\"https:\/\/archivia.org\/wp-content\/uploads\/2025\/11\/ABCD_CDC_MAN_201186_1921088RMA000_01R-copia.jpg\" class=\"attachment-medium_large size-medium_large\" alt=\"\" aria-describedby=\"gallery-1-7842\" decoding=\"async\" srcset=\"https:\/\/archivia.org\/wp-content\/uploads\/2025\/11\/ABCD_CDC_MAN_201186_1921088RMA000_01R-copia.jpg 539w, https:\/\/archivia.org\/wp-content\/uploads\/2025\/11\/ABCD_CDC_MAN_201186_1921088RMA000_01R-copia-203x300.jpg 203w, https:\/\/archivia.org\/wp-content\/uploads\/2025\/11\/ABCD_CDC_MAN_201186_1921088RMA000_01R-copia-8x12.jpg 8w\" sizes=\"(max-width: 539px) 100vw, 539px\" title=\"\"><\/a>\n\t\t\t<\/div>\n\t\t\t\t<figcaption class='wp-caption-text gallery-caption' id='gallery-1-7842'>\n\t\t\t\tDonne, incontriamoci tutte per manifestare &#8211; 27\/04\/[1974]\n\t\t\t\t<\/figcaption><\/figure><figure class='gallery-item'>\n\t\t\t<div class='gallery-icon portrait'>\n\t\t\t\t<a data-elementor-open-lightbox=\"yes\" data-elementor-lightbox-slideshow=\"e0109f3\" data-elementor-lightbox-title=\"11_ABCD_CDC_MAN_201081_1921029RMA000_01R-copia\" data-e-action-hash=\"#elementor-action%3Aaction%3Dlightbox%26settings%3DeyJpZCI6Nzg2MSwidXJsIjoiaHR0cHM6XC9cL2FyY2hpdmlhLm9yZ1wvd3AtY29udGVudFwvdXBsb2Fkc1wvMjAyNVwvMTFcLzExX0FCQ0RfQ0RDX01BTl8yMDEwODFfMTkyMTAyOVJNQTAwMF8wMVItY29waWEuanBnIiwic2xpZGVzaG93IjoiZTAxMDlmMyJ9\" href='https:\/\/archivia.org\/wp-content\/uploads\/2025\/11\/11_ABCD_CDC_MAN_201081_1921029RMA000_01R-copia.jpg'><img loading=\"lazy\" width=\"539\" height=\"736\" src=\"https:\/\/archivia.org\/wp-content\/uploads\/2025\/11\/11_ABCD_CDC_MAN_201081_1921029RMA000_01R-copia.jpg\" class=\"attachment-medium_large size-medium_large\" alt=\"\" aria-describedby=\"gallery-1-7861\" decoding=\"async\" srcset=\"https:\/\/archivia.org\/wp-content\/uploads\/2025\/11\/11_ABCD_CDC_MAN_201081_1921029RMA000_01R-copia.jpg 539w, https:\/\/archivia.org\/wp-content\/uploads\/2025\/11\/11_ABCD_CDC_MAN_201081_1921029RMA000_01R-copia-220x300.jpg 220w, https:\/\/archivia.org\/wp-content\/uploads\/2025\/11\/11_ABCD_CDC_MAN_201081_1921029RMA000_01R-copia-9x12.jpg 9w\" sizes=\"(max-width: 539px) 100vw, 539px\" title=\"\"><\/a>\n\t\t\t<\/div>\n\t\t\t\t<figcaption class='wp-caption-text gallery-caption' id='gallery-1-7861'>\n\t\t\t\tQual \u00e8 il costo che la scuola cos\u00ec com&#8217;\u00e8 importante a noi donne? &#8211; [1973]\n\t\t\t\t<\/figcaption><\/figure><figure class='gallery-item'>\n\t\t\t<div class='gallery-icon portrait'>\n\t\t\t\t<a data-elementor-open-lightbox=\"yes\" data-elementor-lightbox-slideshow=\"e0109f3\" data-elementor-lightbox-title=\"12_ABCD_CDC_MAN_201082_1921030RMA000_01R-copia\" data-e-action-hash=\"#elementor-action%3Aaction%3Dlightbox%26settings%3DeyJpZCI6Nzg2MiwidXJsIjoiaHR0cHM6XC9cL2FyY2hpdmlhLm9yZ1wvd3AtY29udGVudFwvdXBsb2Fkc1wvMjAyNVwvMTFcLzEyX0FCQ0RfQ0RDX01BTl8yMDEwODJfMTkyMTAzMFJNQTAwMF8wMVItY29waWEuanBnIiwic2xpZGVzaG93IjoiZTAxMDlmMyJ9\" href='https:\/\/archivia.org\/wp-content\/uploads\/2025\/11\/12_ABCD_CDC_MAN_201082_1921030RMA000_01R-copia.jpg'><img loading=\"lazy\" width=\"539\" height=\"1060\" src=\"https:\/\/archivia.org\/wp-content\/uploads\/2025\/11\/12_ABCD_CDC_MAN_201082_1921030RMA000_01R-copia.jpg\" class=\"attachment-medium_large size-medium_large\" alt=\"\" aria-describedby=\"gallery-1-7862\" decoding=\"async\" srcset=\"https:\/\/archivia.org\/wp-content\/uploads\/2025\/11\/12_ABCD_CDC_MAN_201082_1921030RMA000_01R-copia.jpg 539w, https:\/\/archivia.org\/wp-content\/uploads\/2025\/11\/12_ABCD_CDC_MAN_201082_1921030RMA000_01R-copia-153x300.jpg 153w, https:\/\/archivia.org\/wp-content\/uploads\/2025\/11\/12_ABCD_CDC_MAN_201082_1921030RMA000_01R-copia-521x1024.jpg 521w, https:\/\/archivia.org\/wp-content\/uploads\/2025\/11\/12_ABCD_CDC_MAN_201082_1921030RMA000_01R-copia-6x12.jpg 6w\" sizes=\"(max-width: 539px) 100vw, 539px\" title=\"\"><\/a>\n\t\t\t<\/div>\n\t\t\t\t<figcaption class='wp-caption-text gallery-caption' id='gallery-1-7862'>\n\t\t\t\tL&#8217;altra met\u00e0 della scena IV 25-27\/08\/[1987]\n\t\t\t\t<\/figcaption><\/figure><figure class='gallery-item'>\n\t\t\t<div class='gallery-icon portrait'>\n\t\t\t\t<a data-elementor-open-lightbox=\"yes\" data-elementor-lightbox-slideshow=\"e0109f3\" data-elementor-lightbox-title=\"14_ABCD_CDC_MAN_201084_1921032RMA000_01R-copia\" data-e-action-hash=\"#elementor-action%3Aaction%3Dlightbox%26settings%3DeyJpZCI6Nzg2NCwidXJsIjoiaHR0cHM6XC9cL2FyY2hpdmlhLm9yZ1wvd3AtY29udGVudFwvdXBsb2Fkc1wvMjAyNVwvMTFcLzE0X0FCQ0RfQ0RDX01BTl8yMDEwODRfMTkyMTAzMlJNQTAwMF8wMVItY29waWEuanBnIiwic2xpZGVzaG93IjoiZTAxMDlmMyJ9\" href='https:\/\/archivia.org\/wp-content\/uploads\/2025\/11\/14_ABCD_CDC_MAN_201084_1921032RMA000_01R-copia.jpg'><img loading=\"lazy\" width=\"539\" height=\"790\" src=\"https:\/\/archivia.org\/wp-content\/uploads\/2025\/11\/14_ABCD_CDC_MAN_201084_1921032RMA000_01R-copia.jpg\" class=\"attachment-medium_large size-medium_large\" alt=\"\" aria-describedby=\"gallery-1-7864\" decoding=\"async\" srcset=\"https:\/\/archivia.org\/wp-content\/uploads\/2025\/11\/14_ABCD_CDC_MAN_201084_1921032RMA000_01R-copia.jpg 539w, https:\/\/archivia.org\/wp-content\/uploads\/2025\/11\/14_ABCD_CDC_MAN_201084_1921032RMA000_01R-copia-205x300.jpg 205w, https:\/\/archivia.org\/wp-content\/uploads\/2025\/11\/14_ABCD_CDC_MAN_201084_1921032RMA000_01R-copia-8x12.jpg 8w\" sizes=\"(max-width: 539px) 100vw, 539px\" title=\"\"><\/a>\n\t\t\t<\/div>\n\t\t\t\t<figcaption class='wp-caption-text gallery-caption' id='gallery-1-7864'>\n\t\t\t\tPatrimonio Palestinese\n\t\t\t\t<\/figcaption><\/figure><figure class='gallery-item'>\n\t\t\t<div class='gallery-icon portrait'>\n\t\t\t\t<a data-elementor-open-lightbox=\"yes\" data-elementor-lightbox-slideshow=\"e0109f3\" data-elementor-lightbox-title=\"15_ABCD_CDC_MAN_201085_1921033RMA000_01R-copia\" data-e-action-hash=\"#elementor-action%3Aaction%3Dlightbox%26settings%3DeyJpZCI6Nzg2NSwidXJsIjoiaHR0cHM6XC9cL2FyY2hpdmlhLm9yZ1wvd3AtY29udGVudFwvdXBsb2Fkc1wvMjAyNVwvMTFcLzE1X0FCQ0RfQ0RDX01BTl8yMDEwODVfMTkyMTAzM1JNQTAwMF8wMVItY29waWEuanBnIiwic2xpZGVzaG93IjoiZTAxMDlmMyJ9\" href='https:\/\/archivia.org\/wp-content\/uploads\/2025\/11\/15_ABCD_CDC_MAN_201085_1921033RMA000_01R-copia.jpg'><img loading=\"lazy\" width=\"539\" height=\"768\" src=\"https:\/\/archivia.org\/wp-content\/uploads\/2025\/11\/15_ABCD_CDC_MAN_201085_1921033RMA000_01R-copia.jpg\" class=\"attachment-medium_large size-medium_large\" alt=\"\" aria-describedby=\"gallery-1-7865\" decoding=\"async\" srcset=\"https:\/\/archivia.org\/wp-content\/uploads\/2025\/11\/15_ABCD_CDC_MAN_201085_1921033RMA000_01R-copia.jpg 539w, https:\/\/archivia.org\/wp-content\/uploads\/2025\/11\/15_ABCD_CDC_MAN_201085_1921033RMA000_01R-copia-211x300.jpg 211w, https:\/\/archivia.org\/wp-content\/uploads\/2025\/11\/15_ABCD_CDC_MAN_201085_1921033RMA000_01R-copia-8x12.jpg 8w\" sizes=\"(max-width: 539px) 100vw, 539px\" title=\"\"><\/a>\n\t\t\t<\/div>\n\t\t\t\t<figcaption class='wp-caption-text gallery-caption' id='gallery-1-7865'>\n\t\t\t\tContro un&#8217;educazione sessista -[1984]\n\t\t\t\t<\/figcaption><\/figure><figure class='gallery-item'>\n\t\t\t<div class='gallery-icon portrait'>\n\t\t\t\t<a data-elementor-open-lightbox=\"yes\" data-elementor-lightbox-slideshow=\"e0109f3\" data-elementor-lightbox-title=\"16_ABCD_CDC_MAN_201087_1921035RMA000_01R-copia\" data-e-action-hash=\"#elementor-action%3Aaction%3Dlightbox%26settings%3DeyJpZCI6Nzg2NiwidXJsIjoiaHR0cHM6XC9cL2FyY2hpdmlhLm9yZ1wvd3AtY29udGVudFwvdXBsb2Fkc1wvMjAyNVwvMTFcLzE2X0FCQ0RfQ0RDX01BTl8yMDEwODdfMTkyMTAzNVJNQTAwMF8wMVItY29waWEuanBnIiwic2xpZGVzaG93IjoiZTAxMDlmMyJ9\" href='https:\/\/archivia.org\/wp-content\/uploads\/2025\/11\/16_ABCD_CDC_MAN_201087_1921035RMA000_01R-copia.jpg'><img loading=\"lazy\" width=\"539\" height=\"742\" src=\"https:\/\/archivia.org\/wp-content\/uploads\/2025\/11\/16_ABCD_CDC_MAN_201087_1921035RMA000_01R-copia.jpg\" class=\"attachment-medium_large size-medium_large\" alt=\"\" aria-describedby=\"gallery-1-7866\" decoding=\"async\" srcset=\"https:\/\/archivia.org\/wp-content\/uploads\/2025\/11\/16_ABCD_CDC_MAN_201087_1921035RMA000_01R-copia.jpg 539w, https:\/\/archivia.org\/wp-content\/uploads\/2025\/11\/16_ABCD_CDC_MAN_201087_1921035RMA000_01R-copia-218x300.jpg 218w, https:\/\/archivia.org\/wp-content\/uploads\/2025\/11\/16_ABCD_CDC_MAN_201087_1921035RMA000_01R-copia-9x12.jpg 9w\" sizes=\"(max-width: 539px) 100vw, 539px\" title=\"\"><\/a>\n\t\t\t<\/div>\n\t\t\t\t<figcaption class='wp-caption-text gallery-caption' id='gallery-1-7866'>\n\t\t\t\tCampagna contro la disoccupazione delle donne\n\t\t\t\t<\/figcaption><\/figure><figure class='gallery-item'>\n\t\t\t<div class='gallery-icon portrait'>\n\t\t\t\t<a data-elementor-open-lightbox=\"yes\" data-elementor-lightbox-slideshow=\"e0109f3\" data-elementor-lightbox-title=\"18_ABCD_CDC_MAN_201093_1921040RMA000_01R-copia\" data-e-action-hash=\"#elementor-action%3Aaction%3Dlightbox%26settings%3DeyJpZCI6Nzg2OCwidXJsIjoiaHR0cHM6XC9cL2FyY2hpdmlhLm9yZ1wvd3AtY29udGVudFwvdXBsb2Fkc1wvMjAyNVwvMTFcLzE4X0FCQ0RfQ0RDX01BTl8yMDEwOTNfMTkyMTA0MFJNQTAwMF8wMVItY29waWEuanBnIiwic2xpZGVzaG93IjoiZTAxMDlmMyJ9\" href='https:\/\/archivia.org\/wp-content\/uploads\/2025\/11\/18_ABCD_CDC_MAN_201093_1921040RMA000_01R-copia.jpg'><img loading=\"lazy\" width=\"539\" height=\"778\" src=\"https:\/\/archivia.org\/wp-content\/uploads\/2025\/11\/18_ABCD_CDC_MAN_201093_1921040RMA000_01R-copia.jpg\" class=\"attachment-medium_large size-medium_large\" alt=\"\" aria-describedby=\"gallery-1-7868\" decoding=\"async\" srcset=\"https:\/\/archivia.org\/wp-content\/uploads\/2025\/11\/18_ABCD_CDC_MAN_201093_1921040RMA000_01R-copia.jpg 539w, https:\/\/archivia.org\/wp-content\/uploads\/2025\/11\/18_ABCD_CDC_MAN_201093_1921040RMA000_01R-copia-208x300.jpg 208w, https:\/\/archivia.org\/wp-content\/uploads\/2025\/11\/18_ABCD_CDC_MAN_201093_1921040RMA000_01R-copia-8x12.jpg 8w\" sizes=\"(max-width: 539px) 100vw, 539px\" title=\"\"><\/a>\n\t\t\t<\/div>\n\t\t\t\t<figcaption class='wp-caption-text gallery-caption' id='gallery-1-7868'>\n\t\t\t\tAl grido di: salviamo la moralit\u00e0 e tuteliamo la dignit\u00e0 della donna&#8230;\/Lotta Femminista\n\t\t\t\t<\/figcaption><\/figure><figure class='gallery-item'>\n\t\t\t<div class='gallery-icon portrait'>\n\t\t\t\t<a data-elementor-open-lightbox=\"yes\" data-elementor-lightbox-slideshow=\"e0109f3\" data-elementor-lightbox-title=\"20_ABCD_CDC_MAN_201123_1921052RMA000_01R-copia\" data-e-action-hash=\"#elementor-action%3Aaction%3Dlightbox%26settings%3DeyJpZCI6Nzg3MCwidXJsIjoiaHR0cHM6XC9cL2FyY2hpdmlhLm9yZ1wvd3AtY29udGVudFwvdXBsb2Fkc1wvMjAyNVwvMTFcLzIwX0FCQ0RfQ0RDX01BTl8yMDExMjNfMTkyMTA1MlJNQTAwMF8wMVItY29waWEuanBnIiwic2xpZGVzaG93IjoiZTAxMDlmMyJ9\" href='https:\/\/archivia.org\/wp-content\/uploads\/2025\/11\/20_ABCD_CDC_MAN_201123_1921052RMA000_01R-copia.jpg'><img loading=\"lazy\" width=\"539\" height=\"763\" src=\"https:\/\/archivia.org\/wp-content\/uploads\/2025\/11\/20_ABCD_CDC_MAN_201123_1921052RMA000_01R-copia.jpg\" class=\"attachment-medium_large size-medium_large\" alt=\"\" aria-describedby=\"gallery-1-7870\" decoding=\"async\" srcset=\"https:\/\/archivia.org\/wp-content\/uploads\/2025\/11\/20_ABCD_CDC_MAN_201123_1921052RMA000_01R-copia.jpg 539w, https:\/\/archivia.org\/wp-content\/uploads\/2025\/11\/20_ABCD_CDC_MAN_201123_1921052RMA000_01R-copia-212x300.jpg 212w, https:\/\/archivia.org\/wp-content\/uploads\/2025\/11\/20_ABCD_CDC_MAN_201123_1921052RMA000_01R-copia-8x12.jpg 8w\" sizes=\"(max-width: 539px) 100vw, 539px\" title=\"\"><\/a>\n\t\t\t<\/div>\n\t\t\t\t<figcaption class='wp-caption-text gallery-caption' id='gallery-1-7870'>\n\t\t\t\tLa cosa pi\u00f9 bella &#8211; [Post 1976]\n\t\t\t\t<\/figcaption><\/figure><figure class='gallery-item'>\n\t\t\t<div class='gallery-icon portrait'>\n\t\t\t\t<a data-elementor-open-lightbox=\"yes\" data-elementor-lightbox-slideshow=\"e0109f3\" data-elementor-lightbox-title=\"21_ABCD_CDC_MAN_201125_1921054RMA000_01R-copia\" data-e-action-hash=\"#elementor-action%3Aaction%3Dlightbox%26settings%3DeyJpZCI6Nzg3MSwidXJsIjoiaHR0cHM6XC9cL2FyY2hpdmlhLm9yZ1wvd3AtY29udGVudFwvdXBsb2Fkc1wvMjAyNVwvMTFcLzIxX0FCQ0RfQ0RDX01BTl8yMDExMjVfMTkyMTA1NFJNQTAwMF8wMVItY29waWEuanBnIiwic2xpZGVzaG93IjoiZTAxMDlmMyJ9\" href='https:\/\/archivia.org\/wp-content\/uploads\/2025\/11\/21_ABCD_CDC_MAN_201125_1921054RMA000_01R-copia.jpg'><img loading=\"lazy\" width=\"539\" height=\"772\" src=\"https:\/\/archivia.org\/wp-content\/uploads\/2025\/11\/21_ABCD_CDC_MAN_201125_1921054RMA000_01R-copia.jpg\" class=\"attachment-medium_large size-medium_large\" alt=\"\" aria-describedby=\"gallery-1-7871\" decoding=\"async\" srcset=\"https:\/\/archivia.org\/wp-content\/uploads\/2025\/11\/21_ABCD_CDC_MAN_201125_1921054RMA000_01R-copia.jpg 539w, https:\/\/archivia.org\/wp-content\/uploads\/2025\/11\/21_ABCD_CDC_MAN_201125_1921054RMA000_01R-copia-209x300.jpg 209w, https:\/\/archivia.org\/wp-content\/uploads\/2025\/11\/21_ABCD_CDC_MAN_201125_1921054RMA000_01R-copia-8x12.jpg 8w\" sizes=\"(max-width: 539px) 100vw, 539px\" title=\"\"><\/a>\n\t\t\t<\/div>\n\t\t\t\t<figcaption class='wp-caption-text gallery-caption' id='gallery-1-7871'>\n\t\t\t\tVirginia Woolf 1903 &#8211; [1980]\n\t\t\t\t<\/figcaption><\/figure><figure class='gallery-item'>\n\t\t\t<div class='gallery-icon portrait'>\n\t\t\t\t<a data-elementor-open-lightbox=\"yes\" data-elementor-lightbox-slideshow=\"e0109f3\" data-elementor-lightbox-title=\"23_ABCD_CDC_MAN_201128_1921057RMA000_01R-copia\" data-e-action-hash=\"#elementor-action%3Aaction%3Dlightbox%26settings%3DeyJpZCI6Nzg3MywidXJsIjoiaHR0cHM6XC9cL2FyY2hpdmlhLm9yZ1wvd3AtY29udGVudFwvdXBsb2Fkc1wvMjAyNVwvMTFcLzIzX0FCQ0RfQ0RDX01BTl8yMDExMjhfMTkyMTA1N1JNQTAwMF8wMVItY29waWEuanBnIiwic2xpZGVzaG93IjoiZTAxMDlmMyJ9\" href='https:\/\/archivia.org\/wp-content\/uploads\/2025\/11\/23_ABCD_CDC_MAN_201128_1921057RMA000_01R-copia.jpg'><img loading=\"lazy\" width=\"539\" height=\"744\" src=\"https:\/\/archivia.org\/wp-content\/uploads\/2025\/11\/23_ABCD_CDC_MAN_201128_1921057RMA000_01R-copia.jpg\" class=\"attachment-medium_large size-medium_large\" alt=\"\" aria-describedby=\"gallery-1-7873\" decoding=\"async\" srcset=\"https:\/\/archivia.org\/wp-content\/uploads\/2025\/11\/23_ABCD_CDC_MAN_201128_1921057RMA000_01R-copia.jpg 539w, https:\/\/archivia.org\/wp-content\/uploads\/2025\/11\/23_ABCD_CDC_MAN_201128_1921057RMA000_01R-copia-217x300.jpg 217w, https:\/\/archivia.org\/wp-content\/uploads\/2025\/11\/23_ABCD_CDC_MAN_201128_1921057RMA000_01R-copia-9x12.jpg 9w\" sizes=\"(max-width: 539px) 100vw, 539px\" title=\"\"><\/a>\n\t\t\t<\/div>\n\t\t\t\t<figcaption class='wp-caption-text gallery-caption' id='gallery-1-7873'>\n\t\t\t\tLa libreria delle donne di Miliano &#8211; [1980]\n\t\t\t\t<\/figcaption><\/figure><figure class='gallery-item'>\n\t\t\t<div class='gallery-icon portrait'>\n\t\t\t\t<a data-elementor-open-lightbox=\"yes\" data-elementor-lightbox-slideshow=\"e0109f3\" data-elementor-lightbox-title=\"25_ABCD_CDC_MAN_201132_1921059RMA000_01R-copia\" data-e-action-hash=\"#elementor-action%3Aaction%3Dlightbox%26settings%3DeyJpZCI6Nzg3NSwidXJsIjoiaHR0cHM6XC9cL2FyY2hpdmlhLm9yZ1wvd3AtY29udGVudFwvdXBsb2Fkc1wvMjAyNVwvMTFcLzI1X0FCQ0RfQ0RDX01BTl8yMDExMzJfMTkyMTA1OVJNQTAwMF8wMVItY29waWEuanBnIiwic2xpZGVzaG93IjoiZTAxMDlmMyJ9\" href='https:\/\/archivia.org\/wp-content\/uploads\/2025\/11\/25_ABCD_CDC_MAN_201132_1921059RMA000_01R-copia.jpg'><img loading=\"lazy\" width=\"539\" height=\"1075\" src=\"https:\/\/archivia.org\/wp-content\/uploads\/2025\/11\/25_ABCD_CDC_MAN_201132_1921059RMA000_01R-copia.jpg\" class=\"attachment-medium_large size-medium_large\" alt=\"\" aria-describedby=\"gallery-1-7875\" decoding=\"async\" srcset=\"https:\/\/archivia.org\/wp-content\/uploads\/2025\/11\/25_ABCD_CDC_MAN_201132_1921059RMA000_01R-copia.jpg 539w, https:\/\/archivia.org\/wp-content\/uploads\/2025\/11\/25_ABCD_CDC_MAN_201132_1921059RMA000_01R-copia-150x300.jpg 150w, https:\/\/archivia.org\/wp-content\/uploads\/2025\/11\/25_ABCD_CDC_MAN_201132_1921059RMA000_01R-copia-513x1024.jpg 513w, https:\/\/archivia.org\/wp-content\/uploads\/2025\/11\/25_ABCD_CDC_MAN_201132_1921059RMA000_01R-copia-6x12.jpg 6w\" sizes=\"(max-width: 539px) 100vw, 539px\" title=\"\"><\/a>\n\t\t\t<\/div>\n\t\t\t\t<figcaption class='wp-caption-text gallery-caption' id='gallery-1-7875'>\n\t\t\t\tErbavoglio Piazza di Spagna 9 &#8211; [ Post 1975]\n\t\t\t\t<\/figcaption><\/figure><figure class='gallery-item'>\n\t\t\t<div class='gallery-icon portrait'>\n\t\t\t\t<a data-elementor-open-lightbox=\"yes\" data-elementor-lightbox-slideshow=\"e0109f3\" data-elementor-lightbox-title=\"26_ABCD_CDC_MAN_201134_1921060RMA000_01R-copia\" data-e-action-hash=\"#elementor-action%3Aaction%3Dlightbox%26settings%3DeyJpZCI6Nzg3NiwidXJsIjoiaHR0cHM6XC9cL2FyY2hpdmlhLm9yZ1wvd3AtY29udGVudFwvdXBsb2Fkc1wvMjAyNVwvMTFcLzI2X0FCQ0RfQ0RDX01BTl8yMDExMzRfMTkyMTA2MFJNQTAwMF8wMVItY29waWEuanBnIiwic2xpZGVzaG93IjoiZTAxMDlmMyJ9\" href='https:\/\/archivia.org\/wp-content\/uploads\/2025\/11\/26_ABCD_CDC_MAN_201134_1921060RMA000_01R-copia.jpg'><img loading=\"lazy\" width=\"539\" height=\"773\" src=\"https:\/\/archivia.org\/wp-content\/uploads\/2025\/11\/26_ABCD_CDC_MAN_201134_1921060RMA000_01R-copia.jpg\" class=\"attachment-medium_large size-medium_large\" alt=\"\" aria-describedby=\"gallery-1-7876\" decoding=\"async\" srcset=\"https:\/\/archivia.org\/wp-content\/uploads\/2025\/11\/26_ABCD_CDC_MAN_201134_1921060RMA000_01R-copia.jpg 539w, https:\/\/archivia.org\/wp-content\/uploads\/2025\/11\/26_ABCD_CDC_MAN_201134_1921060RMA000_01R-copia-209x300.jpg 209w, https:\/\/archivia.org\/wp-content\/uploads\/2025\/11\/26_ABCD_CDC_MAN_201134_1921060RMA000_01R-copia-8x12.jpg 8w\" sizes=\"(max-width: 539px) 100vw, 539px\" title=\"\"><\/a>\n\t\t\t<\/div>\n\t\t\t\t<figcaption class='wp-caption-text gallery-caption' id='gallery-1-7876'>\n\t\t\t\tDanze e canti delle Amazzoni\n\t\t\t\t<\/figcaption><\/figure><figure class='gallery-item'>\n\t\t\t<div class='gallery-icon portrait'>\n\t\t\t\t<a data-elementor-open-lightbox=\"yes\" data-elementor-lightbox-slideshow=\"e0109f3\" data-elementor-lightbox-title=\"27_ABCD_CDC_MAN_201150_1921062RMA000_01R-copia\" data-e-action-hash=\"#elementor-action%3Aaction%3Dlightbox%26settings%3DeyJpZCI6Nzg3NywidXJsIjoiaHR0cHM6XC9cL2FyY2hpdmlhLm9yZ1wvd3AtY29udGVudFwvdXBsb2Fkc1wvMjAyNVwvMTFcLzI3X0FCQ0RfQ0RDX01BTl8yMDExNTBfMTkyMTA2MlJNQTAwMF8wMVItY29waWEuanBnIiwic2xpZGVzaG93IjoiZTAxMDlmMyJ9\" href='https:\/\/archivia.org\/wp-content\/uploads\/2025\/11\/27_ABCD_CDC_MAN_201150_1921062RMA000_01R-copia.jpg'><img loading=\"lazy\" width=\"539\" height=\"693\" src=\"https:\/\/archivia.org\/wp-content\/uploads\/2025\/11\/27_ABCD_CDC_MAN_201150_1921062RMA000_01R-copia.jpg\" class=\"attachment-medium_large size-medium_large\" alt=\"\" aria-describedby=\"gallery-1-7877\" decoding=\"async\" srcset=\"https:\/\/archivia.org\/wp-content\/uploads\/2025\/11\/27_ABCD_CDC_MAN_201150_1921062RMA000_01R-copia.jpg 539w, https:\/\/archivia.org\/wp-content\/uploads\/2025\/11\/27_ABCD_CDC_MAN_201150_1921062RMA000_01R-copia-233x300.jpg 233w, https:\/\/archivia.org\/wp-content\/uploads\/2025\/11\/27_ABCD_CDC_MAN_201150_1921062RMA000_01R-copia-9x12.jpg 9w\" sizes=\"(max-width: 539px) 100vw, 539px\" title=\"\"><\/a>\n\t\t\t<\/div>\n\t\t\t\t<figcaption class='wp-caption-text gallery-caption' id='gallery-1-7877'>\n\t\t\t\tDonna donna donna non smetter di lottare&#8230; &#8211; [Post 1975]\n\t\t\t\t<\/figcaption><\/figure><figure class='gallery-item'>\n\t\t\t<div class='gallery-icon portrait'>\n\t\t\t\t<a data-elementor-open-lightbox=\"yes\" data-elementor-lightbox-slideshow=\"e0109f3\" data-elementor-lightbox-title=\"28_ABCD_CDC_MAN_201153_1921063RMA000_01R-copia\" data-e-action-hash=\"#elementor-action%3Aaction%3Dlightbox%26settings%3DeyJpZCI6Nzg3OCwidXJsIjoiaHR0cHM6XC9cL2FyY2hpdmlhLm9yZ1wvd3AtY29udGVudFwvdXBsb2Fkc1wvMjAyNVwvMTFcLzI4X0FCQ0RfQ0RDX01BTl8yMDExNTNfMTkyMTA2M1JNQTAwMF8wMVItY29waWEuanBnIiwic2xpZGVzaG93IjoiZTAxMDlmMyJ9\" href='https:\/\/archivia.org\/wp-content\/uploads\/2025\/11\/28_ABCD_CDC_MAN_201153_1921063RMA000_01R-copia.jpg'><img loading=\"lazy\" width=\"539\" height=\"894\" src=\"https:\/\/archivia.org\/wp-content\/uploads\/2025\/11\/28_ABCD_CDC_MAN_201153_1921063RMA000_01R-copia.jpg\" class=\"attachment-medium_large size-medium_large\" alt=\"\" aria-describedby=\"gallery-1-7878\" decoding=\"async\" srcset=\"https:\/\/archivia.org\/wp-content\/uploads\/2025\/11\/28_ABCD_CDC_MAN_201153_1921063RMA000_01R-copia.jpg 539w, https:\/\/archivia.org\/wp-content\/uploads\/2025\/11\/28_ABCD_CDC_MAN_201153_1921063RMA000_01R-copia-181x300.jpg 181w, https:\/\/archivia.org\/wp-content\/uploads\/2025\/11\/28_ABCD_CDC_MAN_201153_1921063RMA000_01R-copia-7x12.jpg 7w\" sizes=\"(max-width: 539px) 100vw, 539px\" title=\"\"><\/a>\n\t\t\t<\/div>\n\t\t\t\t<figcaption class='wp-caption-text gallery-caption' id='gallery-1-7878'>\n\t\t\t\tContro un&#8217;educazione sessita &#8211; [Post 1975]\n\t\t\t\t<\/figcaption><\/figure><figure class='gallery-item'>\n\t\t\t<div class='gallery-icon portrait'>\n\t\t\t\t<a data-elementor-open-lightbox=\"yes\" data-elementor-lightbox-slideshow=\"e0109f3\" data-elementor-lightbox-title=\"29_ABCD_CDC_MAN_201156_1921066RMA000_01R-copia\" data-e-action-hash=\"#elementor-action%3Aaction%3Dlightbox%26settings%3DeyJpZCI6Nzg3OSwidXJsIjoiaHR0cHM6XC9cL2FyY2hpdmlhLm9yZ1wvd3AtY29udGVudFwvdXBsb2Fkc1wvMjAyNVwvMTFcLzI5X0FCQ0RfQ0RDX01BTl8yMDExNTZfMTkyMTA2NlJNQTAwMF8wMVItY29waWEuanBnIiwic2xpZGVzaG93IjoiZTAxMDlmMyJ9\" href='https:\/\/archivia.org\/wp-content\/uploads\/2025\/11\/29_ABCD_CDC_MAN_201156_1921066RMA000_01R-copia.jpg'><img loading=\"lazy\" width=\"539\" height=\"781\" src=\"https:\/\/archivia.org\/wp-content\/uploads\/2025\/11\/29_ABCD_CDC_MAN_201156_1921066RMA000_01R-copia.jpg\" class=\"attachment-medium_large size-medium_large\" alt=\"\" aria-describedby=\"gallery-1-7879\" decoding=\"async\" srcset=\"https:\/\/archivia.org\/wp-content\/uploads\/2025\/11\/29_ABCD_CDC_MAN_201156_1921066RMA000_01R-copia.jpg 539w, https:\/\/archivia.org\/wp-content\/uploads\/2025\/11\/29_ABCD_CDC_MAN_201156_1921066RMA000_01R-copia-207x300.jpg 207w, https:\/\/archivia.org\/wp-content\/uploads\/2025\/11\/29_ABCD_CDC_MAN_201156_1921066RMA000_01R-copia-8x12.jpg 8w\" sizes=\"(max-width: 539px) 100vw, 539px\" title=\"\"><\/a>\n\t\t\t<\/div>\n\t\t\t\t<figcaption class='wp-caption-text gallery-caption' id='gallery-1-7879'>\n\t\t\t\tIl bambino che non gioca non \u00e8 un bambino&#8230; &#8211; [1975]\n\t\t\t\t<\/figcaption><\/figure><figure class='gallery-item'>\n\t\t\t<div class='gallery-icon portrait'>\n\t\t\t\t<a data-elementor-open-lightbox=\"yes\" data-elementor-lightbox-slideshow=\"e0109f3\" data-elementor-lightbox-title=\"30_ABCD_CDC_MAN_201161_1921067RMA000_01R-copia\" data-e-action-hash=\"#elementor-action%3Aaction%3Dlightbox%26settings%3DeyJpZCI6Nzg4MCwidXJsIjoiaHR0cHM6XC9cL2FyY2hpdmlhLm9yZ1wvd3AtY29udGVudFwvdXBsb2Fkc1wvMjAyNVwvMTFcLzMwX0FCQ0RfQ0RDX01BTl8yMDExNjFfMTkyMTA2N1JNQTAwMF8wMVItY29waWEuanBnIiwic2xpZGVzaG93IjoiZTAxMDlmMyJ9\" href='https:\/\/archivia.org\/wp-content\/uploads\/2025\/11\/30_ABCD_CDC_MAN_201161_1921067RMA000_01R-copia.jpg'><img loading=\"lazy\" width=\"539\" height=\"715\" src=\"https:\/\/archivia.org\/wp-content\/uploads\/2025\/11\/30_ABCD_CDC_MAN_201161_1921067RMA000_01R-copia.jpg\" class=\"attachment-medium_large size-medium_large\" alt=\"\" aria-describedby=\"gallery-1-7880\" decoding=\"async\" srcset=\"https:\/\/archivia.org\/wp-content\/uploads\/2025\/11\/30_ABCD_CDC_MAN_201161_1921067RMA000_01R-copia.jpg 539w, https:\/\/archivia.org\/wp-content\/uploads\/2025\/11\/30_ABCD_CDC_MAN_201161_1921067RMA000_01R-copia-226x300.jpg 226w, https:\/\/archivia.org\/wp-content\/uploads\/2025\/11\/30_ABCD_CDC_MAN_201161_1921067RMA000_01R-copia-9x12.jpg 9w\" sizes=\"(max-width: 539px) 100vw, 539px\" title=\"\"><\/a>\n\t\t\t<\/div>\n\t\t\t\t<figcaption class='wp-caption-text gallery-caption' id='gallery-1-7880'>\n\t\t\t\tIl movimento femminista romano presenta: Storia di una cosa &#8211; 7-9\/05\/[1975]\n\t\t\t\t<\/figcaption><\/figure><figure class='gallery-item'>\n\t\t\t<div class='gallery-icon portrait'>\n\t\t\t\t<a data-elementor-open-lightbox=\"yes\" data-elementor-lightbox-slideshow=\"e0109f3\" data-elementor-lightbox-title=\"31_ABCD_CDC_MAN_201162_1921068RMA000_01R-copia\" data-e-action-hash=\"#elementor-action%3Aaction%3Dlightbox%26settings%3DeyJpZCI6Nzg4MSwidXJsIjoiaHR0cHM6XC9cL2FyY2hpdmlhLm9yZ1wvd3AtY29udGVudFwvdXBsb2Fkc1wvMjAyNVwvMTFcLzMxX0FCQ0RfQ0RDX01BTl8yMDExNjJfMTkyMTA2OFJNQTAwMF8wMVItY29waWEuanBnIiwic2xpZGVzaG93IjoiZTAxMDlmMyJ9\" href='https:\/\/archivia.org\/wp-content\/uploads\/2025\/11\/31_ABCD_CDC_MAN_201162_1921068RMA000_01R-copia.jpg'><img loading=\"lazy\" width=\"539\" height=\"664\" src=\"https:\/\/archivia.org\/wp-content\/uploads\/2025\/11\/31_ABCD_CDC_MAN_201162_1921068RMA000_01R-copia.jpg\" class=\"attachment-medium_large size-medium_large\" alt=\"\" aria-describedby=\"gallery-1-7881\" decoding=\"async\" srcset=\"https:\/\/archivia.org\/wp-content\/uploads\/2025\/11\/31_ABCD_CDC_MAN_201162_1921068RMA000_01R-copia.jpg 539w, https:\/\/archivia.org\/wp-content\/uploads\/2025\/11\/31_ABCD_CDC_MAN_201162_1921068RMA000_01R-copia-244x300.jpg 244w, https:\/\/archivia.org\/wp-content\/uploads\/2025\/11\/31_ABCD_CDC_MAN_201162_1921068RMA000_01R-copia-10x12.jpg 10w\" sizes=\"(max-width: 539px) 100vw, 539px\" title=\"\"><\/a>\n\t\t\t<\/div>\n\t\t\t\t<figcaption class='wp-caption-text gallery-caption' id='gallery-1-7881'>\n\t\t\t\tVoglio decidera da sola &#8211; [1970?]\n\t\t\t\t<\/figcaption><\/figure><figure class='gallery-item'>\n\t\t\t<div class='gallery-icon portrait'>\n\t\t\t\t<a data-elementor-open-lightbox=\"yes\" data-elementor-lightbox-slideshow=\"e0109f3\" data-elementor-lightbox-title=\"32_ABCD_CDC_MAN_201163_1921069RMA000_01R-copia\" data-e-action-hash=\"#elementor-action%3Aaction%3Dlightbox%26settings%3DeyJpZCI6Nzg4MiwidXJsIjoiaHR0cHM6XC9cL2FyY2hpdmlhLm9yZ1wvd3AtY29udGVudFwvdXBsb2Fkc1wvMjAyNVwvMTFcLzMyX0FCQ0RfQ0RDX01BTl8yMDExNjNfMTkyMTA2OVJNQTAwMF8wMVItY29waWEuanBnIiwic2xpZGVzaG93IjoiZTAxMDlmMyJ9\" href='https:\/\/archivia.org\/wp-content\/uploads\/2025\/11\/32_ABCD_CDC_MAN_201163_1921069RMA000_01R-copia.jpg'><img loading=\"lazy\" width=\"539\" height=\"754\" src=\"https:\/\/archivia.org\/wp-content\/uploads\/2025\/11\/32_ABCD_CDC_MAN_201163_1921069RMA000_01R-copia.jpg\" class=\"attachment-medium_large size-medium_large\" alt=\"\" aria-describedby=\"gallery-1-7882\" decoding=\"async\" srcset=\"https:\/\/archivia.org\/wp-content\/uploads\/2025\/11\/32_ABCD_CDC_MAN_201163_1921069RMA000_01R-copia.jpg 539w, https:\/\/archivia.org\/wp-content\/uploads\/2025\/11\/32_ABCD_CDC_MAN_201163_1921069RMA000_01R-copia-214x300.jpg 214w, https:\/\/archivia.org\/wp-content\/uploads\/2025\/11\/32_ABCD_CDC_MAN_201163_1921069RMA000_01R-copia-9x12.jpg 9w\" sizes=\"(max-width: 539px) 100vw, 539px\" title=\"\"><\/a>\n\t\t\t<\/div>\n\t\t\t\t<figcaption class='wp-caption-text gallery-caption' id='gallery-1-7882'>\n\t\t\t\t2 Donna rock festival &#8211; 23\/11\/1974\n\t\t\t\t<\/figcaption><\/figure><figure class='gallery-item'>\n\t\t\t<div class='gallery-icon portrait'>\n\t\t\t\t<a data-elementor-open-lightbox=\"yes\" data-elementor-lightbox-slideshow=\"e0109f3\" data-elementor-lightbox-title=\"33_ABCD_CDC_MAN_201169_1921073RMA000_01R-copia\" data-e-action-hash=\"#elementor-action%3Aaction%3Dlightbox%26settings%3DeyJpZCI6Nzg4MywidXJsIjoiaHR0cHM6XC9cL2FyY2hpdmlhLm9yZ1wvd3AtY29udGVudFwvdXBsb2Fkc1wvMjAyNVwvMTFcLzMzX0FCQ0RfQ0RDX01BTl8yMDExNjlfMTkyMTA3M1JNQTAwMF8wMVItY29waWEuanBnIiwic2xpZGVzaG93IjoiZTAxMDlmMyJ9\" href='https:\/\/archivia.org\/wp-content\/uploads\/2025\/11\/33_ABCD_CDC_MAN_201169_1921073RMA000_01R-copia.jpg'><img loading=\"lazy\" width=\"539\" height=\"769\" src=\"https:\/\/archivia.org\/wp-content\/uploads\/2025\/11\/33_ABCD_CDC_MAN_201169_1921073RMA000_01R-copia.jpg\" class=\"attachment-medium_large size-medium_large\" alt=\"\" aria-describedby=\"gallery-1-7883\" decoding=\"async\" srcset=\"https:\/\/archivia.org\/wp-content\/uploads\/2025\/11\/33_ABCD_CDC_MAN_201169_1921073RMA000_01R-copia.jpg 539w, https:\/\/archivia.org\/wp-content\/uploads\/2025\/11\/33_ABCD_CDC_MAN_201169_1921073RMA000_01R-copia-210x300.jpg 210w, https:\/\/archivia.org\/wp-content\/uploads\/2025\/11\/33_ABCD_CDC_MAN_201169_1921073RMA000_01R-copia-8x12.jpg 8w\" sizes=\"(max-width: 539px) 100vw, 539px\" title=\"\"><\/a>\n\t\t\t<\/div>\n\t\t\t\t<figcaption class='wp-caption-text gallery-caption' id='gallery-1-7883'>\n\t\t\t\tLe rospe nere. Mostra mercato &#8211; 17-24\/12\/[1977]\n\t\t\t\t<\/figcaption><\/figure><figure class='gallery-item'>\n\t\t\t<div class='gallery-icon portrait'>\n\t\t\t\t<a data-elementor-open-lightbox=\"yes\" data-elementor-lightbox-slideshow=\"e0109f3\" data-elementor-lightbox-title=\"34_ABCD_CDC_MAN_201170_1921074RMA000_01R-copia\" data-e-action-hash=\"#elementor-action%3Aaction%3Dlightbox%26settings%3DeyJpZCI6Nzg4NCwidXJsIjoiaHR0cHM6XC9cL2FyY2hpdmlhLm9yZ1wvd3AtY29udGVudFwvdXBsb2Fkc1wvMjAyNVwvMTFcLzM0X0FCQ0RfQ0RDX01BTl8yMDExNzBfMTkyMTA3NFJNQTAwMF8wMVItY29waWEuanBnIiwic2xpZGVzaG93IjoiZTAxMDlmMyJ9\" data-elementor-lightbox-description=\"La societ\u00e0 contro la donna serata di canzoni femministe - 5\/02\/1974\" href='https:\/\/archivia.org\/wp-content\/uploads\/2025\/11\/34_ABCD_CDC_MAN_201170_1921074RMA000_01R-copia.jpg'><img loading=\"lazy\" width=\"539\" height=\"769\" src=\"https:\/\/archivia.org\/wp-content\/uploads\/2025\/11\/34_ABCD_CDC_MAN_201170_1921074RMA000_01R-copia.jpg\" class=\"attachment-medium_large size-medium_large\" alt=\"\" aria-describedby=\"gallery-1-7884\" decoding=\"async\" srcset=\"https:\/\/archivia.org\/wp-content\/uploads\/2025\/11\/34_ABCD_CDC_MAN_201170_1921074RMA000_01R-copia.jpg 539w, https:\/\/archivia.org\/wp-content\/uploads\/2025\/11\/34_ABCD_CDC_MAN_201170_1921074RMA000_01R-copia-210x300.jpg 210w, https:\/\/archivia.org\/wp-content\/uploads\/2025\/11\/34_ABCD_CDC_MAN_201170_1921074RMA000_01R-copia-8x12.jpg 8w\" sizes=\"(max-width: 539px) 100vw, 539px\" title=\"\"><\/a>\n\t\t\t<\/div>\n\t\t\t\t<figcaption class='wp-caption-text gallery-caption' id='gallery-1-7884'>\n\t\t\t\tRadio Lilith &#8211; [Post 1979]\n\t\t\t\t<\/figcaption><\/figure><figure class='gallery-item'>\n\t\t\t<div class='gallery-icon portrait'>\n\t\t\t\t<a data-elementor-open-lightbox=\"yes\" data-elementor-lightbox-slideshow=\"e0109f3\" data-elementor-lightbox-title=\"36_ABCD_CDC_MAN_201173_1921077RMA000_01R-copia\" data-e-action-hash=\"#elementor-action%3Aaction%3Dlightbox%26settings%3DeyJpZCI6Nzg4NSwidXJsIjoiaHR0cHM6XC9cL2FyY2hpdmlhLm9yZ1wvd3AtY29udGVudFwvdXBsb2Fkc1wvMjAyNVwvMTFcLzM2X0FCQ0RfQ0RDX01BTl8yMDExNzNfMTkyMTA3N1JNQTAwMF8wMVItY29waWEuanBnIiwic2xpZGVzaG93IjoiZTAxMDlmMyJ9\" data-elementor-lightbox-description=\"La societ\u00e0 contro la donna serata di canzoni femministe - 5\/02\/1974\" href='https:\/\/archivia.org\/wp-content\/uploads\/2025\/11\/36_ABCD_CDC_MAN_201173_1921077RMA000_01R-copia.jpg'><img loading=\"lazy\" width=\"539\" height=\"561\" src=\"https:\/\/archivia.org\/wp-content\/uploads\/2025\/11\/36_ABCD_CDC_MAN_201173_1921077RMA000_01R-copia.jpg\" class=\"attachment-medium_large size-medium_large\" alt=\"\" aria-describedby=\"gallery-1-7885\" decoding=\"async\" srcset=\"https:\/\/archivia.org\/wp-content\/uploads\/2025\/11\/36_ABCD_CDC_MAN_201173_1921077RMA000_01R-copia.jpg 539w, https:\/\/archivia.org\/wp-content\/uploads\/2025\/11\/36_ABCD_CDC_MAN_201173_1921077RMA000_01R-copia-288x300.jpg 288w, https:\/\/archivia.org\/wp-content\/uploads\/2025\/11\/36_ABCD_CDC_MAN_201173_1921077RMA000_01R-copia-12x12.jpg 12w\" sizes=\"(max-width: 539px) 100vw, 539px\" title=\"\"><\/a>\n\t\t\t<\/div>\n\t\t\t\t<figcaption class='wp-caption-text gallery-caption' id='gallery-1-7885'>\n\t\t\t\tLa societ\u00e0 contro la donna.Serata di canzoni femministe &#8211; 5\/12\/1974\n\t\t\t\t<\/figcaption><\/figure><figure class='gallery-item'>\n\t\t\t<div class='gallery-icon portrait'>\n\t\t\t\t<a data-elementor-open-lightbox=\"yes\" data-elementor-lightbox-slideshow=\"e0109f3\" data-elementor-lightbox-title=\"38_ABCD_CDC_MAN_201182_1921084RMA000_01R-copia\" data-e-action-hash=\"#elementor-action%3Aaction%3Dlightbox%26settings%3DeyJpZCI6Nzg4NywidXJsIjoiaHR0cHM6XC9cL2FyY2hpdmlhLm9yZ1wvd3AtY29udGVudFwvdXBsb2Fkc1wvMjAyNVwvMTFcLzM4X0FCQ0RfQ0RDX01BTl8yMDExODJfMTkyMTA4NFJNQTAwMF8wMVItY29waWEuanBnIiwic2xpZGVzaG93IjoiZTAxMDlmMyJ9\" data-elementor-lightbox-description=\"La societ\u00e0 contro la donna serata di canzoni femministe - 5\/02\/1974\" href='https:\/\/archivia.org\/wp-content\/uploads\/2025\/11\/38_ABCD_CDC_MAN_201182_1921084RMA000_01R-copia.jpg'><img loading=\"lazy\" width=\"539\" height=\"790\" src=\"https:\/\/archivia.org\/wp-content\/uploads\/2025\/11\/38_ABCD_CDC_MAN_201182_1921084RMA000_01R-copia.jpg\" class=\"attachment-medium_large size-medium_large\" alt=\"\" aria-describedby=\"gallery-1-7887\" decoding=\"async\" srcset=\"https:\/\/archivia.org\/wp-content\/uploads\/2025\/11\/38_ABCD_CDC_MAN_201182_1921084RMA000_01R-copia.jpg 539w, https:\/\/archivia.org\/wp-content\/uploads\/2025\/11\/38_ABCD_CDC_MAN_201182_1921084RMA000_01R-copia-205x300.jpg 205w, https:\/\/archivia.org\/wp-content\/uploads\/2025\/11\/38_ABCD_CDC_MAN_201182_1921084RMA000_01R-copia-8x12.jpg 8w\" sizes=\"(max-width: 539px) 100vw, 539px\" title=\"\"><\/a>\n\t\t\t<\/div>\n\t\t\t\t<figcaption class='wp-caption-text gallery-caption' id='gallery-1-7887'>\n\t\t\t\tLa mamma \u00e8 uscita. Mostra di Milli Gandini &#8211; 5-23\/12\/1975\n\t\t\t\t<\/figcaption><\/figure><figure class='gallery-item'>\n\t\t\t<div class='gallery-icon portrait'>\n\t\t\t\t<a data-elementor-open-lightbox=\"yes\" data-elementor-lightbox-slideshow=\"e0109f3\" data-elementor-lightbox-title=\"39_ABCD_CDC_MAN_201200_1921101RMA000_01R-copia\" data-e-action-hash=\"#elementor-action%3Aaction%3Dlightbox%26settings%3DeyJpZCI6Nzg4OCwidXJsIjoiaHR0cHM6XC9cL2FyY2hpdmlhLm9yZ1wvd3AtY29udGVudFwvdXBsb2Fkc1wvMjAyNVwvMTFcLzM5X0FCQ0RfQ0RDX01BTl8yMDEyMDBfMTkyMTEwMVJNQTAwMF8wMVItY29waWEuanBnIiwic2xpZGVzaG93IjoiZTAxMDlmMyJ9\" data-elementor-lightbox-description=\"La societ\u00e0 contro la donna serata di canzoni femministe - 5\/02\/1974\" href='https:\/\/archivia.org\/wp-content\/uploads\/2025\/11\/39_ABCD_CDC_MAN_201200_1921101RMA000_01R-copia.jpg'><img loading=\"lazy\" width=\"539\" height=\"764\" src=\"https:\/\/archivia.org\/wp-content\/uploads\/2025\/11\/39_ABCD_CDC_MAN_201200_1921101RMA000_01R-copia.jpg\" class=\"attachment-medium_large size-medium_large\" alt=\"\" aria-describedby=\"gallery-1-7888\" decoding=\"async\" srcset=\"https:\/\/archivia.org\/wp-content\/uploads\/2025\/11\/39_ABCD_CDC_MAN_201200_1921101RMA000_01R-copia.jpg 539w, https:\/\/archivia.org\/wp-content\/uploads\/2025\/11\/39_ABCD_CDC_MAN_201200_1921101RMA000_01R-copia-212x300.jpg 212w, https:\/\/archivia.org\/wp-content\/uploads\/2025\/11\/39_ABCD_CDC_MAN_201200_1921101RMA000_01R-copia-8x12.jpg 8w\" sizes=\"(max-width: 539px) 100vw, 539px\" title=\"\"><\/a>\n\t\t\t<\/div>\n\t\t\t\t<figcaption class='wp-caption-text gallery-caption' id='gallery-1-7888'>\n\t\t\t\tLa carta gialla &#8211; 28\/9\/1978\n\t\t\t\t<\/figcaption><\/figure><figure class='gallery-item'>\n\t\t\t<div class='gallery-icon portrait'>\n\t\t\t\t<a data-elementor-open-lightbox=\"yes\" data-elementor-lightbox-slideshow=\"e0109f3\" data-elementor-lightbox-title=\"40_ABCD_CDC_MAN_201202_1921103RMA000_01R-copia\" data-e-action-hash=\"#elementor-action%3Aaction%3Dlightbox%26settings%3DeyJpZCI6Nzg4OSwidXJsIjoiaHR0cHM6XC9cL2FyY2hpdmlhLm9yZ1wvd3AtY29udGVudFwvdXBsb2Fkc1wvMjAyNVwvMTFcLzQwX0FCQ0RfQ0RDX01BTl8yMDEyMDJfMTkyMTEwM1JNQTAwMF8wMVItY29waWEuanBnIiwic2xpZGVzaG93IjoiZTAxMDlmMyJ9\" data-elementor-lightbox-description=\"La societ\u00e0 contro la donna serata di canzoni femministe - 5\/02\/1974\" href='https:\/\/archivia.org\/wp-content\/uploads\/2025\/11\/40_ABCD_CDC_MAN_201202_1921103RMA000_01R-copia.jpg'><img loading=\"lazy\" width=\"539\" height=\"786\" src=\"https:\/\/archivia.org\/wp-content\/uploads\/2025\/11\/40_ABCD_CDC_MAN_201202_1921103RMA000_01R-copia.jpg\" class=\"attachment-medium_large size-medium_large\" alt=\"\" aria-describedby=\"gallery-1-7889\" decoding=\"async\" srcset=\"https:\/\/archivia.org\/wp-content\/uploads\/2025\/11\/40_ABCD_CDC_MAN_201202_1921103RMA000_01R-copia.jpg 539w, https:\/\/archivia.org\/wp-content\/uploads\/2025\/11\/40_ABCD_CDC_MAN_201202_1921103RMA000_01R-copia-206x300.jpg 206w, https:\/\/archivia.org\/wp-content\/uploads\/2025\/11\/40_ABCD_CDC_MAN_201202_1921103RMA000_01R-copia-8x12.jpg 8w\" sizes=\"(max-width: 539px) 100vw, 539px\" title=\"\"><\/a>\n\t\t\t<\/div>\n\t\t\t\t<figcaption class='wp-caption-text gallery-caption' id='gallery-1-7889'>\n\t\t\t\tLa donna albanese nella lotta della libert\u00e0\n\t\t\t\t<\/figcaption><\/figure><figure class='gallery-item'>\n\t\t\t<div class='gallery-icon portrait'>\n\t\t\t\t<a data-elementor-open-lightbox=\"yes\" data-elementor-lightbox-slideshow=\"e0109f3\" data-elementor-lightbox-title=\"41_ABCD_CDC_MAN_201205_1921104RMA000_01R-copia\" data-e-action-hash=\"#elementor-action%3Aaction%3Dlightbox%26settings%3DeyJpZCI6Nzg5MCwidXJsIjoiaHR0cHM6XC9cL2FyY2hpdmlhLm9yZ1wvd3AtY29udGVudFwvdXBsb2Fkc1wvMjAyNVwvMTFcLzQxX0FCQ0RfQ0RDX01BTl8yMDEyMDVfMTkyMTEwNFJNQTAwMF8wMVItY29waWEuanBnIiwic2xpZGVzaG93IjoiZTAxMDlmMyJ9\" data-elementor-lightbox-description=\"La societ\u00e0 contro la donna serata di canzoni femministe - 5\/02\/1974\" href='https:\/\/archivia.org\/wp-content\/uploads\/2025\/11\/41_ABCD_CDC_MAN_201205_1921104RMA000_01R-copia.jpg'><img loading=\"lazy\" width=\"539\" height=\"772\" src=\"https:\/\/archivia.org\/wp-content\/uploads\/2025\/11\/41_ABCD_CDC_MAN_201205_1921104RMA000_01R-copia.jpg\" class=\"attachment-medium_large size-medium_large\" alt=\"\" aria-describedby=\"gallery-1-7890\" decoding=\"async\" srcset=\"https:\/\/archivia.org\/wp-content\/uploads\/2025\/11\/41_ABCD_CDC_MAN_201205_1921104RMA000_01R-copia.jpg 539w, https:\/\/archivia.org\/wp-content\/uploads\/2025\/11\/41_ABCD_CDC_MAN_201205_1921104RMA000_01R-copia-209x300.jpg 209w, https:\/\/archivia.org\/wp-content\/uploads\/2025\/11\/41_ABCD_CDC_MAN_201205_1921104RMA000_01R-copia-8x12.jpg 8w\" sizes=\"(max-width: 539px) 100vw, 539px\" title=\"\"><\/a>\n\t\t\t<\/div>\n\t\t\t\t<figcaption class='wp-caption-text gallery-caption' id='gallery-1-7890'>\n\t\t\t\tNo all&#8217;ipocrizia di padri, patriarchi e padroni &#8211; [1981]\n\t\t\t\t<\/figcaption><\/figure><figure class='gallery-item'>\n\t\t\t<div class='gallery-icon portrait'>\n\t\t\t\t<a data-elementor-open-lightbox=\"yes\" data-elementor-lightbox-slideshow=\"e0109f3\" data-elementor-lightbox-title=\"42_ABCD_CDC_MAN_201207_1921105RMA000_01R-copia\" data-e-action-hash=\"#elementor-action%3Aaction%3Dlightbox%26settings%3DeyJpZCI6Nzg5MSwidXJsIjoiaHR0cHM6XC9cL2FyY2hpdmlhLm9yZ1wvd3AtY29udGVudFwvdXBsb2Fkc1wvMjAyNVwvMTFcLzQyX0FCQ0RfQ0RDX01BTl8yMDEyMDdfMTkyMTEwNVJNQTAwMF8wMVItY29waWEuanBnIiwic2xpZGVzaG93IjoiZTAxMDlmMyJ9\" data-elementor-lightbox-description=\"La societ\u00e0 contro la donna serata di canzoni femministe - 5\/02\/1974\" href='https:\/\/archivia.org\/wp-content\/uploads\/2025\/11\/42_ABCD_CDC_MAN_201207_1921105RMA000_01R-copia.jpg'><img loading=\"lazy\" width=\"539\" height=\"791\" src=\"https:\/\/archivia.org\/wp-content\/uploads\/2025\/11\/42_ABCD_CDC_MAN_201207_1921105RMA000_01R-copia.jpg\" class=\"attachment-medium_large size-medium_large\" alt=\"\" aria-describedby=\"gallery-1-7891\" decoding=\"async\" srcset=\"https:\/\/archivia.org\/wp-content\/uploads\/2025\/11\/42_ABCD_CDC_MAN_201207_1921105RMA000_01R-copia.jpg 539w, https:\/\/archivia.org\/wp-content\/uploads\/2025\/11\/42_ABCD_CDC_MAN_201207_1921105RMA000_01R-copia-204x300.jpg 204w, https:\/\/archivia.org\/wp-content\/uploads\/2025\/11\/42_ABCD_CDC_MAN_201207_1921105RMA000_01R-copia-8x12.jpg 8w\" sizes=\"(max-width: 539px) 100vw, 539px\" title=\"\"><\/a>\n\t\t\t<\/div>\n\t\t\t\t<figcaption class='wp-caption-text gallery-caption' id='gallery-1-7891'>\n\t\t\t\tLe cilene e le italiane. Solidariet\u00e0 al femminile &#8211; 10\/03\/1989\n\t\t\t\t<\/figcaption><\/figure><figure class='gallery-item'>\n\t\t\t<div class='gallery-icon portrait'>\n\t\t\t\t<a data-elementor-open-lightbox=\"yes\" data-elementor-lightbox-slideshow=\"e0109f3\" data-elementor-lightbox-title=\"45_ABCD_CDC_MAN_201221_1921109RMA000_01R-copia\" data-e-action-hash=\"#elementor-action%3Aaction%3Dlightbox%26settings%3DeyJpZCI6Nzg5NCwidXJsIjoiaHR0cHM6XC9cL2FyY2hpdmlhLm9yZ1wvd3AtY29udGVudFwvdXBsb2Fkc1wvMjAyNVwvMTFcLzQ1X0FCQ0RfQ0RDX01BTl8yMDEyMjFfMTkyMTEwOVJNQTAwMF8wMVItY29waWEuanBnIiwic2xpZGVzaG93IjoiZTAxMDlmMyJ9\" data-elementor-lightbox-description=\"La societ\u00e0 contro la donna serata di canzoni femministe - 5\/02\/1974\" href='https:\/\/archivia.org\/wp-content\/uploads\/2025\/11\/45_ABCD_CDC_MAN_201221_1921109RMA000_01R-copia.jpg'><img loading=\"lazy\" width=\"539\" height=\"773\" src=\"https:\/\/archivia.org\/wp-content\/uploads\/2025\/11\/45_ABCD_CDC_MAN_201221_1921109RMA000_01R-copia.jpg\" class=\"attachment-medium_large size-medium_large\" alt=\"\" aria-describedby=\"gallery-1-7894\" decoding=\"async\" srcset=\"https:\/\/archivia.org\/wp-content\/uploads\/2025\/11\/45_ABCD_CDC_MAN_201221_1921109RMA000_01R-copia.jpg 539w, https:\/\/archivia.org\/wp-content\/uploads\/2025\/11\/45_ABCD_CDC_MAN_201221_1921109RMA000_01R-copia-209x300.jpg 209w, https:\/\/archivia.org\/wp-content\/uploads\/2025\/11\/45_ABCD_CDC_MAN_201221_1921109RMA000_01R-copia-8x12.jpg 8w\" sizes=\"(max-width: 539px) 100vw, 539px\" title=\"\"><\/a>\n\t\t\t<\/div>\n\t\t\t\t<figcaption class='wp-caption-text gallery-caption' id='gallery-1-7894'>\n\t\t\t\tFuori l&#8217;Autrice! Cantateatro &#8211; 7\/2 -4\/4\/1987\n\t\t\t\t<\/figcaption><\/figure><figure class='gallery-item'>\n\t\t\t<div class='gallery-icon portrait'>\n\t\t\t\t<a data-elementor-open-lightbox=\"yes\" data-elementor-lightbox-slideshow=\"e0109f3\" data-elementor-lightbox-title=\"46_ABCD_CDC_MAN_201222_1921110RMA000_01R-copia\" data-e-action-hash=\"#elementor-action%3Aaction%3Dlightbox%26settings%3DeyJpZCI6Nzg5NSwidXJsIjoiaHR0cHM6XC9cL2FyY2hpdmlhLm9yZ1wvd3AtY29udGVudFwvdXBsb2Fkc1wvMjAyNVwvMTFcLzQ2X0FCQ0RfQ0RDX01BTl8yMDEyMjJfMTkyMTExMFJNQTAwMF8wMVItY29waWEuanBnIiwic2xpZGVzaG93IjoiZTAxMDlmMyJ9\" data-elementor-lightbox-description=\"La societ\u00e0 contro la donna serata di canzoni femministe - 5\/02\/1974\" href='https:\/\/archivia.org\/wp-content\/uploads\/2025\/11\/46_ABCD_CDC_MAN_201222_1921110RMA000_01R-copia.jpg'><img loading=\"lazy\" width=\"539\" height=\"785\" src=\"https:\/\/archivia.org\/wp-content\/uploads\/2025\/11\/46_ABCD_CDC_MAN_201222_1921110RMA000_01R-copia.jpg\" class=\"attachment-medium_large size-medium_large\" alt=\"\" aria-describedby=\"gallery-1-7895\" decoding=\"async\" srcset=\"https:\/\/archivia.org\/wp-content\/uploads\/2025\/11\/46_ABCD_CDC_MAN_201222_1921110RMA000_01R-copia.jpg 539w, https:\/\/archivia.org\/wp-content\/uploads\/2025\/11\/46_ABCD_CDC_MAN_201222_1921110RMA000_01R-copia-206x300.jpg 206w, https:\/\/archivia.org\/wp-content\/uploads\/2025\/11\/46_ABCD_CDC_MAN_201222_1921110RMA000_01R-copia-8x12.jpg 8w\" sizes=\"(max-width: 539px) 100vw, 539px\" title=\"\"><\/a>\n\t\t\t<\/div>\n\t\t\t\t<figcaption class='wp-caption-text gallery-caption' id='gallery-1-7895'>\n\t\t\t\tDonne scienziate nei laboratori degli uomini &#8211; 13\/12\/1986\n\t\t\t\t<\/figcaption><\/figure><figure class='gallery-item'>\n\t\t\t<div class='gallery-icon portrait'>\n\t\t\t\t<a data-elementor-open-lightbox=\"yes\" data-elementor-lightbox-slideshow=\"e0109f3\" data-elementor-lightbox-title=\"47_ABCD_CDC_MAN_201223_1921111RMA000_01R-copia\" data-e-action-hash=\"#elementor-action%3Aaction%3Dlightbox%26settings%3DeyJpZCI6Nzg5NiwidXJsIjoiaHR0cHM6XC9cL2FyY2hpdmlhLm9yZ1wvd3AtY29udGVudFwvdXBsb2Fkc1wvMjAyNVwvMTFcLzQ3X0FCQ0RfQ0RDX01BTl8yMDEyMjNfMTkyMTExMVJNQTAwMF8wMVItY29waWEuanBnIiwic2xpZGVzaG93IjoiZTAxMDlmMyJ9\" data-elementor-lightbox-description=\"La societ\u00e0 contro la donna serata di canzoni femministe - 5\/02\/1974\" href='https:\/\/archivia.org\/wp-content\/uploads\/2025\/11\/47_ABCD_CDC_MAN_201223_1921111RMA000_01R-copia.jpg'><img loading=\"lazy\" width=\"539\" height=\"780\" src=\"https:\/\/archivia.org\/wp-content\/uploads\/2025\/11\/47_ABCD_CDC_MAN_201223_1921111RMA000_01R-copia.jpg\" class=\"attachment-medium_large size-medium_large\" alt=\"\" aria-describedby=\"gallery-1-7896\" decoding=\"async\" srcset=\"https:\/\/archivia.org\/wp-content\/uploads\/2025\/11\/47_ABCD_CDC_MAN_201223_1921111RMA000_01R-copia.jpg 539w, https:\/\/archivia.org\/wp-content\/uploads\/2025\/11\/47_ABCD_CDC_MAN_201223_1921111RMA000_01R-copia-207x300.jpg 207w, https:\/\/archivia.org\/wp-content\/uploads\/2025\/11\/47_ABCD_CDC_MAN_201223_1921111RMA000_01R-copia-8x12.jpg 8w\" sizes=\"(max-width: 539px) 100vw, 539px\" title=\"\"><\/a>\n\t\t\t<\/div>\n\t\t\t\t<figcaption class='wp-caption-text gallery-caption' id='gallery-1-7896'>\n\t\t\t\tDramma d&#8217;amore al circo Bagno Bal\u00f2 &#8211; 24\/2\/1981\n\t\t\t\t<\/figcaption><\/figure><figure class='gallery-item'>\n\t\t\t<div class='gallery-icon portrait'>\n\t\t\t\t<a data-elementor-open-lightbox=\"yes\" data-elementor-lightbox-slideshow=\"e0109f3\" data-elementor-lightbox-title=\"48_ABCD_CDC_MAN_201229_1921116RMA000_01R-copia\" data-e-action-hash=\"#elementor-action%3Aaction%3Dlightbox%26settings%3DeyJpZCI6Nzg5NywidXJsIjoiaHR0cHM6XC9cL2FyY2hpdmlhLm9yZ1wvd3AtY29udGVudFwvdXBsb2Fkc1wvMjAyNVwvMTFcLzQ4X0FCQ0RfQ0RDX01BTl8yMDEyMjlfMTkyMTExNlJNQTAwMF8wMVItY29waWEuanBnIiwic2xpZGVzaG93IjoiZTAxMDlmMyJ9\" data-elementor-lightbox-description=\"La societ\u00e0 contro la donna serata di canzoni femministe - 5\/02\/1974\" href='https:\/\/archivia.org\/wp-content\/uploads\/2025\/11\/48_ABCD_CDC_MAN_201229_1921116RMA000_01R-copia.jpg'><img loading=\"lazy\" width=\"539\" height=\"769\" src=\"https:\/\/archivia.org\/wp-content\/uploads\/2025\/11\/48_ABCD_CDC_MAN_201229_1921116RMA000_01R-copia.jpg\" class=\"attachment-medium_large size-medium_large\" alt=\"\" aria-describedby=\"gallery-1-7897\" decoding=\"async\" srcset=\"https:\/\/archivia.org\/wp-content\/uploads\/2025\/11\/48_ABCD_CDC_MAN_201229_1921116RMA000_01R-copia.jpg 539w, https:\/\/archivia.org\/wp-content\/uploads\/2025\/11\/48_ABCD_CDC_MAN_201229_1921116RMA000_01R-copia-210x300.jpg 210w, https:\/\/archivia.org\/wp-content\/uploads\/2025\/11\/48_ABCD_CDC_MAN_201229_1921116RMA000_01R-copia-8x12.jpg 8w\" sizes=\"(max-width: 539px) 100vw, 539px\" title=\"\"><\/a>\n\t\t\t<\/div>\n\t\t\t\t<figcaption class='wp-caption-text gallery-caption' id='gallery-1-7897'>\n\t\t\t\tMinerva dossier. Come si deventa sante\n\t\t\t\t<\/figcaption><\/figure><figure class='gallery-item'>\n\t\t\t<div class='gallery-icon portrait'>\n\t\t\t\t<a data-elementor-open-lightbox=\"yes\" data-elementor-lightbox-slideshow=\"e0109f3\" data-elementor-lightbox-title=\"49_ABCD_CDC_MAN_201233_1921120RMA000_01R-copia\" data-e-action-hash=\"#elementor-action%3Aaction%3Dlightbox%26settings%3DeyJpZCI6Nzg5OCwidXJsIjoiaHR0cHM6XC9cL2FyY2hpdmlhLm9yZ1wvd3AtY29udGVudFwvdXBsb2Fkc1wvMjAyNVwvMTFcLzQ5X0FCQ0RfQ0RDX01BTl8yMDEyMzNfMTkyMTEyMFJNQTAwMF8wMVItY29waWEuanBnIiwic2xpZGVzaG93IjoiZTAxMDlmMyJ9\" data-elementor-lightbox-description=\"La societ\u00e0 contro la donna serata di canzoni femministe - 5\/02\/1974\" href='https:\/\/archivia.org\/wp-content\/uploads\/2025\/11\/49_ABCD_CDC_MAN_201233_1921120RMA000_01R-copia.jpg'><img loading=\"lazy\" width=\"539\" height=\"768\" src=\"https:\/\/archivia.org\/wp-content\/uploads\/2025\/11\/49_ABCD_CDC_MAN_201233_1921120RMA000_01R-copia.jpg\" class=\"attachment-medium_large size-medium_large\" alt=\"\" aria-describedby=\"gallery-1-7898\" decoding=\"async\" srcset=\"https:\/\/archivia.org\/wp-content\/uploads\/2025\/11\/49_ABCD_CDC_MAN_201233_1921120RMA000_01R-copia.jpg 539w, https:\/\/archivia.org\/wp-content\/uploads\/2025\/11\/49_ABCD_CDC_MAN_201233_1921120RMA000_01R-copia-211x300.jpg 211w, https:\/\/archivia.org\/wp-content\/uploads\/2025\/11\/49_ABCD_CDC_MAN_201233_1921120RMA000_01R-copia-8x12.jpg 8w\" sizes=\"(max-width: 539px) 100vw, 539px\" title=\"\"><\/a>\n\t\t\t<\/div>\n\t\t\t\t<figcaption class='wp-caption-text gallery-caption' id='gallery-1-7898'>\n\t\t\t\tMinerva. Come la mia nonna voglio partorire in casa\n\t\t\t\t<\/figcaption><\/figure><figure class='gallery-item'>\n\t\t\t<div class='gallery-icon portrait'>\n\t\t\t\t<a data-elementor-open-lightbox=\"yes\" data-elementor-lightbox-slideshow=\"e0109f3\" data-elementor-lightbox-title=\"51_ABCD_CDC_MAN_201239_1921125RMA000_01R-copia\" data-e-action-hash=\"#elementor-action%3Aaction%3Dlightbox%26settings%3DeyJpZCI6NzkwMCwidXJsIjoiaHR0cHM6XC9cL2FyY2hpdmlhLm9yZ1wvd3AtY29udGVudFwvdXBsb2Fkc1wvMjAyNVwvMTFcLzUxX0FCQ0RfQ0RDX01BTl8yMDEyMzlfMTkyMTEyNVJNQTAwMF8wMVItY29waWEuanBnIiwic2xpZGVzaG93IjoiZTAxMDlmMyJ9\" data-elementor-lightbox-description=\"La societ\u00e0 contro la donna serata di canzoni femministe - 5\/02\/1974\" href='https:\/\/archivia.org\/wp-content\/uploads\/2025\/11\/51_ABCD_CDC_MAN_201239_1921125RMA000_01R-copia.jpg'><img loading=\"lazy\" width=\"539\" height=\"763\" src=\"https:\/\/archivia.org\/wp-content\/uploads\/2025\/11\/51_ABCD_CDC_MAN_201239_1921125RMA000_01R-copia.jpg\" class=\"attachment-medium_large size-medium_large\" alt=\"\" aria-describedby=\"gallery-1-7900\" decoding=\"async\" srcset=\"https:\/\/archivia.org\/wp-content\/uploads\/2025\/11\/51_ABCD_CDC_MAN_201239_1921125RMA000_01R-copia.jpg 539w, https:\/\/archivia.org\/wp-content\/uploads\/2025\/11\/51_ABCD_CDC_MAN_201239_1921125RMA000_01R-copia-212x300.jpg 212w, https:\/\/archivia.org\/wp-content\/uploads\/2025\/11\/51_ABCD_CDC_MAN_201239_1921125RMA000_01R-copia-8x12.jpg 8w\" sizes=\"(max-width: 539px) 100vw, 539px\" title=\"\"><\/a>\n\t\t\t<\/div>\n\t\t\t\t<figcaption class='wp-caption-text gallery-caption' id='gallery-1-7900'>\n\t\t\t\tUnione genrale delle donne Palestinesi &#8211; 14-30\/06\/1986\n\t\t\t\t<\/figcaption><\/figure><figure class='gallery-item'>\n\t\t\t<div class='gallery-icon portrait'>\n\t\t\t\t<a data-elementor-open-lightbox=\"yes\" data-elementor-lightbox-slideshow=\"e0109f3\" data-elementor-lightbox-title=\"52_ABCD_CDC_MAN_201241_1921127RMA000_01R-copia\" data-e-action-hash=\"#elementor-action%3Aaction%3Dlightbox%26settings%3DeyJpZCI6NzkwMSwidXJsIjoiaHR0cHM6XC9cL2FyY2hpdmlhLm9yZ1wvd3AtY29udGVudFwvdXBsb2Fkc1wvMjAyNVwvMTFcLzUyX0FCQ0RfQ0RDX01BTl8yMDEyNDFfMTkyMTEyN1JNQTAwMF8wMVItY29waWEuanBnIiwic2xpZGVzaG93IjoiZTAxMDlmMyJ9\" data-elementor-lightbox-description=\"La societ\u00e0 contro la donna serata di canzoni femministe - 5\/02\/1974\" href='https:\/\/archivia.org\/wp-content\/uploads\/2025\/11\/52_ABCD_CDC_MAN_201241_1921127RMA000_01R-copia.jpg'><img loading=\"lazy\" width=\"539\" height=\"779\" src=\"https:\/\/archivia.org\/wp-content\/uploads\/2025\/11\/52_ABCD_CDC_MAN_201241_1921127RMA000_01R-copia.jpg\" class=\"attachment-medium_large size-medium_large\" alt=\"\" aria-describedby=\"gallery-1-7901\" decoding=\"async\" srcset=\"https:\/\/archivia.org\/wp-content\/uploads\/2025\/11\/52_ABCD_CDC_MAN_201241_1921127RMA000_01R-copia.jpg 539w, https:\/\/archivia.org\/wp-content\/uploads\/2025\/11\/52_ABCD_CDC_MAN_201241_1921127RMA000_01R-copia-208x300.jpg 208w, https:\/\/archivia.org\/wp-content\/uploads\/2025\/11\/52_ABCD_CDC_MAN_201241_1921127RMA000_01R-copia-8x12.jpg 8w\" sizes=\"(max-width: 539px) 100vw, 539px\" title=\"\"><\/a>\n\t\t\t<\/div>\n\t\t\t\t<figcaption class='wp-caption-text gallery-caption' id='gallery-1-7901'>\n\t\t\t\tBlue Blu  &#8211; 1980\n\t\t\t\t<\/figcaption><\/figure><figure class='gallery-item'>\n\t\t\t<div class='gallery-icon portrait'>\n\t\t\t\t<a data-elementor-open-lightbox=\"yes\" data-elementor-lightbox-slideshow=\"e0109f3\" data-elementor-lightbox-title=\"53_ABCD_CDC_MAN_201243_1921129RMA000_01R-copia\" data-e-action-hash=\"#elementor-action%3Aaction%3Dlightbox%26settings%3DeyJpZCI6NzkwMiwidXJsIjoiaHR0cHM6XC9cL2FyY2hpdmlhLm9yZ1wvd3AtY29udGVudFwvdXBsb2Fkc1wvMjAyNVwvMTFcLzUzX0FCQ0RfQ0RDX01BTl8yMDEyNDNfMTkyMTEyOVJNQTAwMF8wMVItY29waWEuanBnIiwic2xpZGVzaG93IjoiZTAxMDlmMyJ9\" data-elementor-lightbox-description=\"La societ\u00e0 contro la donna serata di canzoni femministe - 5\/02\/1974\" href='https:\/\/archivia.org\/wp-content\/uploads\/2025\/11\/53_ABCD_CDC_MAN_201243_1921129RMA000_01R-copia.jpg'><img loading=\"lazy\" width=\"539\" height=\"777\" src=\"https:\/\/archivia.org\/wp-content\/uploads\/2025\/11\/53_ABCD_CDC_MAN_201243_1921129RMA000_01R-copia.jpg\" class=\"attachment-medium_large size-medium_large\" alt=\"\" aria-describedby=\"gallery-1-7902\" decoding=\"async\" srcset=\"https:\/\/archivia.org\/wp-content\/uploads\/2025\/11\/53_ABCD_CDC_MAN_201243_1921129RMA000_01R-copia.jpg 539w, https:\/\/archivia.org\/wp-content\/uploads\/2025\/11\/53_ABCD_CDC_MAN_201243_1921129RMA000_01R-copia-208x300.jpg 208w, https:\/\/archivia.org\/wp-content\/uploads\/2025\/11\/53_ABCD_CDC_MAN_201243_1921129RMA000_01R-copia-8x12.jpg 8w\" sizes=\"(max-width: 539px) 100vw, 539px\" title=\"\"><\/a>\n\t\t\t<\/div>\n\t\t\t\t<figcaption class='wp-caption-text gallery-caption' id='gallery-1-7902'>\n\t\t\t\tIn principio era Marx di Adele Cambria &#8211; 1\/05\/1980\n\t\t\t\t<\/figcaption><\/figure><figure class='gallery-item'>\n\t\t\t<div class='gallery-icon portrait'>\n\t\t\t\t<a data-elementor-open-lightbox=\"yes\" data-elementor-lightbox-slideshow=\"e0109f3\" data-elementor-lightbox-title=\"54_ABCD_CDC_MAN_201244_1921130RMA000_01R-copia\" data-e-action-hash=\"#elementor-action%3Aaction%3Dlightbox%26settings%3DeyJpZCI6NzkwMywidXJsIjoiaHR0cHM6XC9cL2FyY2hpdmlhLm9yZ1wvd3AtY29udGVudFwvdXBsb2Fkc1wvMjAyNVwvMTFcLzU0X0FCQ0RfQ0RDX01BTl8yMDEyNDRfMTkyMTEzMFJNQTAwMF8wMVItY29waWEuanBnIiwic2xpZGVzaG93IjoiZTAxMDlmMyJ9\" data-elementor-lightbox-description=\"La societ\u00e0 contro la donna serata di canzoni femministe - 5\/02\/1974\" href='https:\/\/archivia.org\/wp-content\/uploads\/2025\/11\/54_ABCD_CDC_MAN_201244_1921130RMA000_01R-copia.jpg'><img loading=\"lazy\" width=\"539\" height=\"769\" src=\"https:\/\/archivia.org\/wp-content\/uploads\/2025\/11\/54_ABCD_CDC_MAN_201244_1921130RMA000_01R-copia.jpg\" class=\"attachment-medium_large size-medium_large\" alt=\"\" aria-describedby=\"gallery-1-7903\" decoding=\"async\" srcset=\"https:\/\/archivia.org\/wp-content\/uploads\/2025\/11\/54_ABCD_CDC_MAN_201244_1921130RMA000_01R-copia.jpg 539w, https:\/\/archivia.org\/wp-content\/uploads\/2025\/11\/54_ABCD_CDC_MAN_201244_1921130RMA000_01R-copia-210x300.jpg 210w, https:\/\/archivia.org\/wp-content\/uploads\/2025\/11\/54_ABCD_CDC_MAN_201244_1921130RMA000_01R-copia-8x12.jpg 8w\" sizes=\"(max-width: 539px) 100vw, 539px\" title=\"\"><\/a>\n\t\t\t<\/div>\n\t\t\t\t<figcaption class='wp-caption-text gallery-caption' id='gallery-1-7903'>\n\t\t\t\tPartorie in culture diverse &#8211; 1987\n\t\t\t\t<\/figcaption><\/figure><figure class='gallery-item'>\n\t\t\t<div class='gallery-icon portrait'>\n\t\t\t\t<a data-elementor-open-lightbox=\"yes\" data-elementor-lightbox-slideshow=\"e0109f3\" data-elementor-lightbox-title=\"59_ABCD_CDC_MAN_201250_1921135RMA000_01R-copia\" data-e-action-hash=\"#elementor-action%3Aaction%3Dlightbox%26settings%3DeyJpZCI6NzkwOCwidXJsIjoiaHR0cHM6XC9cL2FyY2hpdmlhLm9yZ1wvd3AtY29udGVudFwvdXBsb2Fkc1wvMjAyNVwvMTFcLzU5X0FCQ0RfQ0RDX01BTl8yMDEyNTBfMTkyMTEzNVJNQTAwMF8wMVItY29waWEuanBnIiwic2xpZGVzaG93IjoiZTAxMDlmMyJ9\" data-elementor-lightbox-description=\"La societ\u00e0 contro la donna serata di canzoni femministe - 5\/02\/1974\" href='https:\/\/archivia.org\/wp-content\/uploads\/2025\/11\/59_ABCD_CDC_MAN_201250_1921135RMA000_01R-copia.jpg'><img loading=\"lazy\" width=\"539\" height=\"1348\" src=\"https:\/\/archivia.org\/wp-content\/uploads\/2025\/11\/59_ABCD_CDC_MAN_201250_1921135RMA000_01R-copia.jpg\" class=\"attachment-medium_large size-medium_large\" alt=\"\" aria-describedby=\"gallery-1-7908\" decoding=\"async\" srcset=\"https:\/\/archivia.org\/wp-content\/uploads\/2025\/11\/59_ABCD_CDC_MAN_201250_1921135RMA000_01R-copia.jpg 539w, https:\/\/archivia.org\/wp-content\/uploads\/2025\/11\/59_ABCD_CDC_MAN_201250_1921135RMA000_01R-copia-120x300.jpg 120w, https:\/\/archivia.org\/wp-content\/uploads\/2025\/11\/59_ABCD_CDC_MAN_201250_1921135RMA000_01R-copia-409x1024.jpg 409w, https:\/\/archivia.org\/wp-content\/uploads\/2025\/11\/59_ABCD_CDC_MAN_201250_1921135RMA000_01R-copia-5x12.jpg 5w\" sizes=\"(max-width: 539px) 100vw, 539px\" title=\"\"><\/a>\n\t\t\t<\/div>\n\t\t\t\t<figcaption class='wp-caption-text gallery-caption' id='gallery-1-7908'>\n\t\t\t\tContro ogni violenza &#8211; 8-30\/03\/1983\n\t\t\t\t<\/figcaption><\/figure><figure class='gallery-item'>\n\t\t\t<div class='gallery-icon portrait'>\n\t\t\t\t<a data-elementor-open-lightbox=\"yes\" data-elementor-lightbox-slideshow=\"e0109f3\" data-elementor-lightbox-title=\"79_ABCD_CDC_MAN_201338_1921164RMA000_01R-copia\" data-e-action-hash=\"#elementor-action%3Aaction%3Dlightbox%26settings%3DeyJpZCI6NzkyNiwidXJsIjoiaHR0cHM6XC9cL2FyY2hpdmlhLm9yZ1wvd3AtY29udGVudFwvdXBsb2Fkc1wvMjAyNVwvMTFcLzc5X0FCQ0RfQ0RDX01BTl8yMDEzMzhfMTkyMTE2NFJNQTAwMF8wMVItY29waWEuanBnIiwic2xpZGVzaG93IjoiZTAxMDlmMyJ9\" data-elementor-lightbox-description=\"La societ\u00e0 contro la donna serata di canzoni femministe - 5\/02\/1974\" href='https:\/\/archivia.org\/wp-content\/uploads\/2025\/11\/79_ABCD_CDC_MAN_201338_1921164RMA000_01R-copia.jpg'><img loading=\"lazy\" width=\"539\" height=\"1147\" src=\"https:\/\/archivia.org\/wp-content\/uploads\/2025\/11\/79_ABCD_CDC_MAN_201338_1921164RMA000_01R-copia.jpg\" class=\"attachment-medium_large size-medium_large\" alt=\"\" aria-describedby=\"gallery-1-7926\" decoding=\"async\" srcset=\"https:\/\/archivia.org\/wp-content\/uploads\/2025\/11\/79_ABCD_CDC_MAN_201338_1921164RMA000_01R-copia.jpg 539w, https:\/\/archivia.org\/wp-content\/uploads\/2025\/11\/79_ABCD_CDC_MAN_201338_1921164RMA000_01R-copia-141x300.jpg 141w, https:\/\/archivia.org\/wp-content\/uploads\/2025\/11\/79_ABCD_CDC_MAN_201338_1921164RMA000_01R-copia-481x1024.jpg 481w, https:\/\/archivia.org\/wp-content\/uploads\/2025\/11\/79_ABCD_CDC_MAN_201338_1921164RMA000_01R-copia-6x12.jpg 6w\" sizes=\"(max-width: 539px) 100vw, 539px\" title=\"\"><\/a>\n\t\t\t<\/div>\n\t\t\t\t<figcaption class='wp-caption-text gallery-caption' id='gallery-1-7926'>\n\t\t\t\tMonitorando Pechino &#8211; 9-22\/09\/1996\n\t\t\t\t<\/figcaption><\/figure><figure class='gallery-item'>\n\t\t\t<div class='gallery-icon portrait'>\n\t\t\t\t<a data-elementor-open-lightbox=\"yes\" data-elementor-lightbox-slideshow=\"e0109f3\" data-elementor-lightbox-title=\"50_ABCD_CDC_MAN_201236_1921122RMA000_01R-copia\" data-e-action-hash=\"#elementor-action%3Aaction%3Dlightbox%26settings%3DeyJpZCI6Nzg5OSwidXJsIjoiaHR0cHM6XC9cL2FyY2hpdmlhLm9yZ1wvd3AtY29udGVudFwvdXBsb2Fkc1wvMjAyNVwvMTFcLzUwX0FCQ0RfQ0RDX01BTl8yMDEyMzZfMTkyMTEyMlJNQTAwMF8wMVItY29waWEuanBnIiwic2xpZGVzaG93IjoiZTAxMDlmMyJ9\" data-elementor-lightbox-description=\"La societ\u00e0 contro la donna serata di canzoni femministe - 5\/02\/1974\" href='https:\/\/archivia.org\/wp-content\/uploads\/2025\/11\/50_ABCD_CDC_MAN_201236_1921122RMA000_01R-copia.jpg'><img loading=\"lazy\" width=\"539\" height=\"1015\" src=\"https:\/\/archivia.org\/wp-content\/uploads\/2025\/11\/50_ABCD_CDC_MAN_201236_1921122RMA000_01R-copia.jpg\" class=\"attachment-medium_large size-medium_large\" alt=\"\" aria-describedby=\"gallery-1-7899\" decoding=\"async\" srcset=\"https:\/\/archivia.org\/wp-content\/uploads\/2025\/11\/50_ABCD_CDC_MAN_201236_1921122RMA000_01R-copia.jpg 539w, https:\/\/archivia.org\/wp-content\/uploads\/2025\/11\/50_ABCD_CDC_MAN_201236_1921122RMA000_01R-copia-159x300.jpg 159w, https:\/\/archivia.org\/wp-content\/uploads\/2025\/11\/50_ABCD_CDC_MAN_201236_1921122RMA000_01R-copia-6x12.jpg 6w\" sizes=\"(max-width: 539px) 100vw, 539px\" title=\"\"><\/a>\n\t\t\t<\/div>\n\t\t\t\t<figcaption class='wp-caption-text gallery-caption' id='gallery-1-7899'>\n\t\t\t\tSerafina Davalois\n\t\t\t\t<\/figcaption><\/figure><figure class='gallery-item'>\n\t\t\t<div class='gallery-icon portrait'>\n\t\t\t\t<a data-elementor-open-lightbox=\"yes\" data-elementor-lightbox-slideshow=\"e0109f3\" data-elementor-lightbox-title=\"56_ABCD_CDC_MAN_201245_1921131RMA000_01V-copia\" data-e-action-hash=\"#elementor-action%3Aaction%3Dlightbox%26settings%3DeyJpZCI6NzkwNSwidXJsIjoiaHR0cHM6XC9cL2FyY2hpdmlhLm9yZ1wvd3AtY29udGVudFwvdXBsb2Fkc1wvMjAyNVwvMTFcLzU2X0FCQ0RfQ0RDX01BTl8yMDEyNDVfMTkyMTEzMVJNQTAwMF8wMVYtY29waWEuanBnIiwic2xpZGVzaG93IjoiZTAxMDlmMyJ9\" data-elementor-lightbox-description=\"La societ\u00e0 contro la donna serata di canzoni femministe - 5\/02\/1974\" href='https:\/\/archivia.org\/wp-content\/uploads\/2025\/11\/56_ABCD_CDC_MAN_201245_1921131RMA000_01V-copia.jpg'><img loading=\"lazy\" width=\"539\" height=\"1021\" src=\"https:\/\/archivia.org\/wp-content\/uploads\/2025\/11\/56_ABCD_CDC_MAN_201245_1921131RMA000_01V-copia.jpg\" class=\"attachment-medium_large size-medium_large\" alt=\"\" aria-describedby=\"gallery-1-7905\" decoding=\"async\" srcset=\"https:\/\/archivia.org\/wp-content\/uploads\/2025\/11\/56_ABCD_CDC_MAN_201245_1921131RMA000_01V-copia.jpg 539w, https:\/\/archivia.org\/wp-content\/uploads\/2025\/11\/56_ABCD_CDC_MAN_201245_1921131RMA000_01V-copia-158x300.jpg 158w, https:\/\/archivia.org\/wp-content\/uploads\/2025\/11\/56_ABCD_CDC_MAN_201245_1921131RMA000_01V-copia-6x12.jpg 6w\" sizes=\"(max-width: 539px) 100vw, 539px\" title=\"\"><\/a>\n\t\t\t<\/div>\n\t\t\t\t<figcaption class='wp-caption-text gallery-caption' id='gallery-1-7905'>\n\t\t\t\tVivere e pensare fa la differenza &#8211; 23-24\/01\/1988\n\t\t\t\t<\/figcaption><\/figure><figure class='gallery-item'>\n\t\t\t<div class='gallery-icon portrait'>\n\t\t\t\t<a data-elementor-open-lightbox=\"yes\" data-elementor-lightbox-slideshow=\"e0109f3\" data-elementor-lightbox-title=\"55_ABCD_CDC_MAN_201245_1921131RMA000_01R-copia\" data-e-action-hash=\"#elementor-action%3Aaction%3Dlightbox%26settings%3DeyJpZCI6NzkwNCwidXJsIjoiaHR0cHM6XC9cL2FyY2hpdmlhLm9yZ1wvd3AtY29udGVudFwvdXBsb2Fkc1wvMjAyNVwvMTFcLzU1X0FCQ0RfQ0RDX01BTl8yMDEyNDVfMTkyMTEzMVJNQTAwMF8wMVItY29waWEuanBnIiwic2xpZGVzaG93IjoiZTAxMDlmMyJ9\" data-elementor-lightbox-description=\"La societ\u00e0 contro la donna serata di canzoni femministe - 5\/02\/1974\" href='https:\/\/archivia.org\/wp-content\/uploads\/2025\/11\/55_ABCD_CDC_MAN_201245_1921131RMA000_01R-copia.jpg'><img loading=\"lazy\" width=\"539\" height=\"1024\" src=\"https:\/\/archivia.org\/wp-content\/uploads\/2025\/11\/55_ABCD_CDC_MAN_201245_1921131RMA000_01R-copia.jpg\" class=\"attachment-medium_large size-medium_large\" alt=\"\" aria-describedby=\"gallery-1-7904\" decoding=\"async\" srcset=\"https:\/\/archivia.org\/wp-content\/uploads\/2025\/11\/55_ABCD_CDC_MAN_201245_1921131RMA000_01R-copia.jpg 539w, https:\/\/archivia.org\/wp-content\/uploads\/2025\/11\/55_ABCD_CDC_MAN_201245_1921131RMA000_01R-copia-158x300.jpg 158w, https:\/\/archivia.org\/wp-content\/uploads\/2025\/11\/55_ABCD_CDC_MAN_201245_1921131RMA000_01R-copia-6x12.jpg 6w\" sizes=\"(max-width: 539px) 100vw, 539px\" title=\"\"><\/a>\n\t\t\t<\/div>\n\t\t\t\t<figcaption class='wp-caption-text gallery-caption' id='gallery-1-7904'>\n\t\t\t\tVivere e pensare fa la differenza &#8211; 23-24\/01\/1988\n\t\t\t\t<\/figcaption><\/figure><figure class='gallery-item'>\n\t\t\t<div class='gallery-icon portrait'>\n\t\t\t\t<a data-elementor-open-lightbox=\"yes\" data-elementor-lightbox-slideshow=\"e0109f3\" data-elementor-lightbox-title=\"57_ABCD_CDC_MAN_201246_1921132RMA000_01R-copia\" data-e-action-hash=\"#elementor-action%3Aaction%3Dlightbox%26settings%3DeyJpZCI6NzkwNiwidXJsIjoiaHR0cHM6XC9cL2FyY2hpdmlhLm9yZ1wvd3AtY29udGVudFwvdXBsb2Fkc1wvMjAyNVwvMTFcLzU3X0FCQ0RfQ0RDX01BTl8yMDEyNDZfMTkyMTEzMlJNQTAwMF8wMVItY29waWEuanBnIiwic2xpZGVzaG93IjoiZTAxMDlmMyJ9\" data-elementor-lightbox-description=\"La societ\u00e0 contro la donna serata di canzoni femministe - 5\/02\/1974\" href='https:\/\/archivia.org\/wp-content\/uploads\/2025\/11\/57_ABCD_CDC_MAN_201246_1921132RMA000_01R-copia.jpg'><img loading=\"lazy\" width=\"539\" height=\"746\" src=\"https:\/\/archivia.org\/wp-content\/uploads\/2025\/11\/57_ABCD_CDC_MAN_201246_1921132RMA000_01R-copia.jpg\" class=\"attachment-medium_large size-medium_large\" alt=\"\" aria-describedby=\"gallery-1-7906\" decoding=\"async\" srcset=\"https:\/\/archivia.org\/wp-content\/uploads\/2025\/11\/57_ABCD_CDC_MAN_201246_1921132RMA000_01R-copia.jpg 539w, https:\/\/archivia.org\/wp-content\/uploads\/2025\/11\/57_ABCD_CDC_MAN_201246_1921132RMA000_01R-copia-217x300.jpg 217w, https:\/\/archivia.org\/wp-content\/uploads\/2025\/11\/57_ABCD_CDC_MAN_201246_1921132RMA000_01R-copia-9x12.jpg 9w\" sizes=\"(max-width: 539px) 100vw, 539px\" title=\"\"><\/a>\n\t\t\t<\/div>\n\t\t\t\t<figcaption class='wp-caption-text gallery-caption' id='gallery-1-7906'>\n\t\t\t\tPer una vita Migliore 1980 1984 Unione nazionale donne Algeria\n\t\t\t\t<\/figcaption><\/figure><figure class='gallery-item'>\n\t\t\t<div class='gallery-icon portrait'>\n\t\t\t\t<a data-elementor-open-lightbox=\"yes\" data-elementor-lightbox-slideshow=\"e0109f3\" data-elementor-lightbox-title=\"58_ABCD_CDC_MAN_201249_1921134RMA000_01R-copia\" data-e-action-hash=\"#elementor-action%3Aaction%3Dlightbox%26settings%3DeyJpZCI6NzkwNywidXJsIjoiaHR0cHM6XC9cL2FyY2hpdmlhLm9yZ1wvd3AtY29udGVudFwvdXBsb2Fkc1wvMjAyNVwvMTFcLzU4X0FCQ0RfQ0RDX01BTl8yMDEyNDlfMTkyMTEzNFJNQTAwMF8wMVItY29waWEuanBnIiwic2xpZGVzaG93IjoiZTAxMDlmMyJ9\" data-elementor-lightbox-description=\"La societ\u00e0 contro la donna serata di canzoni femministe - 5\/02\/1974\" href='https:\/\/archivia.org\/wp-content\/uploads\/2025\/11\/58_ABCD_CDC_MAN_201249_1921134RMA000_01R-copia.jpg'><img loading=\"lazy\" width=\"539\" height=\"843\" src=\"https:\/\/archivia.org\/wp-content\/uploads\/2025\/11\/58_ABCD_CDC_MAN_201249_1921134RMA000_01R-copia.jpg\" class=\"attachment-medium_large size-medium_large\" alt=\"\" aria-describedby=\"gallery-1-7907\" decoding=\"async\" srcset=\"https:\/\/archivia.org\/wp-content\/uploads\/2025\/11\/58_ABCD_CDC_MAN_201249_1921134RMA000_01R-copia.jpg 539w, https:\/\/archivia.org\/wp-content\/uploads\/2025\/11\/58_ABCD_CDC_MAN_201249_1921134RMA000_01R-copia-192x300.jpg 192w, https:\/\/archivia.org\/wp-content\/uploads\/2025\/11\/58_ABCD_CDC_MAN_201249_1921134RMA000_01R-copia-8x12.jpg 8w\" sizes=\"(max-width: 539px) 100vw, 539px\" title=\"\"><\/a>\n\t\t\t<\/div>\n\t\t\t\t<figcaption class='wp-caption-text gallery-caption' id='gallery-1-7907'>\n\t\t\t\tChile. Giornata internazionale della donna  &#8211; 8\/3\/1989\n\t\t\t\t<\/figcaption><\/figure><figure class='gallery-item'>\n\t\t\t<div class='gallery-icon portrait'>\n\t\t\t\t<a data-elementor-open-lightbox=\"yes\" data-elementor-lightbox-slideshow=\"e0109f3\" data-elementor-lightbox-title=\"60_ABCD_CDC_MAN_201251_1921136RMA000_01R-copia\" data-e-action-hash=\"#elementor-action%3Aaction%3Dlightbox%26settings%3DeyJpZCI6NzkwOSwidXJsIjoiaHR0cHM6XC9cL2FyY2hpdmlhLm9yZ1wvd3AtY29udGVudFwvdXBsb2Fkc1wvMjAyNVwvMTFcLzYwX0FCQ0RfQ0RDX01BTl8yMDEyNTFfMTkyMTEzNlJNQTAwMF8wMVItY29waWEuanBnIiwic2xpZGVzaG93IjoiZTAxMDlmMyJ9\" data-elementor-lightbox-description=\"La societ\u00e0 contro la donna serata di canzoni femministe - 5\/02\/1974\" href='https:\/\/archivia.org\/wp-content\/uploads\/2025\/11\/60_ABCD_CDC_MAN_201251_1921136RMA000_01R-copia.jpg'><img loading=\"lazy\" width=\"539\" height=\"781\" src=\"https:\/\/archivia.org\/wp-content\/uploads\/2025\/11\/60_ABCD_CDC_MAN_201251_1921136RMA000_01R-copia.jpg\" class=\"attachment-medium_large size-medium_large\" alt=\"\" aria-describedby=\"gallery-1-7909\" decoding=\"async\" srcset=\"https:\/\/archivia.org\/wp-content\/uploads\/2025\/11\/60_ABCD_CDC_MAN_201251_1921136RMA000_01R-copia.jpg 539w, https:\/\/archivia.org\/wp-content\/uploads\/2025\/11\/60_ABCD_CDC_MAN_201251_1921136RMA000_01R-copia-207x300.jpg 207w, https:\/\/archivia.org\/wp-content\/uploads\/2025\/11\/60_ABCD_CDC_MAN_201251_1921136RMA000_01R-copia-8x12.jpg 8w\" sizes=\"(max-width: 539px) 100vw, 539px\" title=\"\"><\/a>\n\t\t\t<\/div>\n\t\t\t\t<figcaption class='wp-caption-text gallery-caption' id='gallery-1-7909'>\n\t\t\t\tVirginia -29\/09\/[1980]\n\t\t\t\t<\/figcaption><\/figure><figure class='gallery-item'>\n\t\t\t<div class='gallery-icon portrait'>\n\t\t\t\t<a data-elementor-open-lightbox=\"yes\" data-elementor-lightbox-slideshow=\"e0109f3\" data-elementor-lightbox-title=\"61_ABCD_CDC_MAN_201254_1921139RMA000_01R-copia\" data-e-action-hash=\"#elementor-action%3Aaction%3Dlightbox%26settings%3DeyJpZCI6NzkxMCwidXJsIjoiaHR0cHM6XC9cL2FyY2hpdmlhLm9yZ1wvd3AtY29udGVudFwvdXBsb2Fkc1wvMjAyNVwvMTFcLzYxX0FCQ0RfQ0RDX01BTl8yMDEyNTRfMTkyMTEzOVJNQTAwMF8wMVItY29waWEuanBnIiwic2xpZGVzaG93IjoiZTAxMDlmMyJ9\" data-elementor-lightbox-description=\"La societ\u00e0 contro la donna serata di canzoni femministe - 5\/02\/1974\" href='https:\/\/archivia.org\/wp-content\/uploads\/2025\/11\/61_ABCD_CDC_MAN_201254_1921139RMA000_01R-copia.jpg'><img loading=\"lazy\" width=\"539\" height=\"776\" src=\"https:\/\/archivia.org\/wp-content\/uploads\/2025\/11\/61_ABCD_CDC_MAN_201254_1921139RMA000_01R-copia.jpg\" class=\"attachment-medium_large size-medium_large\" alt=\"\" aria-describedby=\"gallery-1-7910\" decoding=\"async\" srcset=\"https:\/\/archivia.org\/wp-content\/uploads\/2025\/11\/61_ABCD_CDC_MAN_201254_1921139RMA000_01R-copia.jpg 539w, https:\/\/archivia.org\/wp-content\/uploads\/2025\/11\/61_ABCD_CDC_MAN_201254_1921139RMA000_01R-copia-208x300.jpg 208w, https:\/\/archivia.org\/wp-content\/uploads\/2025\/11\/61_ABCD_CDC_MAN_201254_1921139RMA000_01R-copia-8x12.jpg 8w\" sizes=\"(max-width: 539px) 100vw, 539px\" title=\"\"><\/a>\n\t\t\t<\/div>\n\t\t\t\t<figcaption class='wp-caption-text gallery-caption' id='gallery-1-7910'>\n\t\t\t\tCentro culturale Virginia Woolf 1980-81 &#8211; 1980\n\t\t\t\t<\/figcaption><\/figure><figure class='gallery-item'>\n\t\t\t<div class='gallery-icon portrait'>\n\t\t\t\t<a data-elementor-open-lightbox=\"yes\" data-elementor-lightbox-slideshow=\"e0109f3\" data-elementor-lightbox-title=\"63_ABCD_CDC_MAN_201256_1921141RMA000_01R-copia\" data-e-action-hash=\"#elementor-action%3Aaction%3Dlightbox%26settings%3DeyJpZCI6NzkxMSwidXJsIjoiaHR0cHM6XC9cL2FyY2hpdmlhLm9yZ1wvd3AtY29udGVudFwvdXBsb2Fkc1wvMjAyNVwvMTFcLzYzX0FCQ0RfQ0RDX01BTl8yMDEyNTZfMTkyMTE0MVJNQTAwMF8wMVItY29waWEuanBnIiwic2xpZGVzaG93IjoiZTAxMDlmMyJ9\" data-elementor-lightbox-description=\"La societ\u00e0 contro la donna serata di canzoni femministe - 5\/02\/1974\" href='https:\/\/archivia.org\/wp-content\/uploads\/2025\/11\/63_ABCD_CDC_MAN_201256_1921141RMA000_01R-copia.jpg'><img loading=\"lazy\" width=\"539\" height=\"747\" src=\"https:\/\/archivia.org\/wp-content\/uploads\/2025\/11\/63_ABCD_CDC_MAN_201256_1921141RMA000_01R-copia.jpg\" class=\"attachment-medium_large size-medium_large\" alt=\"\" aria-describedby=\"gallery-1-7911\" decoding=\"async\" srcset=\"https:\/\/archivia.org\/wp-content\/uploads\/2025\/11\/63_ABCD_CDC_MAN_201256_1921141RMA000_01R-copia.jpg 539w, https:\/\/archivia.org\/wp-content\/uploads\/2025\/11\/63_ABCD_CDC_MAN_201256_1921141RMA000_01R-copia-216x300.jpg 216w, https:\/\/archivia.org\/wp-content\/uploads\/2025\/11\/63_ABCD_CDC_MAN_201256_1921141RMA000_01R-copia-9x12.jpg 9w\" sizes=\"(max-width: 539px) 100vw, 539px\" title=\"\"><\/a>\n\t\t\t<\/div>\n\t\t\t\t<figcaption class='wp-caption-text gallery-caption' id='gallery-1-7911'>\n\t\t\t\tAtto unico e irripetibile. Il bacio imprigionato &#8211; [1981]\n\t\t\t\t<\/figcaption><\/figure><figure class='gallery-item'>\n\t\t\t<div class='gallery-icon portrait'>\n\t\t\t\t<a data-elementor-open-lightbox=\"yes\" data-elementor-lightbox-slideshow=\"e0109f3\" data-elementor-lightbox-title=\"64_ABCD_CDC_MAN_201258_1921142RMA000_01R-copia\" data-e-action-hash=\"#elementor-action%3Aaction%3Dlightbox%26settings%3DeyJpZCI6NzkxMiwidXJsIjoiaHR0cHM6XC9cL2FyY2hpdmlhLm9yZ1wvd3AtY29udGVudFwvdXBsb2Fkc1wvMjAyNVwvMTFcLzY0X0FCQ0RfQ0RDX01BTl8yMDEyNThfMTkyMTE0MlJNQTAwMF8wMVItY29waWEuanBnIiwic2xpZGVzaG93IjoiZTAxMDlmMyJ9\" data-elementor-lightbox-description=\"La societ\u00e0 contro la donna serata di canzoni femministe - 5\/02\/1974\" href='https:\/\/archivia.org\/wp-content\/uploads\/2025\/11\/64_ABCD_CDC_MAN_201258_1921142RMA000_01R-copia.jpg'><img loading=\"lazy\" width=\"539\" height=\"807\" src=\"https:\/\/archivia.org\/wp-content\/uploads\/2025\/11\/64_ABCD_CDC_MAN_201258_1921142RMA000_01R-copia.jpg\" class=\"attachment-medium_large size-medium_large\" alt=\"\" aria-describedby=\"gallery-1-7912\" decoding=\"async\" srcset=\"https:\/\/archivia.org\/wp-content\/uploads\/2025\/11\/64_ABCD_CDC_MAN_201258_1921142RMA000_01R-copia.jpg 539w, https:\/\/archivia.org\/wp-content\/uploads\/2025\/11\/64_ABCD_CDC_MAN_201258_1921142RMA000_01R-copia-200x300.jpg 200w, https:\/\/archivia.org\/wp-content\/uploads\/2025\/11\/64_ABCD_CDC_MAN_201258_1921142RMA000_01R-copia-8x12.jpg 8w\" sizes=\"(max-width: 539px) 100vw, 539px\" title=\"\"><\/a>\n\t\t\t<\/div>\n\t\t\t\t<figcaption class='wp-caption-text gallery-caption' id='gallery-1-7912'>\n\t\t\t\tQuotidiano donna. Regaliamoci un giornale &#8211; [ Post 1978] \n\t\t\t\t<\/figcaption><\/figure><figure class='gallery-item'>\n\t\t\t<div class='gallery-icon portrait'>\n\t\t\t\t<a data-elementor-open-lightbox=\"yes\" data-elementor-lightbox-slideshow=\"e0109f3\" data-elementor-lightbox-title=\"65_ABCD_CDC_MAN_201295_1921150RMA000_01R-copia\" data-e-action-hash=\"#elementor-action%3Aaction%3Dlightbox%26settings%3DeyJpZCI6NzkxMywidXJsIjoiaHR0cHM6XC9cL2FyY2hpdmlhLm9yZ1wvd3AtY29udGVudFwvdXBsb2Fkc1wvMjAyNVwvMTFcLzY1X0FCQ0RfQ0RDX01BTl8yMDEyOTVfMTkyMTE1MFJNQTAwMF8wMVItY29waWEuanBnIiwic2xpZGVzaG93IjoiZTAxMDlmMyJ9\" data-elementor-lightbox-description=\"La societ\u00e0 contro la donna serata di canzoni femministe - 5\/02\/1974\" href='https:\/\/archivia.org\/wp-content\/uploads\/2025\/11\/65_ABCD_CDC_MAN_201295_1921150RMA000_01R-copia.jpg'><img loading=\"lazy\" width=\"539\" height=\"764\" src=\"https:\/\/archivia.org\/wp-content\/uploads\/2025\/11\/65_ABCD_CDC_MAN_201295_1921150RMA000_01R-copia.jpg\" class=\"attachment-medium_large size-medium_large\" alt=\"\" aria-describedby=\"gallery-1-7913\" decoding=\"async\" srcset=\"https:\/\/archivia.org\/wp-content\/uploads\/2025\/11\/65_ABCD_CDC_MAN_201295_1921150RMA000_01R-copia.jpg 539w, https:\/\/archivia.org\/wp-content\/uploads\/2025\/11\/65_ABCD_CDC_MAN_201295_1921150RMA000_01R-copia-212x300.jpg 212w, https:\/\/archivia.org\/wp-content\/uploads\/2025\/11\/65_ABCD_CDC_MAN_201295_1921150RMA000_01R-copia-8x12.jpg 8w\" sizes=\"(max-width: 539px) 100vw, 539px\" title=\"\"><\/a>\n\t\t\t<\/div>\n\t\t\t\t<figcaption class='wp-caption-text gallery-caption' id='gallery-1-7913'>\n\t\t\t\tManifestazione internazionale per la liberalizzazione dell&#8217;aborto &#8211; 6\/12\/[1975]\n\t\t\t\t<\/figcaption><\/figure><figure class='gallery-item'>\n\t\t\t<div class='gallery-icon portrait'>\n\t\t\t\t<a data-elementor-open-lightbox=\"yes\" data-elementor-lightbox-slideshow=\"e0109f3\" data-elementor-lightbox-title=\"66_ABCD_CDC_MAN_201309_1921152RMA000_01R-copia\" data-e-action-hash=\"#elementor-action%3Aaction%3Dlightbox%26settings%3DeyJpZCI6NzkxNCwidXJsIjoiaHR0cHM6XC9cL2FyY2hpdmlhLm9yZ1wvd3AtY29udGVudFwvdXBsb2Fkc1wvMjAyNVwvMTFcLzY2X0FCQ0RfQ0RDX01BTl8yMDEzMDlfMTkyMTE1MlJNQTAwMF8wMVItY29waWEuanBnIiwic2xpZGVzaG93IjoiZTAxMDlmMyJ9\" data-elementor-lightbox-description=\"La societ\u00e0 contro la donna serata di canzoni femministe - 5\/02\/1974\" href='https:\/\/archivia.org\/wp-content\/uploads\/2025\/11\/66_ABCD_CDC_MAN_201309_1921152RMA000_01R-copia.jpg'><img loading=\"lazy\" width=\"539\" height=\"774\" src=\"https:\/\/archivia.org\/wp-content\/uploads\/2025\/11\/66_ABCD_CDC_MAN_201309_1921152RMA000_01R-copia.jpg\" class=\"attachment-medium_large size-medium_large\" alt=\"\" aria-describedby=\"gallery-1-7914\" decoding=\"async\" srcset=\"https:\/\/archivia.org\/wp-content\/uploads\/2025\/11\/66_ABCD_CDC_MAN_201309_1921152RMA000_01R-copia.jpg 539w, https:\/\/archivia.org\/wp-content\/uploads\/2025\/11\/66_ABCD_CDC_MAN_201309_1921152RMA000_01R-copia-209x300.jpg 209w, https:\/\/archivia.org\/wp-content\/uploads\/2025\/11\/66_ABCD_CDC_MAN_201309_1921152RMA000_01R-copia-8x12.jpg 8w\" sizes=\"(max-width: 539px) 100vw, 539px\" title=\"\"><\/a>\n\t\t\t<\/div>\n\t\t\t\t<figcaption class='wp-caption-text gallery-caption' id='gallery-1-7914'>\n\t\t\t\tSguardo D. Mostra fotografica &#8211; 16-30\/11\/1993\n\t\t\t\t<\/figcaption><\/figure><figure class='gallery-item'>\n\t\t\t<div class='gallery-icon portrait'>\n\t\t\t\t<a data-elementor-open-lightbox=\"yes\" data-elementor-lightbox-slideshow=\"e0109f3\" data-elementor-lightbox-title=\"67_ABCD_CDC_MAN_201314_1921153RMA000_01R-copia\" data-e-action-hash=\"#elementor-action%3Aaction%3Dlightbox%26settings%3DeyJpZCI6NzkxNSwidXJsIjoiaHR0cHM6XC9cL2FyY2hpdmlhLm9yZ1wvd3AtY29udGVudFwvdXBsb2Fkc1wvMjAyNVwvMTFcLzY3X0FCQ0RfQ0RDX01BTl8yMDEzMTRfMTkyMTE1M1JNQTAwMF8wMVItY29waWEuanBnIiwic2xpZGVzaG93IjoiZTAxMDlmMyJ9\" data-elementor-lightbox-description=\"La societ\u00e0 contro la donna serata di canzoni femministe - 5\/02\/1974\" href='https:\/\/archivia.org\/wp-content\/uploads\/2025\/11\/67_ABCD_CDC_MAN_201314_1921153RMA000_01R-copia.jpg'><img loading=\"lazy\" width=\"539\" height=\"769\" src=\"https:\/\/archivia.org\/wp-content\/uploads\/2025\/11\/67_ABCD_CDC_MAN_201314_1921153RMA000_01R-copia.jpg\" class=\"attachment-medium_large size-medium_large\" alt=\"\" aria-describedby=\"gallery-1-7915\" decoding=\"async\" srcset=\"https:\/\/archivia.org\/wp-content\/uploads\/2025\/11\/67_ABCD_CDC_MAN_201314_1921153RMA000_01R-copia.jpg 539w, https:\/\/archivia.org\/wp-content\/uploads\/2025\/11\/67_ABCD_CDC_MAN_201314_1921153RMA000_01R-copia-210x300.jpg 210w, https:\/\/archivia.org\/wp-content\/uploads\/2025\/11\/67_ABCD_CDC_MAN_201314_1921153RMA000_01R-copia-8x12.jpg 8w\" sizes=\"(max-width: 539px) 100vw, 539px\" title=\"\"><\/a>\n\t\t\t<\/div>\n\t\t\t\t<figcaption class='wp-caption-text gallery-caption' id='gallery-1-7915'>\n\t\t\t\tBioetica s\u00ec, no: perch\u00e8? &#8211; 17\/10\/1992\n\t\t\t\t<\/figcaption><\/figure><figure class='gallery-item'>\n\t\t\t<div class='gallery-icon portrait'>\n\t\t\t\t<a data-elementor-open-lightbox=\"yes\" data-elementor-lightbox-slideshow=\"e0109f3\" data-elementor-lightbox-title=\"68_ABCD_CDC_MAN_201315_1921154RMA000_01R-copia\" data-e-action-hash=\"#elementor-action%3Aaction%3Dlightbox%26settings%3DeyJpZCI6NzkxNiwidXJsIjoiaHR0cHM6XC9cL2FyY2hpdmlhLm9yZ1wvd3AtY29udGVudFwvdXBsb2Fkc1wvMjAyNVwvMTFcLzY4X0FCQ0RfQ0RDX01BTl8yMDEzMTVfMTkyMTE1NFJNQTAwMF8wMVItY29waWEuanBnIiwic2xpZGVzaG93IjoiZTAxMDlmMyJ9\" data-elementor-lightbox-description=\"La societ\u00e0 contro la donna serata di canzoni femministe - 5\/02\/1974\" href='https:\/\/archivia.org\/wp-content\/uploads\/2025\/11\/68_ABCD_CDC_MAN_201315_1921154RMA000_01R-copia.jpg'><img loading=\"lazy\" width=\"539\" height=\"786\" src=\"https:\/\/archivia.org\/wp-content\/uploads\/2025\/11\/68_ABCD_CDC_MAN_201315_1921154RMA000_01R-copia.jpg\" class=\"attachment-medium_large size-medium_large\" alt=\"\" aria-describedby=\"gallery-1-7916\" decoding=\"async\" srcset=\"https:\/\/archivia.org\/wp-content\/uploads\/2025\/11\/68_ABCD_CDC_MAN_201315_1921154RMA000_01R-copia.jpg 539w, https:\/\/archivia.org\/wp-content\/uploads\/2025\/11\/68_ABCD_CDC_MAN_201315_1921154RMA000_01R-copia-206x300.jpg 206w, https:\/\/archivia.org\/wp-content\/uploads\/2025\/11\/68_ABCD_CDC_MAN_201315_1921154RMA000_01R-copia-8x12.jpg 8w\" sizes=\"(max-width: 539px) 100vw, 539px\" title=\"\"><\/a>\n\t\t\t<\/div>\n\t\t\t\t<figcaption class='wp-caption-text gallery-caption' id='gallery-1-7916'>\n\t\t\t\t8 marzo &#8211; 8\/3\/1996\n\t\t\t\t<\/figcaption><\/figure><figure class='gallery-item'>\n\t\t\t<div class='gallery-icon portrait'>\n\t\t\t\t<a data-elementor-open-lightbox=\"yes\" data-elementor-lightbox-slideshow=\"e0109f3\" data-elementor-lightbox-title=\"69_ABCD_CDC_MAN_201316_1921155RMA000_01R-copia\" data-e-action-hash=\"#elementor-action%3Aaction%3Dlightbox%26settings%3DeyJpZCI6NzkxNywidXJsIjoiaHR0cHM6XC9cL2FyY2hpdmlhLm9yZ1wvd3AtY29udGVudFwvdXBsb2Fkc1wvMjAyNVwvMTFcLzY5X0FCQ0RfQ0RDX01BTl8yMDEzMTZfMTkyMTE1NVJNQTAwMF8wMVItY29waWEuanBnIiwic2xpZGVzaG93IjoiZTAxMDlmMyJ9\" data-elementor-lightbox-description=\"La societ\u00e0 contro la donna serata di canzoni femministe - 5\/02\/1974\" href='https:\/\/archivia.org\/wp-content\/uploads\/2025\/11\/69_ABCD_CDC_MAN_201316_1921155RMA000_01R-copia.jpg'><img loading=\"lazy\" width=\"539\" height=\"733\" src=\"https:\/\/archivia.org\/wp-content\/uploads\/2025\/11\/69_ABCD_CDC_MAN_201316_1921155RMA000_01R-copia.jpg\" class=\"attachment-medium_large size-medium_large\" alt=\"\" aria-describedby=\"gallery-1-7917\" decoding=\"async\" srcset=\"https:\/\/archivia.org\/wp-content\/uploads\/2025\/11\/69_ABCD_CDC_MAN_201316_1921155RMA000_01R-copia.jpg 539w, https:\/\/archivia.org\/wp-content\/uploads\/2025\/11\/69_ABCD_CDC_MAN_201316_1921155RMA000_01R-copia-221x300.jpg 221w, https:\/\/archivia.org\/wp-content\/uploads\/2025\/11\/69_ABCD_CDC_MAN_201316_1921155RMA000_01R-copia-9x12.jpg 9w\" sizes=\"(max-width: 539px) 100vw, 539px\" title=\"\"><\/a>\n\t\t\t<\/div>\n\t\t\t\t<figcaption class='wp-caption-text gallery-caption' id='gallery-1-7917'>\n\t\t\t\tDiffirenze, identit\u00e0, conflitti: la Jugoglavia, la sua disgregazione, l&#8217;Europa &#8211; 4-6\/10\/1996\n\t\t\t\t<\/figcaption><\/figure><figure class='gallery-item'>\n\t\t\t<div class='gallery-icon portrait'>\n\t\t\t\t<a data-elementor-open-lightbox=\"yes\" data-elementor-lightbox-slideshow=\"e0109f3\" data-elementor-lightbox-title=\"70_ABCD_CDC_MAN_201317_1921156RMA000_01R-copia\" data-e-action-hash=\"#elementor-action%3Aaction%3Dlightbox%26settings%3DeyJpZCI6NzkxOCwidXJsIjoiaHR0cHM6XC9cL2FyY2hpdmlhLm9yZ1wvd3AtY29udGVudFwvdXBsb2Fkc1wvMjAyNVwvMTFcLzcwX0FCQ0RfQ0RDX01BTl8yMDEzMTdfMTkyMTE1NlJNQTAwMF8wMVItY29waWEuanBnIiwic2xpZGVzaG93IjoiZTAxMDlmMyJ9\" data-elementor-lightbox-description=\"La societ\u00e0 contro la donna serata di canzoni femministe - 5\/02\/1974\" href='https:\/\/archivia.org\/wp-content\/uploads\/2025\/11\/70_ABCD_CDC_MAN_201317_1921156RMA000_01R-copia.jpg'><img loading=\"lazy\" width=\"539\" height=\"750\" src=\"https:\/\/archivia.org\/wp-content\/uploads\/2025\/11\/70_ABCD_CDC_MAN_201317_1921156RMA000_01R-copia.jpg\" class=\"attachment-medium_large size-medium_large\" alt=\"\" aria-describedby=\"gallery-1-7918\" decoding=\"async\" srcset=\"https:\/\/archivia.org\/wp-content\/uploads\/2025\/11\/70_ABCD_CDC_MAN_201317_1921156RMA000_01R-copia.jpg 539w, https:\/\/archivia.org\/wp-content\/uploads\/2025\/11\/70_ABCD_CDC_MAN_201317_1921156RMA000_01R-copia-216x300.jpg 216w, https:\/\/archivia.org\/wp-content\/uploads\/2025\/11\/70_ABCD_CDC_MAN_201317_1921156RMA000_01R-copia-9x12.jpg 9w\" sizes=\"(max-width: 539px) 100vw, 539px\" title=\"\"><\/a>\n\t\t\t<\/div>\n\t\t\t\t<figcaption class='wp-caption-text gallery-caption' id='gallery-1-7918'>\n\t\t\t\tPrimo vertice mondiale. Le donne e le molte dimensioni del potere &#8211; 1990\n\t\t\t\t<\/figcaption><\/figure><figure class='gallery-item'>\n\t\t\t<div class='gallery-icon portrait'>\n\t\t\t\t<a data-elementor-open-lightbox=\"yes\" data-elementor-lightbox-slideshow=\"e0109f3\" data-elementor-lightbox-title=\"71_ABCD_CDC_MAN_201319_1921157RMA000_01R-copia\" data-e-action-hash=\"#elementor-action%3Aaction%3Dlightbox%26settings%3DeyJpZCI6NzkxOSwidXJsIjoiaHR0cHM6XC9cL2FyY2hpdmlhLm9yZ1wvd3AtY29udGVudFwvdXBsb2Fkc1wvMjAyNVwvMTFcLzcxX0FCQ0RfQ0RDX01BTl8yMDEzMTlfMTkyMTE1N1JNQTAwMF8wMVItY29waWEuanBnIiwic2xpZGVzaG93IjoiZTAxMDlmMyJ9\" data-elementor-lightbox-description=\"La societ\u00e0 contro la donna serata di canzoni femministe - 5\/02\/1974\" href='https:\/\/archivia.org\/wp-content\/uploads\/2025\/11\/71_ABCD_CDC_MAN_201319_1921157RMA000_01R-copia.jpg'><img loading=\"lazy\" width=\"539\" height=\"772\" src=\"https:\/\/archivia.org\/wp-content\/uploads\/2025\/11\/71_ABCD_CDC_MAN_201319_1921157RMA000_01R-copia.jpg\" class=\"attachment-medium_large size-medium_large\" alt=\"\" aria-describedby=\"gallery-1-7919\" decoding=\"async\" srcset=\"https:\/\/archivia.org\/wp-content\/uploads\/2025\/11\/71_ABCD_CDC_MAN_201319_1921157RMA000_01R-copia.jpg 539w, https:\/\/archivia.org\/wp-content\/uploads\/2025\/11\/71_ABCD_CDC_MAN_201319_1921157RMA000_01R-copia-209x300.jpg 209w, https:\/\/archivia.org\/wp-content\/uploads\/2025\/11\/71_ABCD_CDC_MAN_201319_1921157RMA000_01R-copia-8x12.jpg 8w\" sizes=\"(max-width: 539px) 100vw, 539px\" title=\"\"><\/a>\n\t\t\t<\/div>\n\t\t\t\t<figcaption class='wp-caption-text gallery-caption' id='gallery-1-7919'>\n\t\t\t\tLa lunga giornata &#8211; 3\/6\/1995\n\t\t\t\t<\/figcaption><\/figure><figure class='gallery-item'>\n\t\t\t<div class='gallery-icon portrait'>\n\t\t\t\t<a data-elementor-open-lightbox=\"yes\" data-elementor-lightbox-slideshow=\"e0109f3\" data-elementor-lightbox-title=\"72_ABCD_CDC_MAN_201320_1921158RMA000_01R-copia\" data-e-action-hash=\"#elementor-action%3Aaction%3Dlightbox%26settings%3DeyJpZCI6NzkyMCwidXJsIjoiaHR0cHM6XC9cL2FyY2hpdmlhLm9yZ1wvd3AtY29udGVudFwvdXBsb2Fkc1wvMjAyNVwvMTFcLzcyX0FCQ0RfQ0RDX01BTl8yMDEzMjBfMTkyMTE1OFJNQTAwMF8wMVItY29waWEuanBnIiwic2xpZGVzaG93IjoiZTAxMDlmMyJ9\" data-elementor-lightbox-description=\"La societ\u00e0 contro la donna serata di canzoni femministe - 5\/02\/1974\" href='https:\/\/archivia.org\/wp-content\/uploads\/2025\/11\/72_ABCD_CDC_MAN_201320_1921158RMA000_01R-copia.jpg'><img loading=\"lazy\" width=\"539\" height=\"756\" src=\"https:\/\/archivia.org\/wp-content\/uploads\/2025\/11\/72_ABCD_CDC_MAN_201320_1921158RMA000_01R-copia.jpg\" class=\"attachment-medium_large size-medium_large\" alt=\"\" aria-describedby=\"gallery-1-7920\" decoding=\"async\" srcset=\"https:\/\/archivia.org\/wp-content\/uploads\/2025\/11\/72_ABCD_CDC_MAN_201320_1921158RMA000_01R-copia.jpg 539w, https:\/\/archivia.org\/wp-content\/uploads\/2025\/11\/72_ABCD_CDC_MAN_201320_1921158RMA000_01R-copia-214x300.jpg 214w, https:\/\/archivia.org\/wp-content\/uploads\/2025\/11\/72_ABCD_CDC_MAN_201320_1921158RMA000_01R-copia-9x12.jpg 9w\" sizes=\"(max-width: 539px) 100vw, 539px\" title=\"\"><\/a>\n\t\t\t<\/div>\n\t\t\t\t<figcaption class='wp-caption-text gallery-caption' id='gallery-1-7920'>\n\t\t\t\tGuerra e pace &#8211; 4\/6\/1992\n\t\t\t\t<\/figcaption><\/figure><figure class='gallery-item'>\n\t\t\t<div class='gallery-icon portrait'>\n\t\t\t\t<a data-elementor-open-lightbox=\"yes\" data-elementor-lightbox-slideshow=\"e0109f3\" data-elementor-lightbox-title=\"73_ABCD_CDC_MAN_201321_1921159RMA000_01R-copia\" data-e-action-hash=\"#elementor-action%3Aaction%3Dlightbox%26settings%3DeyJpZCI6NzkyMSwidXJsIjoiaHR0cHM6XC9cL2FyY2hpdmlhLm9yZ1wvd3AtY29udGVudFwvdXBsb2Fkc1wvMjAyNVwvMTFcLzczX0FCQ0RfQ0RDX01BTl8yMDEzMjFfMTkyMTE1OVJNQTAwMF8wMVItY29waWEuanBnIiwic2xpZGVzaG93IjoiZTAxMDlmMyJ9\" data-elementor-lightbox-description=\"La societ\u00e0 contro la donna serata di canzoni femministe - 5\/02\/1974\" href='https:\/\/archivia.org\/wp-content\/uploads\/2025\/11\/73_ABCD_CDC_MAN_201321_1921159RMA000_01R-copia.jpg'><img loading=\"lazy\" width=\"539\" height=\"771\" src=\"https:\/\/archivia.org\/wp-content\/uploads\/2025\/11\/73_ABCD_CDC_MAN_201321_1921159RMA000_01R-copia.jpg\" class=\"attachment-medium_large size-medium_large\" alt=\"\" aria-describedby=\"gallery-1-7921\" decoding=\"async\" srcset=\"https:\/\/archivia.org\/wp-content\/uploads\/2025\/11\/73_ABCD_CDC_MAN_201321_1921159RMA000_01R-copia.jpg 539w, https:\/\/archivia.org\/wp-content\/uploads\/2025\/11\/73_ABCD_CDC_MAN_201321_1921159RMA000_01R-copia-210x300.jpg 210w, https:\/\/archivia.org\/wp-content\/uploads\/2025\/11\/73_ABCD_CDC_MAN_201321_1921159RMA000_01R-copia-8x12.jpg 8w\" sizes=\"(max-width: 539px) 100vw, 539px\" title=\"\"><\/a>\n\t\t\t<\/div>\n\t\t\t\t<figcaption class='wp-caption-text gallery-caption' id='gallery-1-7921'>\n\t\t\t\tIl mondo da fare. Convegno lesbico &#8211; 20-22\/06\/1997\n\t\t\t\t<\/figcaption><\/figure><figure class='gallery-item'>\n\t\t\t<div class='gallery-icon portrait'>\n\t\t\t\t<a data-elementor-open-lightbox=\"yes\" data-elementor-lightbox-slideshow=\"e0109f3\" data-elementor-lightbox-title=\"74_ABCD_CDC_MAN_201322_1921160RMA000_01R-copia\" data-e-action-hash=\"#elementor-action%3Aaction%3Dlightbox%26settings%3DeyJpZCI6NzkyMiwidXJsIjoiaHR0cHM6XC9cL2FyY2hpdmlhLm9yZ1wvd3AtY29udGVudFwvdXBsb2Fkc1wvMjAyNVwvMTFcLzc0X0FCQ0RfQ0RDX01BTl8yMDEzMjJfMTkyMTE2MFJNQTAwMF8wMVItY29waWEuanBnIiwic2xpZGVzaG93IjoiZTAxMDlmMyJ9\" data-elementor-lightbox-description=\"La societ\u00e0 contro la donna serata di canzoni femministe - 5\/02\/1974\" href='https:\/\/archivia.org\/wp-content\/uploads\/2025\/11\/74_ABCD_CDC_MAN_201322_1921160RMA000_01R-copia.jpg'><img loading=\"lazy\" width=\"539\" height=\"759\" src=\"https:\/\/archivia.org\/wp-content\/uploads\/2025\/11\/74_ABCD_CDC_MAN_201322_1921160RMA000_01R-copia.jpg\" class=\"attachment-medium_large size-medium_large\" alt=\"\" aria-describedby=\"gallery-1-7922\" decoding=\"async\" srcset=\"https:\/\/archivia.org\/wp-content\/uploads\/2025\/11\/74_ABCD_CDC_MAN_201322_1921160RMA000_01R-copia.jpg 539w, https:\/\/archivia.org\/wp-content\/uploads\/2025\/11\/74_ABCD_CDC_MAN_201322_1921160RMA000_01R-copia-213x300.jpg 213w, https:\/\/archivia.org\/wp-content\/uploads\/2025\/11\/74_ABCD_CDC_MAN_201322_1921160RMA000_01R-copia-9x12.jpg 9w\" sizes=\"(max-width: 539px) 100vw, 539px\" title=\"\"><\/a>\n\t\t\t<\/div>\n\t\t\t\t<figcaption class='wp-caption-text gallery-caption' id='gallery-1-7922'>\n\t\t\t\tPechino un anno dopo. &#8211; 22\/11\/1996\n\t\t\t\t<\/figcaption><\/figure><figure class='gallery-item'>\n\t\t\t<div class='gallery-icon portrait'>\n\t\t\t\t<a data-elementor-open-lightbox=\"yes\" data-elementor-lightbox-slideshow=\"e0109f3\" data-elementor-lightbox-title=\"75_ABCD_CDC_MAN_201323_1921161RMA000_01R-copia\" data-e-action-hash=\"#elementor-action%3Aaction%3Dlightbox%26settings%3DeyJpZCI6NzkyMywidXJsIjoiaHR0cHM6XC9cL2FyY2hpdmlhLm9yZ1wvd3AtY29udGVudFwvdXBsb2Fkc1wvMjAyNVwvMTFcLzc1X0FCQ0RfQ0RDX01BTl8yMDEzMjNfMTkyMTE2MVJNQTAwMF8wMVItY29waWEuanBnIiwic2xpZGVzaG93IjoiZTAxMDlmMyJ9\" data-elementor-lightbox-description=\"La societ\u00e0 contro la donna serata di canzoni femministe - 5\/02\/1974\" href='https:\/\/archivia.org\/wp-content\/uploads\/2025\/11\/75_ABCD_CDC_MAN_201323_1921161RMA000_01R-copia.jpg'><img loading=\"lazy\" width=\"539\" height=\"750\" src=\"https:\/\/archivia.org\/wp-content\/uploads\/2025\/11\/75_ABCD_CDC_MAN_201323_1921161RMA000_01R-copia.jpg\" class=\"attachment-medium_large size-medium_large\" alt=\"\" aria-describedby=\"gallery-1-7923\" decoding=\"async\" srcset=\"https:\/\/archivia.org\/wp-content\/uploads\/2025\/11\/75_ABCD_CDC_MAN_201323_1921161RMA000_01R-copia.jpg 539w, https:\/\/archivia.org\/wp-content\/uploads\/2025\/11\/75_ABCD_CDC_MAN_201323_1921161RMA000_01R-copia-216x300.jpg 216w, https:\/\/archivia.org\/wp-content\/uploads\/2025\/11\/75_ABCD_CDC_MAN_201323_1921161RMA000_01R-copia-9x12.jpg 9w\" sizes=\"(max-width: 539px) 100vw, 539px\" title=\"\"><\/a>\n\t\t\t<\/div>\n\t\t\t\t<figcaption class='wp-caption-text gallery-caption' id='gallery-1-7923'>\n\t\t\t\tSeminario internazionale sulla presenza delle donne nel cinema contemporaneo &#8211; 24-27\/02\/1997\n\t\t\t\t<\/figcaption><\/figure><figure class='gallery-item'>\n\t\t\t<div class='gallery-icon portrait'>\n\t\t\t\t<a data-elementor-open-lightbox=\"yes\" data-elementor-lightbox-slideshow=\"e0109f3\" data-elementor-lightbox-title=\"76_ABCD_CDC_MAN_201326_1921162RMA000_01R-copia\" data-e-action-hash=\"#elementor-action%3Aaction%3Dlightbox%26settings%3DeyJpZCI6NzkyNCwidXJsIjoiaHR0cHM6XC9cL2FyY2hpdmlhLm9yZ1wvd3AtY29udGVudFwvdXBsb2Fkc1wvMjAyNVwvMTFcLzc2X0FCQ0RfQ0RDX01BTl8yMDEzMjZfMTkyMTE2MlJNQTAwMF8wMVItY29waWEuanBnIiwic2xpZGVzaG93IjoiZTAxMDlmMyJ9\" data-elementor-lightbox-description=\"La societ\u00e0 contro la donna serata di canzoni femministe - 5\/02\/1974\" href='https:\/\/archivia.org\/wp-content\/uploads\/2025\/11\/76_ABCD_CDC_MAN_201326_1921162RMA000_01R-copia.jpg'><img loading=\"lazy\" width=\"539\" height=\"799\" src=\"https:\/\/archivia.org\/wp-content\/uploads\/2025\/11\/76_ABCD_CDC_MAN_201326_1921162RMA000_01R-copia.jpg\" class=\"attachment-medium_large size-medium_large\" alt=\"\" aria-describedby=\"gallery-1-7924\" decoding=\"async\" srcset=\"https:\/\/archivia.org\/wp-content\/uploads\/2025\/11\/76_ABCD_CDC_MAN_201326_1921162RMA000_01R-copia.jpg 539w, https:\/\/archivia.org\/wp-content\/uploads\/2025\/11\/76_ABCD_CDC_MAN_201326_1921162RMA000_01R-copia-202x300.jpg 202w, https:\/\/archivia.org\/wp-content\/uploads\/2025\/11\/76_ABCD_CDC_MAN_201326_1921162RMA000_01R-copia-8x12.jpg 8w\" sizes=\"(max-width: 539px) 100vw, 539px\" title=\"\"><\/a>\n\t\t\t<\/div>\n\t\t\t\t<figcaption class='wp-caption-text gallery-caption' id='gallery-1-7924'>\n\t\t\t\tGiornata internazionale della donna\/Mudechi &#8211; 1990\n\t\t\t\t<\/figcaption><\/figure><figure class='gallery-item'>\n\t\t\t<div class='gallery-icon portrait'>\n\t\t\t\t<a data-elementor-open-lightbox=\"yes\" data-elementor-lightbox-slideshow=\"e0109f3\" data-elementor-lightbox-title=\"77_ABCD_CDC_MAN_201331_1921163RMA000_01R-copia\" data-e-action-hash=\"#elementor-action%3Aaction%3Dlightbox%26settings%3DeyJpZCI6NzkyNSwidXJsIjoiaHR0cHM6XC9cL2FyY2hpdmlhLm9yZ1wvd3AtY29udGVudFwvdXBsb2Fkc1wvMjAyNVwvMTFcLzc3X0FCQ0RfQ0RDX01BTl8yMDEzMzFfMTkyMTE2M1JNQTAwMF8wMVItY29waWEuanBnIiwic2xpZGVzaG93IjoiZTAxMDlmMyJ9\" data-elementor-lightbox-description=\"La societ\u00e0 contro la donna serata di canzoni femministe - 5\/02\/1974\" href='https:\/\/archivia.org\/wp-content\/uploads\/2025\/11\/77_ABCD_CDC_MAN_201331_1921163RMA000_01R-copia.jpg'><img loading=\"lazy\" width=\"539\" height=\"764\" src=\"https:\/\/archivia.org\/wp-content\/uploads\/2025\/11\/77_ABCD_CDC_MAN_201331_1921163RMA000_01R-copia.jpg\" class=\"attachment-medium_large size-medium_large\" alt=\"\" aria-describedby=\"gallery-1-7925\" decoding=\"async\" srcset=\"https:\/\/archivia.org\/wp-content\/uploads\/2025\/11\/77_ABCD_CDC_MAN_201331_1921163RMA000_01R-copia.jpg 539w, https:\/\/archivia.org\/wp-content\/uploads\/2025\/11\/77_ABCD_CDC_MAN_201331_1921163RMA000_01R-copia-212x300.jpg 212w, https:\/\/archivia.org\/wp-content\/uploads\/2025\/11\/77_ABCD_CDC_MAN_201331_1921163RMA000_01R-copia-8x12.jpg 8w\" sizes=\"(max-width: 539px) 100vw, 539px\" title=\"\"><\/a>\n\t\t\t<\/div>\n\t\t\t\t<figcaption class='wp-caption-text gallery-caption' id='gallery-1-7925'>\n\t\t\t\tGiornata mondiale delle donne rurali &#8211; 15\/10\/1987\n\t\t\t\t<\/figcaption><\/figure><figure class='gallery-item'>\n\t\t\t<div class='gallery-icon portrait'>\n\t\t\t\t<a data-elementor-open-lightbox=\"yes\" data-elementor-lightbox-slideshow=\"e0109f3\" data-elementor-lightbox-title=\"80_ABCD_CDC_MAN_201340_1921166RMA000_01R-copia\" data-e-action-hash=\"#elementor-action%3Aaction%3Dlightbox%26settings%3DeyJpZCI6NzkyNywidXJsIjoiaHR0cHM6XC9cL2FyY2hpdmlhLm9yZ1wvd3AtY29udGVudFwvdXBsb2Fkc1wvMjAyNVwvMTFcLzgwX0FCQ0RfQ0RDX01BTl8yMDEzNDBfMTkyMTE2NlJNQTAwMF8wMVItY29waWEuanBnIiwic2xpZGVzaG93IjoiZTAxMDlmMyJ9\" data-elementor-lightbox-description=\"La societ\u00e0 contro la donna serata di canzoni femministe - 5\/02\/1974\" href='https:\/\/archivia.org\/wp-content\/uploads\/2025\/11\/80_ABCD_CDC_MAN_201340_1921166RMA000_01R-copia.jpg'><img loading=\"lazy\" width=\"539\" height=\"1061\" src=\"https:\/\/archivia.org\/wp-content\/uploads\/2025\/11\/80_ABCD_CDC_MAN_201340_1921166RMA000_01R-copia.jpg\" class=\"attachment-medium_large size-medium_large\" alt=\"\" aria-describedby=\"gallery-1-7927\" decoding=\"async\" srcset=\"https:\/\/archivia.org\/wp-content\/uploads\/2025\/11\/80_ABCD_CDC_MAN_201340_1921166RMA000_01R-copia.jpg 539w, https:\/\/archivia.org\/wp-content\/uploads\/2025\/11\/80_ABCD_CDC_MAN_201340_1921166RMA000_01R-copia-152x300.jpg 152w, https:\/\/archivia.org\/wp-content\/uploads\/2025\/11\/80_ABCD_CDC_MAN_201340_1921166RMA000_01R-copia-520x1024.jpg 520w, https:\/\/archivia.org\/wp-content\/uploads\/2025\/11\/80_ABCD_CDC_MAN_201340_1921166RMA000_01R-copia-6x12.jpg 6w\" sizes=\"(max-width: 539px) 100vw, 539px\" title=\"\"><\/a>\n\t\t\t<\/div>\n\t\t\t\t<figcaption class='wp-caption-text gallery-caption' id='gallery-1-7927'>\n\t\t\t\tBiblioteca Centro documentaziona donna &#8211; [Post 1979]\n\t\t\t\t<\/figcaption><\/figure><figure class='gallery-item'>\n\t\t\t<div class='gallery-icon portrait'>\n\t\t\t\t<a data-elementor-open-lightbox=\"yes\" data-elementor-lightbox-slideshow=\"e0109f3\" data-elementor-lightbox-title=\"82_ABCD_CDC_MAN_201343_1921169RMA000_01R-copia\" data-e-action-hash=\"#elementor-action%3Aaction%3Dlightbox%26settings%3DeyJpZCI6NzkyOSwidXJsIjoiaHR0cHM6XC9cL2FyY2hpdmlhLm9yZ1wvd3AtY29udGVudFwvdXBsb2Fkc1wvMjAyNVwvMTFcLzgyX0FCQ0RfQ0RDX01BTl8yMDEzNDNfMTkyMTE2OVJNQTAwMF8wMVItY29waWEuanBnIiwic2xpZGVzaG93IjoiZTAxMDlmMyJ9\" data-elementor-lightbox-description=\"La societ\u00e0 contro la donna serata di canzoni femministe - 5\/02\/1974\" href='https:\/\/archivia.org\/wp-content\/uploads\/2025\/11\/82_ABCD_CDC_MAN_201343_1921169RMA000_01R-copia.jpg'><img loading=\"lazy\" width=\"539\" height=\"779\" src=\"https:\/\/archivia.org\/wp-content\/uploads\/2025\/11\/82_ABCD_CDC_MAN_201343_1921169RMA000_01R-copia.jpg\" class=\"attachment-medium_large size-medium_large\" alt=\"\" aria-describedby=\"gallery-1-7929\" decoding=\"async\" srcset=\"https:\/\/archivia.org\/wp-content\/uploads\/2025\/11\/82_ABCD_CDC_MAN_201343_1921169RMA000_01R-copia.jpg 539w, https:\/\/archivia.org\/wp-content\/uploads\/2025\/11\/82_ABCD_CDC_MAN_201343_1921169RMA000_01R-copia-208x300.jpg 208w, https:\/\/archivia.org\/wp-content\/uploads\/2025\/11\/82_ABCD_CDC_MAN_201343_1921169RMA000_01R-copia-8x12.jpg 8w\" sizes=\"(max-width: 539px) 100vw, 539px\" title=\"\"><\/a>\n\t\t\t<\/div>\n\t\t\t\t<figcaption class='wp-caption-text gallery-caption' id='gallery-1-7929'>\n\t\t\t\t8 marzo giornata internazionale della donna -[1990]\n\t\t\t\t<\/figcaption><\/figure><figure class='gallery-item'>\n\t\t\t<div class='gallery-icon portrait'>\n\t\t\t\t<a data-elementor-open-lightbox=\"yes\" data-elementor-lightbox-slideshow=\"e0109f3\" data-elementor-lightbox-title=\"83_ABCD_CDC_MAN_201348_1921171RMA000_01R-copia\" data-e-action-hash=\"#elementor-action%3Aaction%3Dlightbox%26settings%3DeyJpZCI6NzkzMCwidXJsIjoiaHR0cHM6XC9cL2FyY2hpdmlhLm9yZ1wvd3AtY29udGVudFwvdXBsb2Fkc1wvMjAyNVwvMTFcLzgzX0FCQ0RfQ0RDX01BTl8yMDEzNDhfMTkyMTE3MVJNQTAwMF8wMVItY29waWEuanBnIiwic2xpZGVzaG93IjoiZTAxMDlmMyJ9\" data-elementor-lightbox-description=\"La societ\u00e0 contro la donna serata di canzoni femministe - 5\/02\/1974\" href='https:\/\/archivia.org\/wp-content\/uploads\/2025\/11\/83_ABCD_CDC_MAN_201348_1921171RMA000_01R-copia.jpg'><img loading=\"lazy\" width=\"539\" height=\"766\" src=\"https:\/\/archivia.org\/wp-content\/uploads\/2025\/11\/83_ABCD_CDC_MAN_201348_1921171RMA000_01R-copia.jpg\" class=\"attachment-medium_large size-medium_large\" alt=\"\" aria-describedby=\"gallery-1-7930\" decoding=\"async\" srcset=\"https:\/\/archivia.org\/wp-content\/uploads\/2025\/11\/83_ABCD_CDC_MAN_201348_1921171RMA000_01R-copia.jpg 539w, https:\/\/archivia.org\/wp-content\/uploads\/2025\/11\/83_ABCD_CDC_MAN_201348_1921171RMA000_01R-copia-211x300.jpg 211w, https:\/\/archivia.org\/wp-content\/uploads\/2025\/11\/83_ABCD_CDC_MAN_201348_1921171RMA000_01R-copia-8x12.jpg 8w\" sizes=\"(max-width: 539px) 100vw, 539px\" title=\"\"><\/a>\n\t\t\t<\/div>\n\t\t\t\t<figcaption class='wp-caption-text gallery-caption' id='gallery-1-7930'>\n\t\t\t\tIdentit\u00e0 e appartenenza &#8211; 8-10\/6\/1995\n\t\t\t\t<\/figcaption><\/figure><figure class='gallery-item'>\n\t\t\t<div class='gallery-icon portrait'>\n\t\t\t\t<a data-elementor-open-lightbox=\"yes\" data-elementor-lightbox-slideshow=\"e0109f3\" data-elementor-lightbox-title=\"84_ABCD_CDC_MAN_201351_1921173RMA000_01R-copia\" data-e-action-hash=\"#elementor-action%3Aaction%3Dlightbox%26settings%3DeyJpZCI6NzkzMSwidXJsIjoiaHR0cHM6XC9cL2FyY2hpdmlhLm9yZ1wvd3AtY29udGVudFwvdXBsb2Fkc1wvMjAyNVwvMTFcLzg0X0FCQ0RfQ0RDX01BTl8yMDEzNTFfMTkyMTE3M1JNQTAwMF8wMVItY29waWEuanBnIiwic2xpZGVzaG93IjoiZTAxMDlmMyJ9\" data-elementor-lightbox-description=\"La societ\u00e0 contro la donna serata di canzoni femministe - 5\/02\/1974\" href='https:\/\/archivia.org\/wp-content\/uploads\/2025\/11\/84_ABCD_CDC_MAN_201351_1921173RMA000_01R-copia.jpg'><img loading=\"lazy\" width=\"539\" height=\"737\" src=\"https:\/\/archivia.org\/wp-content\/uploads\/2025\/11\/84_ABCD_CDC_MAN_201351_1921173RMA000_01R-copia.jpg\" class=\"attachment-medium_large size-medium_large\" alt=\"\" aria-describedby=\"gallery-1-7931\" decoding=\"async\" srcset=\"https:\/\/archivia.org\/wp-content\/uploads\/2025\/11\/84_ABCD_CDC_MAN_201351_1921173RMA000_01R-copia.jpg 539w, https:\/\/archivia.org\/wp-content\/uploads\/2025\/11\/84_ABCD_CDC_MAN_201351_1921173RMA000_01R-copia-219x300.jpg 219w, https:\/\/archivia.org\/wp-content\/uploads\/2025\/11\/84_ABCD_CDC_MAN_201351_1921173RMA000_01R-copia-9x12.jpg 9w\" sizes=\"(max-width: 539px) 100vw, 539px\" title=\"\"><\/a>\n\t\t\t<\/div>\n\t\t\t\t<figcaption class='wp-caption-text gallery-caption' id='gallery-1-7931'>\n\t\t\t\tLe streghe &#8211; 24-25\/11\/1994\n\t\t\t\t<\/figcaption><\/figure><figure class='gallery-item'>\n\t\t\t<div class='gallery-icon portrait'>\n\t\t\t\t<a data-elementor-open-lightbox=\"yes\" data-elementor-lightbox-slideshow=\"e0109f3\" data-elementor-lightbox-title=\"85_ABCD_CDC_MAN_201354_1921175RMA000_01R-copia\" data-e-action-hash=\"#elementor-action%3Aaction%3Dlightbox%26settings%3DeyJpZCI6NzkzMiwidXJsIjoiaHR0cHM6XC9cL2FyY2hpdmlhLm9yZ1wvd3AtY29udGVudFwvdXBsb2Fkc1wvMjAyNVwvMTFcLzg1X0FCQ0RfQ0RDX01BTl8yMDEzNTRfMTkyMTE3NVJNQTAwMF8wMVItY29waWEuanBnIiwic2xpZGVzaG93IjoiZTAxMDlmMyJ9\" data-elementor-lightbox-description=\"La societ\u00e0 contro la donna serata di canzoni femministe - 5\/02\/1974\" href='https:\/\/archivia.org\/wp-content\/uploads\/2025\/11\/85_ABCD_CDC_MAN_201354_1921175RMA000_01R-copia.jpg'><img loading=\"lazy\" width=\"539\" height=\"772\" src=\"https:\/\/archivia.org\/wp-content\/uploads\/2025\/11\/85_ABCD_CDC_MAN_201354_1921175RMA000_01R-copia.jpg\" class=\"attachment-medium_large size-medium_large\" alt=\"\" aria-describedby=\"gallery-1-7932\" decoding=\"async\" srcset=\"https:\/\/archivia.org\/wp-content\/uploads\/2025\/11\/85_ABCD_CDC_MAN_201354_1921175RMA000_01R-copia.jpg 539w, https:\/\/archivia.org\/wp-content\/uploads\/2025\/11\/85_ABCD_CDC_MAN_201354_1921175RMA000_01R-copia-209x300.jpg 209w, https:\/\/archivia.org\/wp-content\/uploads\/2025\/11\/85_ABCD_CDC_MAN_201354_1921175RMA000_01R-copia-8x12.jpg 8w\" sizes=\"(max-width: 539px) 100vw, 539px\" title=\"\"><\/a>\n\t\t\t<\/div>\n\t\t\t\t<figcaption class='wp-caption-text gallery-caption' id='gallery-1-7932'>\n\t\t\t\tLinguaggi modi di dire &#8211; 17\/4\/1990\n\t\t\t\t<\/figcaption><\/figure><figure class='gallery-item'>\n\t\t\t<div class='gallery-icon portrait'>\n\t\t\t\t<a data-elementor-open-lightbox=\"yes\" data-elementor-lightbox-slideshow=\"e0109f3\" data-elementor-lightbox-title=\"86_ABCD_CDC_MAN_201360_1921179RMA000_01R-copia\" data-e-action-hash=\"#elementor-action%3Aaction%3Dlightbox%26settings%3DeyJpZCI6NzkzMywidXJsIjoiaHR0cHM6XC9cL2FyY2hpdmlhLm9yZ1wvd3AtY29udGVudFwvdXBsb2Fkc1wvMjAyNVwvMTFcLzg2X0FCQ0RfQ0RDX01BTl8yMDEzNjBfMTkyMTE3OVJNQTAwMF8wMVItY29waWEuanBnIiwic2xpZGVzaG93IjoiZTAxMDlmMyJ9\" data-elementor-lightbox-description=\"La societ\u00e0 contro la donna serata di canzoni femministe - 5\/02\/1974\" href='https:\/\/archivia.org\/wp-content\/uploads\/2025\/11\/86_ABCD_CDC_MAN_201360_1921179RMA000_01R-copia.jpg'><img loading=\"lazy\" width=\"539\" height=\"773\" src=\"https:\/\/archivia.org\/wp-content\/uploads\/2025\/11\/86_ABCD_CDC_MAN_201360_1921179RMA000_01R-copia.jpg\" class=\"attachment-medium_large size-medium_large\" alt=\"\" aria-describedby=\"gallery-1-7933\" decoding=\"async\" srcset=\"https:\/\/archivia.org\/wp-content\/uploads\/2025\/11\/86_ABCD_CDC_MAN_201360_1921179RMA000_01R-copia.jpg 539w, https:\/\/archivia.org\/wp-content\/uploads\/2025\/11\/86_ABCD_CDC_MAN_201360_1921179RMA000_01R-copia-209x300.jpg 209w, https:\/\/archivia.org\/wp-content\/uploads\/2025\/11\/86_ABCD_CDC_MAN_201360_1921179RMA000_01R-copia-8x12.jpg 8w\" sizes=\"(max-width: 539px) 100vw, 539px\" title=\"\"><\/a>\n\t\t\t<\/div>\n\t\t\t\t<figcaption class='wp-caption-text gallery-caption' id='gallery-1-7933'>\n\t\t\t\tLuoghi aperti alla memoria &#8211; 8\/9\/1998\n\t\t\t\t<\/figcaption><\/figure><figure class='gallery-item'>\n\t\t\t<div class='gallery-icon portrait'>\n\t\t\t\t<a data-elementor-open-lightbox=\"yes\" data-elementor-lightbox-slideshow=\"e0109f3\" data-elementor-lightbox-title=\"87_ABCD_CDC_MAN_201366_1921177RMA000_01R-copia\" data-e-action-hash=\"#elementor-action%3Aaction%3Dlightbox%26settings%3DeyJpZCI6NzkzNCwidXJsIjoiaHR0cHM6XC9cL2FyY2hpdmlhLm9yZ1wvd3AtY29udGVudFwvdXBsb2Fkc1wvMjAyNVwvMTFcLzg3X0FCQ0RfQ0RDX01BTl8yMDEzNjZfMTkyMTE3N1JNQTAwMF8wMVItY29waWEuanBnIiwic2xpZGVzaG93IjoiZTAxMDlmMyJ9\" data-elementor-lightbox-description=\"La societ\u00e0 contro la donna serata di canzoni femministe - 5\/02\/1974\" href='https:\/\/archivia.org\/wp-content\/uploads\/2025\/11\/87_ABCD_CDC_MAN_201366_1921177RMA000_01R-copia.jpg'><img loading=\"lazy\" width=\"539\" height=\"772\" src=\"https:\/\/archivia.org\/wp-content\/uploads\/2025\/11\/87_ABCD_CDC_MAN_201366_1921177RMA000_01R-copia.jpg\" class=\"attachment-medium_large size-medium_large\" alt=\"\" aria-describedby=\"gallery-1-7934\" decoding=\"async\" srcset=\"https:\/\/archivia.org\/wp-content\/uploads\/2025\/11\/87_ABCD_CDC_MAN_201366_1921177RMA000_01R-copia.jpg 539w, https:\/\/archivia.org\/wp-content\/uploads\/2025\/11\/87_ABCD_CDC_MAN_201366_1921177RMA000_01R-copia-209x300.jpg 209w, https:\/\/archivia.org\/wp-content\/uploads\/2025\/11\/87_ABCD_CDC_MAN_201366_1921177RMA000_01R-copia-8x12.jpg 8w\" sizes=\"(max-width: 539px) 100vw, 539px\" title=\"\"><\/a>\n\t\t\t<\/div>\n\t\t\t\t<figcaption class='wp-caption-text gallery-caption' id='gallery-1-7934'>\n\t\t\t\tTamara De Lempicka  tra eleganza e trasgressione &#8211; 10\/2\/1994- 1\/5\/1994\n\t\t\t\t<\/figcaption><\/figure><figure class='gallery-item'>\n\t\t\t<div class='gallery-icon portrait'>\n\t\t\t\t<a data-elementor-open-lightbox=\"yes\" data-elementor-lightbox-slideshow=\"e0109f3\" data-elementor-lightbox-title=\"88_ABCD_CDC_MAN_201370_1921178RMA000_01R-copia\" data-e-action-hash=\"#elementor-action%3Aaction%3Dlightbox%26settings%3DeyJpZCI6NzkzNSwidXJsIjoiaHR0cHM6XC9cL2FyY2hpdmlhLm9yZ1wvd3AtY29udGVudFwvdXBsb2Fkc1wvMjAyNVwvMTFcLzg4X0FCQ0RfQ0RDX01BTl8yMDEzNzBfMTkyMTE3OFJNQTAwMF8wMVItY29waWEuanBnIiwic2xpZGVzaG93IjoiZTAxMDlmMyJ9\" data-elementor-lightbox-description=\"La societ\u00e0 contro la donna serata di canzoni femministe - 5\/02\/1974\" href='https:\/\/archivia.org\/wp-content\/uploads\/2025\/11\/88_ABCD_CDC_MAN_201370_1921178RMA000_01R-copia.jpg'><img loading=\"lazy\" width=\"539\" height=\"769\" src=\"https:\/\/archivia.org\/wp-content\/uploads\/2025\/11\/88_ABCD_CDC_MAN_201370_1921178RMA000_01R-copia.jpg\" class=\"attachment-medium_large size-medium_large\" alt=\"\" aria-describedby=\"gallery-1-7935\" decoding=\"async\" srcset=\"https:\/\/archivia.org\/wp-content\/uploads\/2025\/11\/88_ABCD_CDC_MAN_201370_1921178RMA000_01R-copia.jpg 539w, https:\/\/archivia.org\/wp-content\/uploads\/2025\/11\/88_ABCD_CDC_MAN_201370_1921178RMA000_01R-copia-210x300.jpg 210w, https:\/\/archivia.org\/wp-content\/uploads\/2025\/11\/88_ABCD_CDC_MAN_201370_1921178RMA000_01R-copia-8x12.jpg 8w\" sizes=\"(max-width: 539px) 100vw, 539px\" title=\"\"><\/a>\n\t\t\t<\/div>\n\t\t\t\t<figcaption class='wp-caption-text gallery-caption' id='gallery-1-7935'>\n\t\t\t\tLe nuove professioni delle donne &#8211; 6-9\/4\/1994\n\t\t\t\t<\/figcaption><\/figure><figure class='gallery-item'>\n\t\t\t<div class='gallery-icon portrait'>\n\t\t\t\t<a data-elementor-open-lightbox=\"yes\" data-elementor-lightbox-slideshow=\"e0109f3\" data-elementor-lightbox-title=\"89_ABCD_CDC_MAN_201372_1921151RMA000_01R-copia\" data-e-action-hash=\"#elementor-action%3Aaction%3Dlightbox%26settings%3DeyJpZCI6NzkzNiwidXJsIjoiaHR0cHM6XC9cL2FyY2hpdmlhLm9yZ1wvd3AtY29udGVudFwvdXBsb2Fkc1wvMjAyNVwvMTFcLzg5X0FCQ0RfQ0RDX01BTl8yMDEzNzJfMTkyMTE1MVJNQTAwMF8wMVItY29waWEuanBnIiwic2xpZGVzaG93IjoiZTAxMDlmMyJ9\" data-elementor-lightbox-description=\"La societ\u00e0 contro la donna serata di canzoni femministe - 5\/02\/1974\" href='https:\/\/archivia.org\/wp-content\/uploads\/2025\/11\/89_ABCD_CDC_MAN_201372_1921151RMA000_01R-copia.jpg'><img loading=\"lazy\" width=\"539\" height=\"743\" src=\"https:\/\/archivia.org\/wp-content\/uploads\/2025\/11\/89_ABCD_CDC_MAN_201372_1921151RMA000_01R-copia.jpg\" class=\"attachment-medium_large size-medium_large\" alt=\"\" aria-describedby=\"gallery-1-7936\" decoding=\"async\" srcset=\"https:\/\/archivia.org\/wp-content\/uploads\/2025\/11\/89_ABCD_CDC_MAN_201372_1921151RMA000_01R-copia.jpg 539w, https:\/\/archivia.org\/wp-content\/uploads\/2025\/11\/89_ABCD_CDC_MAN_201372_1921151RMA000_01R-copia-218x300.jpg 218w, https:\/\/archivia.org\/wp-content\/uploads\/2025\/11\/89_ABCD_CDC_MAN_201372_1921151RMA000_01R-copia-9x12.jpg 9w\" sizes=\"(max-width: 539px) 100vw, 539px\" title=\"\"><\/a>\n\t\t\t<\/div>\n\t\t\t\t<figcaption class='wp-caption-text gallery-caption' id='gallery-1-7936'>\n\t\t\t\tAle 74. Disegno &#8211; [1974]\n\t\t\t\t<\/figcaption><\/figure><figure class='gallery-item'>\n\t\t\t<div class='gallery-icon landscape'>\n\t\t\t\t<a data-elementor-open-lightbox=\"yes\" data-elementor-lightbox-slideshow=\"e0109f3\" data-elementor-lightbox-title=\"90_ABCD_CDC_MAN_201372_1921179RMA000_01V-copia\" data-e-action-hash=\"#elementor-action%3Aaction%3Dlightbox%26settings%3DeyJpZCI6NzkzNywidXJsIjoiaHR0cHM6XC9cL2FyY2hpdmlhLm9yZ1wvd3AtY29udGVudFwvdXBsb2Fkc1wvMjAyNVwvMTFcLzkwX0FCQ0RfQ0RDX01BTl8yMDEzNzJfMTkyMTE3OVJNQTAwMF8wMVYtY29waWEuanBnIiwic2xpZGVzaG93IjoiZTAxMDlmMyJ9\" data-elementor-lightbox-description=\"La societ\u00e0 contro la donna serata di canzoni femministe - 5\/02\/1974\" href='https:\/\/archivia.org\/wp-content\/uploads\/2025\/11\/90_ABCD_CDC_MAN_201372_1921179RMA000_01V-copia.jpg'><img loading=\"lazy\" width=\"539\" height=\"394\" src=\"https:\/\/archivia.org\/wp-content\/uploads\/2025\/11\/90_ABCD_CDC_MAN_201372_1921179RMA000_01V-copia.jpg\" class=\"attachment-medium_large size-medium_large\" alt=\"\" aria-describedby=\"gallery-1-7937\" decoding=\"async\" srcset=\"https:\/\/archivia.org\/wp-content\/uploads\/2025\/11\/90_ABCD_CDC_MAN_201372_1921179RMA000_01V-copia.jpg 539w, https:\/\/archivia.org\/wp-content\/uploads\/2025\/11\/90_ABCD_CDC_MAN_201372_1921179RMA000_01V-copia-300x219.jpg 300w, https:\/\/archivia.org\/wp-content\/uploads\/2025\/11\/90_ABCD_CDC_MAN_201372_1921179RMA000_01V-copia-16x12.jpg 16w\" sizes=\"(max-width: 539px) 100vw, 539px\" title=\"\"><\/a>\n\t\t\t<\/div>\n\t\t\t\t<figcaption class='wp-caption-text gallery-caption' id='gallery-1-7937'>\n\t\t\t\tPrima rassegna del cinema femminile Kinomata &#8211; 15-30\/11\/1976\n\t\t\t\t<\/figcaption><\/figure><figure class='gallery-item'>\n\t\t\t<div class='gallery-icon portrait'>\n\t\t\t\t<a data-elementor-open-lightbox=\"yes\" data-elementor-lightbox-slideshow=\"e0109f3\" data-elementor-lightbox-title=\"92_ABCD_CDC_MAN_201386_1921183RMA000_01R-copia\" data-e-action-hash=\"#elementor-action%3Aaction%3Dlightbox%26settings%3DeyJpZCI6NzkzOSwidXJsIjoiaHR0cHM6XC9cL2FyY2hpdmlhLm9yZ1wvd3AtY29udGVudFwvdXBsb2Fkc1wvMjAyNVwvMTFcLzkyX0FCQ0RfQ0RDX01BTl8yMDEzODZfMTkyMTE4M1JNQTAwMF8wMVItY29waWEuanBnIiwic2xpZGVzaG93IjoiZTAxMDlmMyJ9\" data-elementor-lightbox-description=\"La societ\u00e0 contro la donna serata di canzoni femministe - 5\/02\/1974\" href='https:\/\/archivia.org\/wp-content\/uploads\/2025\/11\/92_ABCD_CDC_MAN_201386_1921183RMA000_01R-copia.jpg'><img loading=\"lazy\" width=\"539\" height=\"770\" src=\"https:\/\/archivia.org\/wp-content\/uploads\/2025\/11\/92_ABCD_CDC_MAN_201386_1921183RMA000_01R-copia.jpg\" class=\"attachment-medium_large size-medium_large\" alt=\"\" aria-describedby=\"gallery-1-7939\" decoding=\"async\" srcset=\"https:\/\/archivia.org\/wp-content\/uploads\/2025\/11\/92_ABCD_CDC_MAN_201386_1921183RMA000_01R-copia.jpg 539w, https:\/\/archivia.org\/wp-content\/uploads\/2025\/11\/92_ABCD_CDC_MAN_201386_1921183RMA000_01R-copia-210x300.jpg 210w, https:\/\/archivia.org\/wp-content\/uploads\/2025\/11\/92_ABCD_CDC_MAN_201386_1921183RMA000_01R-copia-8x12.jpg 8w\" sizes=\"(max-width: 539px) 100vw, 539px\" title=\"\"><\/a>\n\t\t\t<\/div>\n\t\t\t\t<figcaption class='wp-caption-text gallery-caption' id='gallery-1-7939'>\n\t\t\t\tAgenda 1979. Giornate con Colette &#8211; 1979\n\t\t\t\t<\/figcaption><\/figure><figure class='gallery-item'>\n\t\t\t<div class='gallery-icon portrait'>\n\t\t\t\t<a data-elementor-open-lightbox=\"yes\" data-elementor-lightbox-slideshow=\"e0109f3\" data-elementor-lightbox-title=\"94_ABCD_CDC_MAN_201389_1921184RMA000_01R-copia\" data-e-action-hash=\"#elementor-action%3Aaction%3Dlightbox%26settings%3DeyJpZCI6Nzk0MCwidXJsIjoiaHR0cHM6XC9cL2FyY2hpdmlhLm9yZ1wvd3AtY29udGVudFwvdXBsb2Fkc1wvMjAyNVwvMTFcLzk0X0FCQ0RfQ0RDX01BTl8yMDEzODlfMTkyMTE4NFJNQTAwMF8wMVItY29waWEuanBnIiwic2xpZGVzaG93IjoiZTAxMDlmMyJ9\" data-elementor-lightbox-description=\"La societ\u00e0 contro la donna serata di canzoni femministe - 5\/02\/1974\" href='https:\/\/archivia.org\/wp-content\/uploads\/2025\/11\/94_ABCD_CDC_MAN_201389_1921184RMA000_01R-copia.jpg'><img loading=\"lazy\" width=\"539\" height=\"725\" src=\"https:\/\/archivia.org\/wp-content\/uploads\/2025\/11\/94_ABCD_CDC_MAN_201389_1921184RMA000_01R-copia.jpg\" class=\"attachment-medium_large size-medium_large\" alt=\"\" aria-describedby=\"gallery-1-7940\" decoding=\"async\" srcset=\"https:\/\/archivia.org\/wp-content\/uploads\/2025\/11\/94_ABCD_CDC_MAN_201389_1921184RMA000_01R-copia.jpg 539w, https:\/\/archivia.org\/wp-content\/uploads\/2025\/11\/94_ABCD_CDC_MAN_201389_1921184RMA000_01R-copia-223x300.jpg 223w, https:\/\/archivia.org\/wp-content\/uploads\/2025\/11\/94_ABCD_CDC_MAN_201389_1921184RMA000_01R-copia-9x12.jpg 9w\" sizes=\"(max-width: 539px) 100vw, 539px\" title=\"\"><\/a>\n\t\t\t<\/div>\n\t\t\t\t<figcaption class='wp-caption-text gallery-caption' id='gallery-1-7940'>\n\t\t\t\tLibreria delle donne Parigi, Lione, Marsiglia &#8211; [Post 1974]\n\t\t\t\t<\/figcaption><\/figure><figure class='gallery-item'>\n\t\t\t<div class='gallery-icon portrait'>\n\t\t\t\t<a data-elementor-open-lightbox=\"yes\" data-elementor-lightbox-slideshow=\"e0109f3\" data-elementor-lightbox-title=\"96_ABCD_CDC_MAN_201394_1921188RMA000_01R-copia\" data-e-action-hash=\"#elementor-action%3Aaction%3Dlightbox%26settings%3DeyJpZCI6Nzk0MiwidXJsIjoiaHR0cHM6XC9cL2FyY2hpdmlhLm9yZ1wvd3AtY29udGVudFwvdXBsb2Fkc1wvMjAyNVwvMTFcLzk2X0FCQ0RfQ0RDX01BTl8yMDEzOTRfMTkyMTE4OFJNQTAwMF8wMVItY29waWEuanBnIiwic2xpZGVzaG93IjoiZTAxMDlmMyJ9\" data-elementor-lightbox-description=\"La societ\u00e0 contro la donna serata di canzoni femministe - 5\/02\/1974\" href='https:\/\/archivia.org\/wp-content\/uploads\/2025\/11\/96_ABCD_CDC_MAN_201394_1921188RMA000_01R-copia.jpg'><img loading=\"lazy\" width=\"539\" height=\"778\" src=\"https:\/\/archivia.org\/wp-content\/uploads\/2025\/11\/96_ABCD_CDC_MAN_201394_1921188RMA000_01R-copia.jpg\" class=\"attachment-medium_large size-medium_large\" alt=\"\" aria-describedby=\"gallery-1-7942\" decoding=\"async\" srcset=\"https:\/\/archivia.org\/wp-content\/uploads\/2025\/11\/96_ABCD_CDC_MAN_201394_1921188RMA000_01R-copia.jpg 539w, https:\/\/archivia.org\/wp-content\/uploads\/2025\/11\/96_ABCD_CDC_MAN_201394_1921188RMA000_01R-copia-208x300.jpg 208w, https:\/\/archivia.org\/wp-content\/uploads\/2025\/11\/96_ABCD_CDC_MAN_201394_1921188RMA000_01R-copia-8x12.jpg 8w\" sizes=\"(max-width: 539px) 100vw, 539px\" title=\"\"><\/a>\n\t\t\t<\/div>\n\t\t\t\t<figcaption class='wp-caption-text gallery-caption' id='gallery-1-7942'>\n\t\t\t\tCome donne. Cinema Voltaire &#8211; [1975]\n\t\t\t\t<\/figcaption><\/figure><figure class='gallery-item'>\n\t\t\t<div class='gallery-icon portrait'>\n\t\t\t\t<a data-elementor-open-lightbox=\"yes\" data-elementor-lightbox-slideshow=\"e0109f3\" data-elementor-lightbox-title=\"97_ABCD_CDC_MAN_201394_1921188RMA000_01V-copia\" data-e-action-hash=\"#elementor-action%3Aaction%3Dlightbox%26settings%3DeyJpZCI6Nzk0MywidXJsIjoiaHR0cHM6XC9cL2FyY2hpdmlhLm9yZ1wvd3AtY29udGVudFwvdXBsb2Fkc1wvMjAyNVwvMTFcLzk3X0FCQ0RfQ0RDX01BTl8yMDEzOTRfMTkyMTE4OFJNQTAwMF8wMVYtY29waWEuanBnIiwic2xpZGVzaG93IjoiZTAxMDlmMyJ9\" data-elementor-lightbox-description=\"La societ\u00e0 contro la donna serata di canzoni femministe - 5\/02\/1974\" href='https:\/\/archivia.org\/wp-content\/uploads\/2025\/11\/97_ABCD_CDC_MAN_201394_1921188RMA000_01V-copia.jpg'><img loading=\"lazy\" width=\"539\" height=\"775\" src=\"https:\/\/archivia.org\/wp-content\/uploads\/2025\/11\/97_ABCD_CDC_MAN_201394_1921188RMA000_01V-copia.jpg\" class=\"attachment-medium_large size-medium_large\" alt=\"\" aria-describedby=\"gallery-1-7943\" decoding=\"async\" srcset=\"https:\/\/archivia.org\/wp-content\/uploads\/2025\/11\/97_ABCD_CDC_MAN_201394_1921188RMA000_01V-copia.jpg 539w, https:\/\/archivia.org\/wp-content\/uploads\/2025\/11\/97_ABCD_CDC_MAN_201394_1921188RMA000_01V-copia-209x300.jpg 209w, https:\/\/archivia.org\/wp-content\/uploads\/2025\/11\/97_ABCD_CDC_MAN_201394_1921188RMA000_01V-copia-8x12.jpg 8w\" sizes=\"(max-width: 539px) 100vw, 539px\" title=\"\"><\/a>\n\t\t\t<\/div>\n\t\t\t\t<figcaption class='wp-caption-text gallery-caption' id='gallery-1-7943'>\n\t\t\t\tCome donne. Cinema Voltaire &#8211; [1975]\n\t\t\t\t<\/figcaption><\/figure><figure class='gallery-item'>\n\t\t\t<div class='gallery-icon landscape'>\n\t\t\t\t<a data-elementor-open-lightbox=\"yes\" data-elementor-lightbox-slideshow=\"e0109f3\" data-elementor-lightbox-title=\"98_ABCD_CDC_MAN_201409_1921194RMA000_01R-copia\" data-e-action-hash=\"#elementor-action%3Aaction%3Dlightbox%26settings%3DeyJpZCI6Nzk0NCwidXJsIjoiaHR0cHM6XC9cL2FyY2hpdmlhLm9yZ1wvd3AtY29udGVudFwvdXBsb2Fkc1wvMjAyNVwvMTFcLzk4X0FCQ0RfQ0RDX01BTl8yMDE0MDlfMTkyMTE5NFJNQTAwMF8wMVItY29waWEuanBnIiwic2xpZGVzaG93IjoiZTAxMDlmMyJ9\" data-elementor-lightbox-description=\"La societ\u00e0 contro la donna serata di canzoni femministe - 5\/02\/1974\" href='https:\/\/archivia.org\/wp-content\/uploads\/2025\/11\/98_ABCD_CDC_MAN_201409_1921194RMA000_01R-copia.jpg'><img loading=\"lazy\" width=\"539\" height=\"533\" src=\"https:\/\/archivia.org\/wp-content\/uploads\/2025\/11\/98_ABCD_CDC_MAN_201409_1921194RMA000_01R-copia.jpg\" class=\"attachment-medium_large size-medium_large\" alt=\"\" aria-describedby=\"gallery-1-7944\" decoding=\"async\" srcset=\"https:\/\/archivia.org\/wp-content\/uploads\/2025\/11\/98_ABCD_CDC_MAN_201409_1921194RMA000_01R-copia.jpg 539w, https:\/\/archivia.org\/wp-content\/uploads\/2025\/11\/98_ABCD_CDC_MAN_201409_1921194RMA000_01R-copia-300x297.jpg 300w, https:\/\/archivia.org\/wp-content\/uploads\/2025\/11\/98_ABCD_CDC_MAN_201409_1921194RMA000_01R-copia-12x12.jpg 12w\" sizes=\"(max-width: 539px) 100vw, 539px\" title=\"\"><\/a>\n\t\t\t<\/div>\n\t\t\t\t<figcaption class='wp-caption-text gallery-caption' id='gallery-1-7944'>\n\t\t\t\tLa Laverie &#8211; 1 mai 1982\n\t\t\t\t<\/figcaption><\/figure><figure class='gallery-item'>\n\t\t\t<div class='gallery-icon landscape'>\n\t\t\t\t<a data-elementor-open-lightbox=\"yes\" data-elementor-lightbox-slideshow=\"e0109f3\" data-elementor-lightbox-title=\"99_ABCD_CDC_MAN_201409_1921194RMA000_01V-copia\" data-e-action-hash=\"#elementor-action%3Aaction%3Dlightbox%26settings%3DeyJpZCI6Nzk0NSwidXJsIjoiaHR0cHM6XC9cL2FyY2hpdmlhLm9yZ1wvd3AtY29udGVudFwvdXBsb2Fkc1wvMjAyNVwvMTFcLzk5X0FCQ0RfQ0RDX01BTl8yMDE0MDlfMTkyMTE5NFJNQTAwMF8wMVYtY29waWEuanBnIiwic2xpZGVzaG93IjoiZTAxMDlmMyJ9\" data-elementor-lightbox-description=\"La societ\u00e0 contro la donna serata di canzoni femministe - 5\/02\/1974\" href='https:\/\/archivia.org\/wp-content\/uploads\/2025\/11\/99_ABCD_CDC_MAN_201409_1921194RMA000_01V-copia.jpg'><img loading=\"lazy\" width=\"539\" height=\"537\" src=\"https:\/\/archivia.org\/wp-content\/uploads\/2025\/11\/99_ABCD_CDC_MAN_201409_1921194RMA000_01V-copia.jpg\" class=\"attachment-medium_large size-medium_large\" alt=\"\" aria-describedby=\"gallery-1-7945\" decoding=\"async\" srcset=\"https:\/\/archivia.org\/wp-content\/uploads\/2025\/11\/99_ABCD_CDC_MAN_201409_1921194RMA000_01V-copia.jpg 539w, https:\/\/archivia.org\/wp-content\/uploads\/2025\/11\/99_ABCD_CDC_MAN_201409_1921194RMA000_01V-copia-300x300.jpg 300w, https:\/\/archivia.org\/wp-content\/uploads\/2025\/11\/99_ABCD_CDC_MAN_201409_1921194RMA000_01V-copia-150x150.jpg 150w, https:\/\/archivia.org\/wp-content\/uploads\/2025\/11\/99_ABCD_CDC_MAN_201409_1921194RMA000_01V-copia-12x12.jpg 12w\" sizes=\"(max-width: 539px) 100vw, 539px\" title=\"\"><\/a>\n\t\t\t<\/div>\n\t\t\t\t<figcaption class='wp-caption-text gallery-caption' id='gallery-1-7945'>\n\t\t\t\tLa Laverie &#8211; 1 mai 1982\n\t\t\t\t<\/figcaption><\/figure><figure class='gallery-item'>\n\t\t\t<div class='gallery-icon landscape'>\n\t\t\t\t<a data-elementor-open-lightbox=\"yes\" data-elementor-lightbox-slideshow=\"e0109f3\" data-elementor-lightbox-title=\"100_ABCD_CDC_MAN_201409_1921194RMA000_02R-copia\" data-e-action-hash=\"#elementor-action%3Aaction%3Dlightbox%26settings%3DeyJpZCI6Nzk0NiwidXJsIjoiaHR0cHM6XC9cL2FyY2hpdmlhLm9yZ1wvd3AtY29udGVudFwvdXBsb2Fkc1wvMjAyNVwvMTFcLzEwMF9BQkNEX0NEQ19NQU5fMjAxNDA5XzE5MjExOTRSTUEwMDBfMDJSLWNvcGlhLmpwZyIsInNsaWRlc2hvdyI6ImUwMTA5ZjMifQ%3D%3D\" data-elementor-lightbox-description=\"La societ\u00e0 contro la donna serata di canzoni femministe - 5\/02\/1974\" href='https:\/\/archivia.org\/wp-content\/uploads\/2025\/11\/100_ABCD_CDC_MAN_201409_1921194RMA000_02R-copia.jpg'><img loading=\"lazy\" width=\"539\" height=\"538\" src=\"https:\/\/archivia.org\/wp-content\/uploads\/2025\/11\/100_ABCD_CDC_MAN_201409_1921194RMA000_02R-copia.jpg\" class=\"attachment-medium_large size-medium_large\" alt=\"\" aria-describedby=\"gallery-1-7946\" decoding=\"async\" srcset=\"https:\/\/archivia.org\/wp-content\/uploads\/2025\/11\/100_ABCD_CDC_MAN_201409_1921194RMA000_02R-copia.jpg 539w, https:\/\/archivia.org\/wp-content\/uploads\/2025\/11\/100_ABCD_CDC_MAN_201409_1921194RMA000_02R-copia-300x300.jpg 300w, https:\/\/archivia.org\/wp-content\/uploads\/2025\/11\/100_ABCD_CDC_MAN_201409_1921194RMA000_02R-copia-150x150.jpg 150w, https:\/\/archivia.org\/wp-content\/uploads\/2025\/11\/100_ABCD_CDC_MAN_201409_1921194RMA000_02R-copia-12x12.jpg 12w\" sizes=\"(max-width: 539px) 100vw, 539px\" title=\"\"><\/a>\n\t\t\t<\/div>\n\t\t\t\t<figcaption class='wp-caption-text gallery-caption' id='gallery-1-7946'>\n\t\t\t\tLa Laverie &#8211; 1 mai 1982\n\t\t\t\t<\/figcaption><\/figure><figure class='gallery-item'>\n\t\t\t<div class='gallery-icon landscape'>\n\t\t\t\t<a data-elementor-open-lightbox=\"yes\" data-elementor-lightbox-slideshow=\"e0109f3\" data-elementor-lightbox-title=\"101_ABCD_CDC_MAN_201409_1921194RMA000_02V-copia\" data-e-action-hash=\"#elementor-action%3Aaction%3Dlightbox%26settings%3DeyJpZCI6Nzk0NywidXJsIjoiaHR0cHM6XC9cL2FyY2hpdmlhLm9yZ1wvd3AtY29udGVudFwvdXBsb2Fkc1wvMjAyNVwvMTFcLzEwMV9BQkNEX0NEQ19NQU5fMjAxNDA5XzE5MjExOTRSTUEwMDBfMDJWLWNvcGlhLmpwZyIsInNsaWRlc2hvdyI6ImUwMTA5ZjMifQ%3D%3D\" data-elementor-lightbox-description=\"La societ\u00e0 contro la donna serata di canzoni femministe - 5\/02\/1974\" href='https:\/\/archivia.org\/wp-content\/uploads\/2025\/11\/101_ABCD_CDC_MAN_201409_1921194RMA000_02V-copia.jpg'><img loading=\"lazy\" width=\"539\" height=\"538\" src=\"https:\/\/archivia.org\/wp-content\/uploads\/2025\/11\/101_ABCD_CDC_MAN_201409_1921194RMA000_02V-copia.jpg\" class=\"attachment-medium_large size-medium_large\" alt=\"\" aria-describedby=\"gallery-1-7947\" decoding=\"async\" srcset=\"https:\/\/archivia.org\/wp-content\/uploads\/2025\/11\/101_ABCD_CDC_MAN_201409_1921194RMA000_02V-copia.jpg 539w, https:\/\/archivia.org\/wp-content\/uploads\/2025\/11\/101_ABCD_CDC_MAN_201409_1921194RMA000_02V-copia-300x300.jpg 300w, https:\/\/archivia.org\/wp-content\/uploads\/2025\/11\/101_ABCD_CDC_MAN_201409_1921194RMA000_02V-copia-150x150.jpg 150w, https:\/\/archivia.org\/wp-content\/uploads\/2025\/11\/101_ABCD_CDC_MAN_201409_1921194RMA000_02V-copia-12x12.jpg 12w\" sizes=\"(max-width: 539px) 100vw, 539px\" title=\"\"><\/a>\n\t\t\t<\/div>\n\t\t\t\t<figcaption class='wp-caption-text gallery-caption' id='gallery-1-7947'>\n\t\t\t\tLa Laverie &#8211; 1 mai 1982\n\t\t\t\t<\/figcaption><\/figure><figure class='gallery-item'>\n\t\t\t<div class='gallery-icon portrait'>\n\t\t\t\t<a data-elementor-open-lightbox=\"yes\" data-elementor-lightbox-slideshow=\"e0109f3\" data-elementor-lightbox-title=\"103_ABCD_CDC_MAN_201419_1921196RMA000_01R-copia\" data-e-action-hash=\"#elementor-action%3Aaction%3Dlightbox%26settings%3DeyJpZCI6Nzk0OCwidXJsIjoiaHR0cHM6XC9cL2FyY2hpdmlhLm9yZ1wvd3AtY29udGVudFwvdXBsb2Fkc1wvMjAyNVwvMTFcLzEwM19BQkNEX0NEQ19NQU5fMjAxNDE5XzE5MjExOTZSTUEwMDBfMDFSLWNvcGlhLmpwZyIsInNsaWRlc2hvdyI6ImUwMTA5ZjMifQ%3D%3D\" data-elementor-lightbox-description=\"La societ\u00e0 contro la donna serata di canzoni femministe - 5\/02\/1974\" href='https:\/\/archivia.org\/wp-content\/uploads\/2025\/11\/103_ABCD_CDC_MAN_201419_1921196RMA000_01R-copia.jpg'><img loading=\"lazy\" width=\"539\" height=\"792\" src=\"https:\/\/archivia.org\/wp-content\/uploads\/2025\/11\/103_ABCD_CDC_MAN_201419_1921196RMA000_01R-copia.jpg\" class=\"attachment-medium_large size-medium_large\" alt=\"\" aria-describedby=\"gallery-1-7948\" decoding=\"async\" srcset=\"https:\/\/archivia.org\/wp-content\/uploads\/2025\/11\/103_ABCD_CDC_MAN_201419_1921196RMA000_01R-copia.jpg 539w, https:\/\/archivia.org\/wp-content\/uploads\/2025\/11\/103_ABCD_CDC_MAN_201419_1921196RMA000_01R-copia-204x300.jpg 204w, https:\/\/archivia.org\/wp-content\/uploads\/2025\/11\/103_ABCD_CDC_MAN_201419_1921196RMA000_01R-copia-8x12.jpg 8w\" sizes=\"(max-width: 539px) 100vw, 539px\" title=\"\"><\/a>\n\t\t\t<\/div>\n\t\t\t\t<figcaption class='wp-caption-text gallery-caption' id='gallery-1-7948'>\n\t\t\t\tCRAC Non mendichiamo un diritto lottiamo per ottenerlo &#8211; 4\/6\/1975\n\t\t\t\t<\/figcaption><\/figure><figure class='gallery-item'>\n\t\t\t<div class='gallery-icon portrait'>\n\t\t\t\t<a data-elementor-open-lightbox=\"yes\" data-elementor-lightbox-slideshow=\"e0109f3\" data-elementor-lightbox-title=\"104_ABCD_CDC_MAN_201444_1921197RMA000_01R-copia\" data-e-action-hash=\"#elementor-action%3Aaction%3Dlightbox%26settings%3DeyJpZCI6Nzk0OSwidXJsIjoiaHR0cHM6XC9cL2FyY2hpdmlhLm9yZ1wvd3AtY29udGVudFwvdXBsb2Fkc1wvMjAyNVwvMTFcLzEwNF9BQkNEX0NEQ19NQU5fMjAxNDQ0XzE5MjExOTdSTUEwMDBfMDFSLWNvcGlhLmpwZyIsInNsaWRlc2hvdyI6ImUwMTA5ZjMifQ%3D%3D\" data-elementor-lightbox-description=\"La societ\u00e0 contro la donna serata di canzoni femministe - 5\/02\/1974\" href='https:\/\/archivia.org\/wp-content\/uploads\/2025\/11\/104_ABCD_CDC_MAN_201444_1921197RMA000_01R-copia.jpg'><img loading=\"lazy\" width=\"539\" height=\"779\" src=\"https:\/\/archivia.org\/wp-content\/uploads\/2025\/11\/104_ABCD_CDC_MAN_201444_1921197RMA000_01R-copia.jpg\" class=\"attachment-medium_large size-medium_large\" alt=\"\" aria-describedby=\"gallery-1-7949\" decoding=\"async\" srcset=\"https:\/\/archivia.org\/wp-content\/uploads\/2025\/11\/104_ABCD_CDC_MAN_201444_1921197RMA000_01R-copia.jpg 539w, https:\/\/archivia.org\/wp-content\/uploads\/2025\/11\/104_ABCD_CDC_MAN_201444_1921197RMA000_01R-copia-208x300.jpg 208w, https:\/\/archivia.org\/wp-content\/uploads\/2025\/11\/104_ABCD_CDC_MAN_201444_1921197RMA000_01R-copia-8x12.jpg 8w\" sizes=\"(max-width: 539px) 100vw, 539px\" title=\"\"><\/a>\n\t\t\t<\/div>\n\t\t\t\t<figcaption class='wp-caption-text gallery-caption' id='gallery-1-7949'>\n\t\t\t\tParola chiave. Tavola rotonda -15\/12\/1986\n\t\t\t\t<\/figcaption><\/figure><figure class='gallery-item'>\n\t\t\t<div class='gallery-icon portrait'>\n\t\t\t\t<a data-elementor-open-lightbox=\"yes\" data-elementor-lightbox-slideshow=\"e0109f3\" data-elementor-lightbox-title=\"105_ABCD_CDC_MAN_201445_1921198RMA000_01R-copia\" data-e-action-hash=\"#elementor-action%3Aaction%3Dlightbox%26settings%3DeyJpZCI6Nzk1MCwidXJsIjoiaHR0cHM6XC9cL2FyY2hpdmlhLm9yZ1wvd3AtY29udGVudFwvdXBsb2Fkc1wvMjAyNVwvMTFcLzEwNV9BQkNEX0NEQ19NQU5fMjAxNDQ1XzE5MjExOThSTUEwMDBfMDFSLWNvcGlhLmpwZyIsInNsaWRlc2hvdyI6ImUwMTA5ZjMifQ%3D%3D\" data-elementor-lightbox-description=\"La societ\u00e0 contro la donna serata di canzoni femministe - 5\/02\/1974\" href='https:\/\/archivia.org\/wp-content\/uploads\/2025\/11\/105_ABCD_CDC_MAN_201445_1921198RMA000_01R-copia.jpg'><img loading=\"lazy\" width=\"539\" height=\"795\" src=\"https:\/\/archivia.org\/wp-content\/uploads\/2025\/11\/105_ABCD_CDC_MAN_201445_1921198RMA000_01R-copia.jpg\" class=\"attachment-medium_large size-medium_large\" alt=\"\" aria-describedby=\"gallery-1-7950\" decoding=\"async\" srcset=\"https:\/\/archivia.org\/wp-content\/uploads\/2025\/11\/105_ABCD_CDC_MAN_201445_1921198RMA000_01R-copia.jpg 539w, https:\/\/archivia.org\/wp-content\/uploads\/2025\/11\/105_ABCD_CDC_MAN_201445_1921198RMA000_01R-copia-203x300.jpg 203w, https:\/\/archivia.org\/wp-content\/uploads\/2025\/11\/105_ABCD_CDC_MAN_201445_1921198RMA000_01R-copia-8x12.jpg 8w\" sizes=\"(max-width: 539px) 100vw, 539px\" title=\"\"><\/a>\n\t\t\t<\/div>\n\t\t\t\t<figcaption class='wp-caption-text gallery-caption' id='gallery-1-7950'>\n\t\t\t\tIl valore delle donne. Scuola estiva di storia delle donne &#8211; 1990\n\t\t\t\t<\/figcaption><\/figure><figure class='gallery-item'>\n\t\t\t<div class='gallery-icon portrait'>\n\t\t\t\t<a data-elementor-open-lightbox=\"yes\" data-elementor-lightbox-slideshow=\"e0109f3\" data-elementor-lightbox-title=\"106_ABCD_CDC_MAN_201447_1921199RMA000_01R-copia\" data-e-action-hash=\"#elementor-action%3Aaction%3Dlightbox%26settings%3DeyJpZCI6Nzk1MSwidXJsIjoiaHR0cHM6XC9cL2FyY2hpdmlhLm9yZ1wvd3AtY29udGVudFwvdXBsb2Fkc1wvMjAyNVwvMTFcLzEwNl9BQkNEX0NEQ19NQU5fMjAxNDQ3XzE5MjExOTlSTUEwMDBfMDFSLWNvcGlhLmpwZyIsInNsaWRlc2hvdyI6ImUwMTA5ZjMifQ%3D%3D\" data-elementor-lightbox-description=\"La societ\u00e0 contro la donna serata di canzoni femministe - 5\/02\/1974\" href='https:\/\/archivia.org\/wp-content\/uploads\/2025\/11\/106_ABCD_CDC_MAN_201447_1921199RMA000_01R-copia.jpg'><img loading=\"lazy\" width=\"539\" height=\"798\" src=\"https:\/\/archivia.org\/wp-content\/uploads\/2025\/11\/106_ABCD_CDC_MAN_201447_1921199RMA000_01R-copia.jpg\" class=\"attachment-medium_large size-medium_large\" alt=\"\" aria-describedby=\"gallery-1-7951\" decoding=\"async\" srcset=\"https:\/\/archivia.org\/wp-content\/uploads\/2025\/11\/106_ABCD_CDC_MAN_201447_1921199RMA000_01R-copia.jpg 539w, https:\/\/archivia.org\/wp-content\/uploads\/2025\/11\/106_ABCD_CDC_MAN_201447_1921199RMA000_01R-copia-203x300.jpg 203w, https:\/\/archivia.org\/wp-content\/uploads\/2025\/11\/106_ABCD_CDC_MAN_201447_1921199RMA000_01R-copia-8x12.jpg 8w\" sizes=\"(max-width: 539px) 100vw, 539px\" title=\"\"><\/a>\n\t\t\t<\/div>\n\t\t\t\t<figcaption class='wp-caption-text gallery-caption' id='gallery-1-7951'>\n\t\t\t\tQuotidiano donna. Cari vescovi vi abbiamo denunciato &#8211; [Post 1978]\n\t\t\t\t<\/figcaption><\/figure><figure class='gallery-item'>\n\t\t\t<div class='gallery-icon portrait'>\n\t\t\t\t<a data-elementor-open-lightbox=\"yes\" data-elementor-lightbox-slideshow=\"e0109f3\" data-elementor-lightbox-title=\"107_ABCD_CDC_MAN_201448_1921200RMA000_01R-copia\" data-e-action-hash=\"#elementor-action%3Aaction%3Dlightbox%26settings%3DeyJpZCI6Nzk1MiwidXJsIjoiaHR0cHM6XC9cL2FyY2hpdmlhLm9yZ1wvd3AtY29udGVudFwvdXBsb2Fkc1wvMjAyNVwvMTFcLzEwN19BQkNEX0NEQ19NQU5fMjAxNDQ4XzE5MjEyMDBSTUEwMDBfMDFSLWNvcGlhLmpwZyIsInNsaWRlc2hvdyI6ImUwMTA5ZjMifQ%3D%3D\" data-elementor-lightbox-description=\"La societ\u00e0 contro la donna serata di canzoni femministe - 5\/02\/1974\" href='https:\/\/archivia.org\/wp-content\/uploads\/2025\/11\/107_ABCD_CDC_MAN_201448_1921200RMA000_01R-copia.jpg'><img loading=\"lazy\" width=\"539\" height=\"786\" src=\"https:\/\/archivia.org\/wp-content\/uploads\/2025\/11\/107_ABCD_CDC_MAN_201448_1921200RMA000_01R-copia.jpg\" class=\"attachment-medium_large size-medium_large\" alt=\"\" aria-describedby=\"gallery-1-7952\" decoding=\"async\" srcset=\"https:\/\/archivia.org\/wp-content\/uploads\/2025\/11\/107_ABCD_CDC_MAN_201448_1921200RMA000_01R-copia.jpg 539w, https:\/\/archivia.org\/wp-content\/uploads\/2025\/11\/107_ABCD_CDC_MAN_201448_1921200RMA000_01R-copia-206x300.jpg 206w, https:\/\/archivia.org\/wp-content\/uploads\/2025\/11\/107_ABCD_CDC_MAN_201448_1921200RMA000_01R-copia-8x12.jpg 8w\" sizes=\"(max-width: 539px) 100vw, 539px\" title=\"\"><\/a>\n\t\t\t<\/div>\n\t\t\t\t<figcaption class='wp-caption-text gallery-caption' id='gallery-1-7952'>\n\t\t\t\tEffe &#8211; 08\/03\/1980\n\t\t\t\t<\/figcaption><\/figure><figure class='gallery-item'>\n\t\t\t<div class='gallery-icon portrait'>\n\t\t\t\t<a data-elementor-open-lightbox=\"yes\" data-elementor-lightbox-slideshow=\"e0109f3\" data-elementor-lightbox-title=\"108_ABCD_CDC_MAN_201467_1921204RMA000_01R-copia\" data-e-action-hash=\"#elementor-action%3Aaction%3Dlightbox%26settings%3DeyJpZCI6Nzk1MywidXJsIjoiaHR0cHM6XC9cL2FyY2hpdmlhLm9yZ1wvd3AtY29udGVudFwvdXBsb2Fkc1wvMjAyNVwvMTFcLzEwOF9BQkNEX0NEQ19NQU5fMjAxNDY3XzE5MjEyMDRSTUEwMDBfMDFSLWNvcGlhLmpwZyIsInNsaWRlc2hvdyI6ImUwMTA5ZjMifQ%3D%3D\" data-elementor-lightbox-description=\"La societ\u00e0 contro la donna serata di canzoni femministe - 5\/02\/1974\" href='https:\/\/archivia.org\/wp-content\/uploads\/2025\/11\/108_ABCD_CDC_MAN_201467_1921204RMA000_01R-copia.jpg'><img loading=\"lazy\" width=\"539\" height=\"789\" src=\"https:\/\/archivia.org\/wp-content\/uploads\/2025\/11\/108_ABCD_CDC_MAN_201467_1921204RMA000_01R-copia.jpg\" class=\"attachment-medium_large size-medium_large\" alt=\"\" aria-describedby=\"gallery-1-7953\" decoding=\"async\" srcset=\"https:\/\/archivia.org\/wp-content\/uploads\/2025\/11\/108_ABCD_CDC_MAN_201467_1921204RMA000_01R-copia.jpg 539w, https:\/\/archivia.org\/wp-content\/uploads\/2025\/11\/108_ABCD_CDC_MAN_201467_1921204RMA000_01R-copia-205x300.jpg 205w, https:\/\/archivia.org\/wp-content\/uploads\/2025\/11\/108_ABCD_CDC_MAN_201467_1921204RMA000_01R-copia-8x12.jpg 8w\" sizes=\"(max-width: 539px) 100vw, 539px\" title=\"\"><\/a>\n\t\t\t<\/div>\n\t\t\t\t<figcaption class='wp-caption-text gallery-caption' id='gallery-1-7953'>\n\t\t\t\tSimonetta Tosi, Il movimento delle donne la salute la scienza &#8211; 08\/03\/1985\n\t\t\t\t<\/figcaption><\/figure><figure class='gallery-item'>\n\t\t\t<div class='gallery-icon portrait'>\n\t\t\t\t<a data-elementor-open-lightbox=\"yes\" data-elementor-lightbox-slideshow=\"e0109f3\" data-elementor-lightbox-title=\"109_ABCD_CDC_MAN_201469_1921205RMA000_01R-copia\" data-e-action-hash=\"#elementor-action%3Aaction%3Dlightbox%26settings%3DeyJpZCI6Nzk1NCwidXJsIjoiaHR0cHM6XC9cL2FyY2hpdmlhLm9yZ1wvd3AtY29udGVudFwvdXBsb2Fkc1wvMjAyNVwvMTFcLzEwOV9BQkNEX0NEQ19NQU5fMjAxNDY5XzE5MjEyMDVSTUEwMDBfMDFSLWNvcGlhLmpwZyIsInNsaWRlc2hvdyI6ImUwMTA5ZjMifQ%3D%3D\" data-elementor-lightbox-description=\"La societ\u00e0 contro la donna serata di canzoni femministe - 5\/02\/1974\" href='https:\/\/archivia.org\/wp-content\/uploads\/2025\/11\/109_ABCD_CDC_MAN_201469_1921205RMA000_01R-copia.jpg'><img loading=\"lazy\" width=\"539\" height=\"765\" src=\"https:\/\/archivia.org\/wp-content\/uploads\/2025\/11\/109_ABCD_CDC_MAN_201469_1921205RMA000_01R-copia.jpg\" class=\"attachment-medium_large size-medium_large\" alt=\"\" aria-describedby=\"gallery-1-7954\" decoding=\"async\" srcset=\"https:\/\/archivia.org\/wp-content\/uploads\/2025\/11\/109_ABCD_CDC_MAN_201469_1921205RMA000_01R-copia.jpg 539w, https:\/\/archivia.org\/wp-content\/uploads\/2025\/11\/109_ABCD_CDC_MAN_201469_1921205RMA000_01R-copia-211x300.jpg 211w, https:\/\/archivia.org\/wp-content\/uploads\/2025\/11\/109_ABCD_CDC_MAN_201469_1921205RMA000_01R-copia-8x12.jpg 8w\" sizes=\"(max-width: 539px) 100vw, 539px\" title=\"\"><\/a>\n\t\t\t<\/div>\n\t\t\t\t<figcaption class='wp-caption-text gallery-caption' id='gallery-1-7954'>\n\t\t\t\tLa bruca sillabario della sotterranerit\u00e0 &#8211; 08\/03\/1978\n\t\t\t\t<\/figcaption><\/figure><figure class='gallery-item'>\n\t\t\t<div class='gallery-icon portrait'>\n\t\t\t\t<a data-elementor-open-lightbox=\"yes\" data-elementor-lightbox-slideshow=\"e0109f3\" data-elementor-lightbox-title=\"110_ABCD_CDC_MAN_201471_1921207RMA000_01R-copia\" data-e-action-hash=\"#elementor-action%3Aaction%3Dlightbox%26settings%3DeyJpZCI6Nzk1NSwidXJsIjoiaHR0cHM6XC9cL2FyY2hpdmlhLm9yZ1wvd3AtY29udGVudFwvdXBsb2Fkc1wvMjAyNVwvMTFcLzExMF9BQkNEX0NEQ19NQU5fMjAxNDcxXzE5MjEyMDdSTUEwMDBfMDFSLWNvcGlhLmpwZyIsInNsaWRlc2hvdyI6ImUwMTA5ZjMifQ%3D%3D\" data-elementor-lightbox-description=\"La societ\u00e0 contro la donna serata di canzoni femministe - 5\/02\/1974\" href='https:\/\/archivia.org\/wp-content\/uploads\/2025\/11\/110_ABCD_CDC_MAN_201471_1921207RMA000_01R-copia.jpg'><img loading=\"lazy\" width=\"539\" height=\"760\" src=\"https:\/\/archivia.org\/wp-content\/uploads\/2025\/11\/110_ABCD_CDC_MAN_201471_1921207RMA000_01R-copia.jpg\" class=\"attachment-medium_large size-medium_large\" alt=\"\" aria-describedby=\"gallery-1-7955\" decoding=\"async\" srcset=\"https:\/\/archivia.org\/wp-content\/uploads\/2025\/11\/110_ABCD_CDC_MAN_201471_1921207RMA000_01R-copia.jpg 539w, https:\/\/archivia.org\/wp-content\/uploads\/2025\/11\/110_ABCD_CDC_MAN_201471_1921207RMA000_01R-copia-213x300.jpg 213w, https:\/\/archivia.org\/wp-content\/uploads\/2025\/11\/110_ABCD_CDC_MAN_201471_1921207RMA000_01R-copia-9x12.jpg 9w\" sizes=\"(max-width: 539px) 100vw, 539px\" title=\"\"><\/a>\n\t\t\t<\/div>\n\t\t\t\t<figcaption class='wp-caption-text gallery-caption' id='gallery-1-7955'>\n\t\t\t\tAssemblea nazionale per l&#8217;autodeterminazione &#8211; 22\/10\/1994\n\t\t\t\t<\/figcaption><\/figure><figure class='gallery-item'>\n\t\t\t<div class='gallery-icon portrait'>\n\t\t\t\t<a data-elementor-open-lightbox=\"yes\" data-elementor-lightbox-slideshow=\"e0109f3\" data-elementor-lightbox-title=\"111_ABCD_CDC_MAN_201472_1921208RMA000_01R-copia\" data-e-action-hash=\"#elementor-action%3Aaction%3Dlightbox%26settings%3DeyJpZCI6Nzk1NiwidXJsIjoiaHR0cHM6XC9cL2FyY2hpdmlhLm9yZ1wvd3AtY29udGVudFwvdXBsb2Fkc1wvMjAyNVwvMTFcLzExMV9BQkNEX0NEQ19NQU5fMjAxNDcyXzE5MjEyMDhSTUEwMDBfMDFSLWNvcGlhLmpwZyIsInNsaWRlc2hvdyI6ImUwMTA5ZjMifQ%3D%3D\" data-elementor-lightbox-description=\"La societ\u00e0 contro la donna serata di canzoni femministe - 5\/02\/1974\" href='https:\/\/archivia.org\/wp-content\/uploads\/2025\/11\/111_ABCD_CDC_MAN_201472_1921208RMA000_01R-copia.jpg'><img loading=\"lazy\" width=\"539\" height=\"804\" src=\"https:\/\/archivia.org\/wp-content\/uploads\/2025\/11\/111_ABCD_CDC_MAN_201472_1921208RMA000_01R-copia.jpg\" class=\"attachment-medium_large size-medium_large\" alt=\"\" aria-describedby=\"gallery-1-7956\" decoding=\"async\" srcset=\"https:\/\/archivia.org\/wp-content\/uploads\/2025\/11\/111_ABCD_CDC_MAN_201472_1921208RMA000_01R-copia.jpg 539w, https:\/\/archivia.org\/wp-content\/uploads\/2025\/11\/111_ABCD_CDC_MAN_201472_1921208RMA000_01R-copia-201x300.jpg 201w, https:\/\/archivia.org\/wp-content\/uploads\/2025\/11\/111_ABCD_CDC_MAN_201472_1921208RMA000_01R-copia-8x12.jpg 8w\" sizes=\"(max-width: 539px) 100vw, 539px\" title=\"\"><\/a>\n\t\t\t<\/div>\n\t\t\t\t<figcaption class='wp-caption-text gallery-caption' id='gallery-1-7956'>\n\t\t\t\tDonne venite&#8230; alla Ragnatela &#8211; 30-31\/10 [1983?]\n\t\t\t\t<\/figcaption><\/figure><figure class='gallery-item'>\n\t\t\t<div class='gallery-icon portrait'>\n\t\t\t\t<a data-elementor-open-lightbox=\"yes\" data-elementor-lightbox-slideshow=\"e0109f3\" data-elementor-lightbox-title=\"112_ABCD_CDC_MAN_201474_1921210RMA000_01R-copia\" data-e-action-hash=\"#elementor-action%3Aaction%3Dlightbox%26settings%3DeyJpZCI6Nzk1NywidXJsIjoiaHR0cHM6XC9cL2FyY2hpdmlhLm9yZ1wvd3AtY29udGVudFwvdXBsb2Fkc1wvMjAyNVwvMTFcLzExMl9BQkNEX0NEQ19NQU5fMjAxNDc0XzE5MjEyMTBSTUEwMDBfMDFSLWNvcGlhLmpwZyIsInNsaWRlc2hvdyI6ImUwMTA5ZjMifQ%3D%3D\" data-elementor-lightbox-description=\"La societ\u00e0 contro la donna serata di canzoni femministe - 5\/02\/1974\" href='https:\/\/archivia.org\/wp-content\/uploads\/2025\/11\/112_ABCD_CDC_MAN_201474_1921210RMA000_01R-copia.jpg'><img loading=\"lazy\" width=\"539\" height=\"761\" src=\"https:\/\/archivia.org\/wp-content\/uploads\/2025\/11\/112_ABCD_CDC_MAN_201474_1921210RMA000_01R-copia.jpg\" class=\"attachment-medium_large size-medium_large\" alt=\"\" aria-describedby=\"gallery-1-7957\" decoding=\"async\" srcset=\"https:\/\/archivia.org\/wp-content\/uploads\/2025\/11\/112_ABCD_CDC_MAN_201474_1921210RMA000_01R-copia.jpg 539w, https:\/\/archivia.org\/wp-content\/uploads\/2025\/11\/112_ABCD_CDC_MAN_201474_1921210RMA000_01R-copia-212x300.jpg 212w, https:\/\/archivia.org\/wp-content\/uploads\/2025\/11\/112_ABCD_CDC_MAN_201474_1921210RMA000_01R-copia-8x12.jpg 8w\" sizes=\"(max-width: 539px) 100vw, 539px\" title=\"\"><\/a>\n\t\t\t<\/div>\n\t\t\t\t<figcaption class='wp-caption-text gallery-caption' id='gallery-1-7957'>\n\t\t\t\tRivolta femminile &#8211; [Luglio &#8217;70]\n\t\t\t\t<\/figcaption><\/figure><figure class='gallery-item'>\n\t\t\t<div class='gallery-icon portrait'>\n\t\t\t\t<a data-elementor-open-lightbox=\"yes\" data-elementor-lightbox-slideshow=\"e0109f3\" data-elementor-lightbox-title=\"113_ABCD_CDC_MAN_201476_1921212RMA000_01R-copia\" data-e-action-hash=\"#elementor-action%3Aaction%3Dlightbox%26settings%3DeyJpZCI6Nzk1OCwidXJsIjoiaHR0cHM6XC9cL2FyY2hpdmlhLm9yZ1wvd3AtY29udGVudFwvdXBsb2Fkc1wvMjAyNVwvMTFcLzExM19BQkNEX0NEQ19NQU5fMjAxNDc2XzE5MjEyMTJSTUEwMDBfMDFSLWNvcGlhLmpwZyIsInNsaWRlc2hvdyI6ImUwMTA5ZjMifQ%3D%3D\" data-elementor-lightbox-description=\"La societ\u00e0 contro la donna serata di canzoni femministe - 5\/02\/1974\" href='https:\/\/archivia.org\/wp-content\/uploads\/2025\/11\/113_ABCD_CDC_MAN_201476_1921212RMA000_01R-copia.jpg'><img loading=\"lazy\" width=\"539\" height=\"790\" src=\"https:\/\/archivia.org\/wp-content\/uploads\/2025\/11\/113_ABCD_CDC_MAN_201476_1921212RMA000_01R-copia.jpg\" class=\"attachment-medium_large size-medium_large\" alt=\"\" aria-describedby=\"gallery-1-7958\" decoding=\"async\" srcset=\"https:\/\/archivia.org\/wp-content\/uploads\/2025\/11\/113_ABCD_CDC_MAN_201476_1921212RMA000_01R-copia.jpg 539w, https:\/\/archivia.org\/wp-content\/uploads\/2025\/11\/113_ABCD_CDC_MAN_201476_1921212RMA000_01R-copia-205x300.jpg 205w, https:\/\/archivia.org\/wp-content\/uploads\/2025\/11\/113_ABCD_CDC_MAN_201476_1921212RMA000_01R-copia-8x12.jpg 8w\" sizes=\"(max-width: 539px) 100vw, 539px\" title=\"\"><\/a>\n\t\t\t<\/div>\n\t\t\t\t<figcaption class='wp-caption-text gallery-caption' id='gallery-1-7958'>\n\t\t\t\tAutodifesa contro lo stupro\n\t\t\t\t<\/figcaption><\/figure><figure class='gallery-item'>\n\t\t\t<div class='gallery-icon portrait'>\n\t\t\t\t<a data-elementor-open-lightbox=\"yes\" data-elementor-lightbox-slideshow=\"e0109f3\" data-elementor-lightbox-title=\"115_ABCD_CDC_MAN_201480_1921214RMA000_01R-02-copia\" data-e-action-hash=\"#elementor-action%3Aaction%3Dlightbox%26settings%3DeyJpZCI6Nzk1OSwidXJsIjoiaHR0cHM6XC9cL2FyY2hpdmlhLm9yZ1wvd3AtY29udGVudFwvdXBsb2Fkc1wvMjAyNVwvMTFcLzExNV9BQkNEX0NEQ19NQU5fMjAxNDgwXzE5MjEyMTRSTUEwMDBfMDFSLTAyLWNvcGlhLmpwZyIsInNsaWRlc2hvdyI6ImUwMTA5ZjMifQ%3D%3D\" data-elementor-lightbox-description=\"La societ\u00e0 contro la donna serata di canzoni femministe - 5\/02\/1974\" href='https:\/\/archivia.org\/wp-content\/uploads\/2025\/11\/115_ABCD_CDC_MAN_201480_1921214RMA000_01R-02-copia.jpg'><img loading=\"lazy\" width=\"539\" height=\"1055\" src=\"https:\/\/archivia.org\/wp-content\/uploads\/2025\/11\/115_ABCD_CDC_MAN_201480_1921214RMA000_01R-02-copia.jpg\" class=\"attachment-medium_large size-medium_large\" alt=\"\" aria-describedby=\"gallery-1-7959\" decoding=\"async\" srcset=\"https:\/\/archivia.org\/wp-content\/uploads\/2025\/11\/115_ABCD_CDC_MAN_201480_1921214RMA000_01R-02-copia.jpg 539w, https:\/\/archivia.org\/wp-content\/uploads\/2025\/11\/115_ABCD_CDC_MAN_201480_1921214RMA000_01R-02-copia-153x300.jpg 153w, https:\/\/archivia.org\/wp-content\/uploads\/2025\/11\/115_ABCD_CDC_MAN_201480_1921214RMA000_01R-02-copia-523x1024.jpg 523w, https:\/\/archivia.org\/wp-content\/uploads\/2025\/11\/115_ABCD_CDC_MAN_201480_1921214RMA000_01R-02-copia-6x12.jpg 6w\" sizes=\"(max-width: 539px) 100vw, 539px\" title=\"\"><\/a>\n\t\t\t<\/div>\n\t\t\t\t<figcaption class='wp-caption-text gallery-caption' id='gallery-1-7959'>\n\t\t\t\tCentro culturale Virginia Woolf. Programma &#8211; 1985\n\t\t\t\t<\/figcaption><\/figure><figure class='gallery-item'>\n\t\t\t<div class='gallery-icon portrait'>\n\t\t\t\t<a data-elementor-open-lightbox=\"yes\" data-elementor-lightbox-slideshow=\"e0109f3\" data-elementor-lightbox-title=\"116_ABCD_CDC_MAN_201484_1921217RMA000_01R-copia\" data-e-action-hash=\"#elementor-action%3Aaction%3Dlightbox%26settings%3DeyJpZCI6Nzk2MCwidXJsIjoiaHR0cHM6XC9cL2FyY2hpdmlhLm9yZ1wvd3AtY29udGVudFwvdXBsb2Fkc1wvMjAyNVwvMTFcLzExNl9BQkNEX0NEQ19NQU5fMjAxNDg0XzE5MjEyMTdSTUEwMDBfMDFSLWNvcGlhLmpwZyIsInNsaWRlc2hvdyI6ImUwMTA5ZjMifQ%3D%3D\" data-elementor-lightbox-description=\"La societ\u00e0 contro la donna serata di canzoni femministe - 5\/02\/1974\" href='https:\/\/archivia.org\/wp-content\/uploads\/2025\/11\/116_ABCD_CDC_MAN_201484_1921217RMA000_01R-copia.jpg'><img loading=\"lazy\" width=\"539\" height=\"782\" src=\"https:\/\/archivia.org\/wp-content\/uploads\/2025\/11\/116_ABCD_CDC_MAN_201484_1921217RMA000_01R-copia.jpg\" class=\"attachment-medium_large size-medium_large\" alt=\"\" aria-describedby=\"gallery-1-7960\" decoding=\"async\" srcset=\"https:\/\/archivia.org\/wp-content\/uploads\/2025\/11\/116_ABCD_CDC_MAN_201484_1921217RMA000_01R-copia.jpg 539w, https:\/\/archivia.org\/wp-content\/uploads\/2025\/11\/116_ABCD_CDC_MAN_201484_1921217RMA000_01R-copia-207x300.jpg 207w, https:\/\/archivia.org\/wp-content\/uploads\/2025\/11\/116_ABCD_CDC_MAN_201484_1921217RMA000_01R-copia-8x12.jpg 8w\" sizes=\"(max-width: 539px) 100vw, 539px\" title=\"\"><\/a>\n\t\t\t<\/div>\n\t\t\t\t<figcaption class='wp-caption-text gallery-caption' id='gallery-1-7960'>\n\t\t\t\tLe donne a scuola &#8211; 14\/10-26\/04\/1987\n\t\t\t\t<\/figcaption><\/figure><figure class='gallery-item'>\n\t\t\t<div class='gallery-icon portrait'>\n\t\t\t\t<a data-elementor-open-lightbox=\"yes\" data-elementor-lightbox-slideshow=\"e0109f3\" data-elementor-lightbox-title=\"118_ABCD_CDC_MAN_201543_1921219RMA000_01R-copia\" data-e-action-hash=\"#elementor-action%3Aaction%3Dlightbox%26settings%3DeyJpZCI6Nzk2MiwidXJsIjoiaHR0cHM6XC9cL2FyY2hpdmlhLm9yZ1wvd3AtY29udGVudFwvdXBsb2Fkc1wvMjAyNVwvMTFcLzExOF9BQkNEX0NEQ19NQU5fMjAxNTQzXzE5MjEyMTlSTUEwMDBfMDFSLWNvcGlhLmpwZyIsInNsaWRlc2hvdyI6ImUwMTA5ZjMifQ%3D%3D\" data-elementor-lightbox-description=\"La societ\u00e0 contro la donna serata di canzoni femministe - 5\/02\/1974\" href='https:\/\/archivia.org\/wp-content\/uploads\/2025\/11\/118_ABCD_CDC_MAN_201543_1921219RMA000_01R-copia.jpg'><img loading=\"lazy\" width=\"539\" height=\"694\" src=\"https:\/\/archivia.org\/wp-content\/uploads\/2025\/11\/118_ABCD_CDC_MAN_201543_1921219RMA000_01R-copia.jpg\" class=\"attachment-medium_large size-medium_large\" alt=\"\" aria-describedby=\"gallery-1-7962\" decoding=\"async\" srcset=\"https:\/\/archivia.org\/wp-content\/uploads\/2025\/11\/118_ABCD_CDC_MAN_201543_1921219RMA000_01R-copia.jpg 539w, https:\/\/archivia.org\/wp-content\/uploads\/2025\/11\/118_ABCD_CDC_MAN_201543_1921219RMA000_01R-copia-233x300.jpg 233w, https:\/\/archivia.org\/wp-content\/uploads\/2025\/11\/118_ABCD_CDC_MAN_201543_1921219RMA000_01R-copia-9x12.jpg 9w\" sizes=\"(max-width: 539px) 100vw, 539px\" title=\"\"><\/a>\n\t\t\t<\/div>\n\t\t\t\t<figcaption class='wp-caption-text gallery-caption' id='gallery-1-7962'>\n\t\t\t\tOpera originale di Cloti Ricciardi &#8211; [anni &#8217;70]\n\t\t\t\t<\/figcaption><\/figure><figure class='gallery-item'>\n\t\t\t<div class='gallery-icon portrait'>\n\t\t\t\t<a data-elementor-open-lightbox=\"yes\" data-elementor-lightbox-slideshow=\"e0109f3\" data-elementor-lightbox-title=\"ABCD_CDC_MAN_201028_1921009RMA000_01R-copia\" data-e-action-hash=\"#elementor-action%3Aaction%3Dlightbox%26settings%3DeyJpZCI6Nzk2MywidXJsIjoiaHR0cHM6XC9cL2FyY2hpdmlhLm9yZ1wvd3AtY29udGVudFwvdXBsb2Fkc1wvMjAyNVwvMTFcL0FCQ0RfQ0RDX01BTl8yMDEwMjhfMTkyMTAwOVJNQTAwMF8wMVItY29waWEuanBnIiwic2xpZGVzaG93IjoiZTAxMDlmMyJ9\" data-elementor-lightbox-description=\"La societ\u00e0 contro la donna serata di canzoni femministe - 5\/02\/1974\" href='https:\/\/archivia.org\/wp-content\/uploads\/2025\/11\/ABCD_CDC_MAN_201028_1921009RMA000_01R-copia.jpg'><img loading=\"lazy\" width=\"539\" height=\"783\" src=\"https:\/\/archivia.org\/wp-content\/uploads\/2025\/11\/ABCD_CDC_MAN_201028_1921009RMA000_01R-copia.jpg\" class=\"attachment-medium_large size-medium_large\" alt=\"\" aria-describedby=\"gallery-1-7963\" decoding=\"async\" srcset=\"https:\/\/archivia.org\/wp-content\/uploads\/2025\/11\/ABCD_CDC_MAN_201028_1921009RMA000_01R-copia.jpg 539w, https:\/\/archivia.org\/wp-content\/uploads\/2025\/11\/ABCD_CDC_MAN_201028_1921009RMA000_01R-copia-207x300.jpg 207w, https:\/\/archivia.org\/wp-content\/uploads\/2025\/11\/ABCD_CDC_MAN_201028_1921009RMA000_01R-copia-8x12.jpg 8w\" sizes=\"(max-width: 539px) 100vw, 539px\" title=\"\"><\/a>\n\t\t\t<\/div>\n\t\t\t\t<figcaption class='wp-caption-text gallery-caption' id='gallery-1-7963'>\n\t\t\t\tVota Lista Cara Citt\u00e0 &#8211; [1996]\n\t\t\t\t<\/figcaption><\/figure><figure class='gallery-item'>\n\t\t\t<div class='gallery-icon portrait'>\n\t\t\t\t<a data-elementor-open-lightbox=\"yes\" data-elementor-lightbox-slideshow=\"e0109f3\" data-elementor-lightbox-title=\"ABCD_CDC_MAN_201036_1921015RMA000_01R-copia\" data-e-action-hash=\"#elementor-action%3Aaction%3Dlightbox%26settings%3DeyJpZCI6Nzk2NCwidXJsIjoiaHR0cHM6XC9cL2FyY2hpdmlhLm9yZ1wvd3AtY29udGVudFwvdXBsb2Fkc1wvMjAyNVwvMTFcL0FCQ0RfQ0RDX01BTl8yMDEwMzZfMTkyMTAxNVJNQTAwMF8wMVItY29waWEuanBnIiwic2xpZGVzaG93IjoiZTAxMDlmMyJ9\" data-elementor-lightbox-description=\"La societ\u00e0 contro la donna serata di canzoni femministe - 5\/02\/1974\" href='https:\/\/archivia.org\/wp-content\/uploads\/2025\/11\/ABCD_CDC_MAN_201036_1921015RMA000_01R-copia.jpg'><img loading=\"lazy\" width=\"539\" height=\"752\" src=\"https:\/\/archivia.org\/wp-content\/uploads\/2025\/11\/ABCD_CDC_MAN_201036_1921015RMA000_01R-copia.jpg\" class=\"attachment-medium_large size-medium_large\" alt=\"\" aria-describedby=\"gallery-1-7964\" decoding=\"async\" srcset=\"https:\/\/archivia.org\/wp-content\/uploads\/2025\/11\/ABCD_CDC_MAN_201036_1921015RMA000_01R-copia.jpg 539w, https:\/\/archivia.org\/wp-content\/uploads\/2025\/11\/ABCD_CDC_MAN_201036_1921015RMA000_01R-copia-215x300.jpg 215w, https:\/\/archivia.org\/wp-content\/uploads\/2025\/11\/ABCD_CDC_MAN_201036_1921015RMA000_01R-copia-9x12.jpg 9w\" sizes=\"(max-width: 539px) 100vw, 539px\" title=\"\"><\/a>\n\t\t\t<\/div>\n\t\t\t\t<figcaption class='wp-caption-text gallery-caption' id='gallery-1-7964'>\n\t\t\t\tBiodiversit\u00e0 nelle zone aride\n\t\t\t\t<\/figcaption><\/figure><figure class='gallery-item'>\n\t\t\t<div class='gallery-icon portrait'>\n\t\t\t\t<a data-elementor-open-lightbox=\"yes\" data-elementor-lightbox-slideshow=\"e0109f3\" data-elementor-lightbox-title=\"ABCD_CDC_MAN_201042_1921016RMA000_01R-copia\" data-e-action-hash=\"#elementor-action%3Aaction%3Dlightbox%26settings%3DeyJpZCI6Nzk2NSwidXJsIjoiaHR0cHM6XC9cL2FyY2hpdmlhLm9yZ1wvd3AtY29udGVudFwvdXBsb2Fkc1wvMjAyNVwvMTFcL0FCQ0RfQ0RDX01BTl8yMDEwNDJfMTkyMTAxNlJNQTAwMF8wMVItY29waWEuanBnIiwic2xpZGVzaG93IjoiZTAxMDlmMyJ9\" data-elementor-lightbox-description=\"La societ\u00e0 contro la donna serata di canzoni femministe - 5\/02\/1974\" href='https:\/\/archivia.org\/wp-content\/uploads\/2025\/11\/ABCD_CDC_MAN_201042_1921016RMA000_01R-copia.jpg'><img loading=\"lazy\" width=\"539\" height=\"802\" src=\"https:\/\/archivia.org\/wp-content\/uploads\/2025\/11\/ABCD_CDC_MAN_201042_1921016RMA000_01R-copia.jpg\" class=\"attachment-medium_large size-medium_large\" alt=\"\" aria-describedby=\"gallery-1-7965\" decoding=\"async\" srcset=\"https:\/\/archivia.org\/wp-content\/uploads\/2025\/11\/ABCD_CDC_MAN_201042_1921016RMA000_01R-copia.jpg 539w, https:\/\/archivia.org\/wp-content\/uploads\/2025\/11\/ABCD_CDC_MAN_201042_1921016RMA000_01R-copia-202x300.jpg 202w, https:\/\/archivia.org\/wp-content\/uploads\/2025\/11\/ABCD_CDC_MAN_201042_1921016RMA000_01R-copia-8x12.jpg 8w\" sizes=\"(max-width: 539px) 100vw, 539px\" title=\"\"><\/a>\n\t\t\t<\/div>\n\t\t\t\t<figcaption class='wp-caption-text gallery-caption' id='gallery-1-7965'>\n\t\t\t\tSull&#8217;amore. Incontri con Manuela Fraire &#8211; [1990]\n\t\t\t\t<\/figcaption><\/figure><figure class='gallery-item'>\n\t\t\t<div class='gallery-icon portrait'>\n\t\t\t\t<a data-elementor-open-lightbox=\"yes\" data-elementor-lightbox-slideshow=\"e0109f3\" data-elementor-lightbox-title=\"ABCD_CDC_MAN_201050_1921017RMA000_01R-copia\" data-e-action-hash=\"#elementor-action%3Aaction%3Dlightbox%26settings%3DeyJpZCI6Nzk2NiwidXJsIjoiaHR0cHM6XC9cL2FyY2hpdmlhLm9yZ1wvd3AtY29udGVudFwvdXBsb2Fkc1wvMjAyNVwvMTFcL0FCQ0RfQ0RDX01BTl8yMDEwNTBfMTkyMTAxN1JNQTAwMF8wMVItY29waWEuanBnIiwic2xpZGVzaG93IjoiZTAxMDlmMyJ9\" data-elementor-lightbox-description=\"La societ\u00e0 contro la donna serata di canzoni femministe - 5\/02\/1974\" href='https:\/\/archivia.org\/wp-content\/uploads\/2025\/11\/ABCD_CDC_MAN_201050_1921017RMA000_01R-copia.jpg'><img loading=\"lazy\" width=\"539\" height=\"772\" src=\"https:\/\/archivia.org\/wp-content\/uploads\/2025\/11\/ABCD_CDC_MAN_201050_1921017RMA000_01R-copia.jpg\" class=\"attachment-medium_large size-medium_large\" alt=\"\" aria-describedby=\"gallery-1-7966\" decoding=\"async\" srcset=\"https:\/\/archivia.org\/wp-content\/uploads\/2025\/11\/ABCD_CDC_MAN_201050_1921017RMA000_01R-copia.jpg 539w, https:\/\/archivia.org\/wp-content\/uploads\/2025\/11\/ABCD_CDC_MAN_201050_1921017RMA000_01R-copia-209x300.jpg 209w, https:\/\/archivia.org\/wp-content\/uploads\/2025\/11\/ABCD_CDC_MAN_201050_1921017RMA000_01R-copia-8x12.jpg 8w\" sizes=\"(max-width: 539px) 100vw, 539px\" title=\"\"><\/a>\n\t\t\t<\/div>\n\t\t\t\t<figcaption class='wp-caption-text gallery-caption' id='gallery-1-7966'>\n\t\t\t\tSe lui non fosse constretto a fare l&#8217;uomo -[anni&#8217;70]\n\t\t\t\t<\/figcaption><\/figure><figure class='gallery-item'>\n\t\t\t<div class='gallery-icon portrait'>\n\t\t\t\t<a data-elementor-open-lightbox=\"yes\" data-elementor-lightbox-slideshow=\"e0109f3\" data-elementor-lightbox-title=\"ABCD_CDC_MAN_201065_1921021RMA000_01R-copia\" data-e-action-hash=\"#elementor-action%3Aaction%3Dlightbox%26settings%3DeyJpZCI6Nzk2OCwidXJsIjoiaHR0cHM6XC9cL2FyY2hpdmlhLm9yZ1wvd3AtY29udGVudFwvdXBsb2Fkc1wvMjAyNVwvMTFcL0FCQ0RfQ0RDX01BTl8yMDEwNjVfMTkyMTAyMVJNQTAwMF8wMVItY29waWEuanBnIiwic2xpZGVzaG93IjoiZTAxMDlmMyJ9\" data-elementor-lightbox-description=\"La societ\u00e0 contro la donna serata di canzoni femministe - 5\/02\/1974\" href='https:\/\/archivia.org\/wp-content\/uploads\/2025\/11\/ABCD_CDC_MAN_201065_1921021RMA000_01R-copia.jpg'><img loading=\"lazy\" width=\"539\" height=\"766\" src=\"https:\/\/archivia.org\/wp-content\/uploads\/2025\/11\/ABCD_CDC_MAN_201065_1921021RMA000_01R-copia.jpg\" class=\"attachment-medium_large size-medium_large\" alt=\"\" aria-describedby=\"gallery-1-7968\" decoding=\"async\" srcset=\"https:\/\/archivia.org\/wp-content\/uploads\/2025\/11\/ABCD_CDC_MAN_201065_1921021RMA000_01R-copia.jpg 539w, https:\/\/archivia.org\/wp-content\/uploads\/2025\/11\/ABCD_CDC_MAN_201065_1921021RMA000_01R-copia-211x300.jpg 211w, https:\/\/archivia.org\/wp-content\/uploads\/2025\/11\/ABCD_CDC_MAN_201065_1921021RMA000_01R-copia-8x12.jpg 8w\" sizes=\"(max-width: 539px) 100vw, 539px\" title=\"\"><\/a>\n\t\t\t<\/div>\n\t\t\t\t<figcaption class='wp-caption-text gallery-caption' id='gallery-1-7968'>\n\t\t\t\tW Noi io somo per Effe\n\t\t\t\t<\/figcaption><\/figure><figure class='gallery-item'>\n\t\t\t<div class='gallery-icon portrait'>\n\t\t\t\t<a data-elementor-open-lightbox=\"yes\" data-elementor-lightbox-slideshow=\"e0109f3\" data-elementor-lightbox-title=\"ABCD_CDC_MAN_201069_1921023RMA000_01R-copia\" data-e-action-hash=\"#elementor-action%3Aaction%3Dlightbox%26settings%3DeyJpZCI6Nzk2OSwidXJsIjoiaHR0cHM6XC9cL2FyY2hpdmlhLm9yZ1wvd3AtY29udGVudFwvdXBsb2Fkc1wvMjAyNVwvMTFcL0FCQ0RfQ0RDX01BTl8yMDEwNjlfMTkyMTAyM1JNQTAwMF8wMVItY29waWEuanBnIiwic2xpZGVzaG93IjoiZTAxMDlmMyJ9\" data-elementor-lightbox-description=\"La societ\u00e0 contro la donna serata di canzoni femministe - 5\/02\/1974\" href='https:\/\/archivia.org\/wp-content\/uploads\/2025\/11\/ABCD_CDC_MAN_201069_1921023RMA000_01R-copia.jpg'><img loading=\"lazy\" width=\"539\" height=\"838\" src=\"https:\/\/archivia.org\/wp-content\/uploads\/2025\/11\/ABCD_CDC_MAN_201069_1921023RMA000_01R-copia.jpg\" class=\"attachment-medium_large size-medium_large\" alt=\"\" aria-describedby=\"gallery-1-7969\" decoding=\"async\" srcset=\"https:\/\/archivia.org\/wp-content\/uploads\/2025\/11\/ABCD_CDC_MAN_201069_1921023RMA000_01R-copia.jpg 539w, https:\/\/archivia.org\/wp-content\/uploads\/2025\/11\/ABCD_CDC_MAN_201069_1921023RMA000_01R-copia-193x300.jpg 193w, https:\/\/archivia.org\/wp-content\/uploads\/2025\/11\/ABCD_CDC_MAN_201069_1921023RMA000_01R-copia-8x12.jpg 8w\" sizes=\"(max-width: 539px) 100vw, 539px\" title=\"\"><\/a>\n\t\t\t<\/div>\n\t\t\t\t<figcaption class='wp-caption-text gallery-caption' id='gallery-1-7969'>\n\t\t\t\tL&#8217;amore \u00e8 da rinventare! -[1973]\n\t\t\t\t<\/figcaption><\/figure><figure class='gallery-item'>\n\t\t\t<div class='gallery-icon portrait'>\n\t\t\t\t<a data-elementor-open-lightbox=\"yes\" data-elementor-lightbox-slideshow=\"e0109f3\" data-elementor-lightbox-title=\"ABCD_CDC_MAN_201076_1921025RMA000_01R-copia\" data-e-action-hash=\"#elementor-action%3Aaction%3Dlightbox%26settings%3DeyJpZCI6Nzk3MCwidXJsIjoiaHR0cHM6XC9cL2FyY2hpdmlhLm9yZ1wvd3AtY29udGVudFwvdXBsb2Fkc1wvMjAyNVwvMTFcL0FCQ0RfQ0RDX01BTl8yMDEwNzZfMTkyMTAyNVJNQTAwMF8wMVItY29waWEuanBnIiwic2xpZGVzaG93IjoiZTAxMDlmMyJ9\" data-elementor-lightbox-description=\"La societ\u00e0 contro la donna serata di canzoni femministe - 5\/02\/1974\" href='https:\/\/archivia.org\/wp-content\/uploads\/2025\/11\/ABCD_CDC_MAN_201076_1921025RMA000_01R-copia.jpg'><img loading=\"lazy\" width=\"539\" height=\"755\" src=\"https:\/\/archivia.org\/wp-content\/uploads\/2025\/11\/ABCD_CDC_MAN_201076_1921025RMA000_01R-copia.jpg\" class=\"attachment-medium_large size-medium_large\" alt=\"\" aria-describedby=\"gallery-1-7970\" decoding=\"async\" srcset=\"https:\/\/archivia.org\/wp-content\/uploads\/2025\/11\/ABCD_CDC_MAN_201076_1921025RMA000_01R-copia.jpg 539w, https:\/\/archivia.org\/wp-content\/uploads\/2025\/11\/ABCD_CDC_MAN_201076_1921025RMA000_01R-copia-214x300.jpg 214w, https:\/\/archivia.org\/wp-content\/uploads\/2025\/11\/ABCD_CDC_MAN_201076_1921025RMA000_01R-copia-9x12.jpg 9w\" sizes=\"(max-width: 539px) 100vw, 539px\" title=\"\"><\/a>\n\t\t\t<\/div>\n\t\t\t\t<figcaption class='wp-caption-text gallery-caption' id='gallery-1-7970'>\n\t\t\t\tQuale potere? Parlano le donne &#8211; 03\/12\/[1986]\n\t\t\t\t<\/figcaption><\/figure><figure class='gallery-item'>\n\t\t\t<div class='gallery-icon portrait'>\n\t\t\t\t<a data-elementor-open-lightbox=\"yes\" data-elementor-lightbox-slideshow=\"e0109f3\" data-elementor-lightbox-title=\"ABCD_CDC_MAN_201078_1921026RMA000_01R-copia\" data-e-action-hash=\"#elementor-action%3Aaction%3Dlightbox%26settings%3DeyJpZCI6Nzk3MSwidXJsIjoiaHR0cHM6XC9cL2FyY2hpdmlhLm9yZ1wvd3AtY29udGVudFwvdXBsb2Fkc1wvMjAyNVwvMTFcL0FCQ0RfQ0RDX01BTl8yMDEwNzhfMTkyMTAyNlJNQTAwMF8wMVItY29waWEuanBnIiwic2xpZGVzaG93IjoiZTAxMDlmMyJ9\" data-elementor-lightbox-description=\"La societ\u00e0 contro la donna serata di canzoni femministe - 5\/02\/1974\" href='https:\/\/archivia.org\/wp-content\/uploads\/2025\/11\/ABCD_CDC_MAN_201078_1921026RMA000_01R-copia.jpg'><img loading=\"lazy\" width=\"539\" height=\"764\" src=\"https:\/\/archivia.org\/wp-content\/uploads\/2025\/11\/ABCD_CDC_MAN_201078_1921026RMA000_01R-copia.jpg\" class=\"attachment-medium_large size-medium_large\" alt=\"\" aria-describedby=\"gallery-1-7971\" decoding=\"async\" srcset=\"https:\/\/archivia.org\/wp-content\/uploads\/2025\/11\/ABCD_CDC_MAN_201078_1921026RMA000_01R-copia.jpg 539w, https:\/\/archivia.org\/wp-content\/uploads\/2025\/11\/ABCD_CDC_MAN_201078_1921026RMA000_01R-copia-212x300.jpg 212w, https:\/\/archivia.org\/wp-content\/uploads\/2025\/11\/ABCD_CDC_MAN_201078_1921026RMA000_01R-copia-8x12.jpg 8w\" sizes=\"(max-width: 539px) 100vw, 539px\" title=\"\"><\/a>\n\t\t\t<\/div>\n\t\t\t\t<figcaption class='wp-caption-text gallery-caption' id='gallery-1-7971'>\n\t\t\t\tUn futuro migliore per i paesi rurali\n\t\t\t\t<\/figcaption><\/figure><figure class='gallery-item'>\n\t\t\t<div class='gallery-icon portrait'>\n\t\t\t\t<a data-elementor-open-lightbox=\"yes\" data-elementor-lightbox-slideshow=\"e0109f3\" data-elementor-lightbox-title=\"81_ABCD_CDC_MAN_201341_1921167RMA000_01R-copia\" data-e-action-hash=\"#elementor-action%3Aaction%3Dlightbox%26settings%3DeyJpZCI6NzkyOCwidXJsIjoiaHR0cHM6XC9cL2FyY2hpdmlhLm9yZ1wvd3AtY29udGVudFwvdXBsb2Fkc1wvMjAyNVwvMTFcLzgxX0FCQ0RfQ0RDX01BTl8yMDEzNDFfMTkyMTE2N1JNQTAwMF8wMVItY29waWEuanBnIiwic2xpZGVzaG93IjoiZTAxMDlmMyJ9\" data-elementor-lightbox-description=\"La societ\u00e0 contro la donna serata di canzoni femministe - 5\/02\/1974\" href='https:\/\/archivia.org\/wp-content\/uploads\/2025\/11\/81_ABCD_CDC_MAN_201341_1921167RMA000_01R-copia.jpg'><img loading=\"lazy\" width=\"539\" height=\"1153\" src=\"https:\/\/archivia.org\/wp-content\/uploads\/2025\/11\/81_ABCD_CDC_MAN_201341_1921167RMA000_01R-copia.jpg\" class=\"attachment-medium_large size-medium_large\" alt=\"\" aria-describedby=\"gallery-1-7928\" decoding=\"async\" srcset=\"https:\/\/archivia.org\/wp-content\/uploads\/2025\/11\/81_ABCD_CDC_MAN_201341_1921167RMA000_01R-copia.jpg 539w, https:\/\/archivia.org\/wp-content\/uploads\/2025\/11\/81_ABCD_CDC_MAN_201341_1921167RMA000_01R-copia-140x300.jpg 140w, https:\/\/archivia.org\/wp-content\/uploads\/2025\/11\/81_ABCD_CDC_MAN_201341_1921167RMA000_01R-copia-479x1024.jpg 479w, https:\/\/archivia.org\/wp-content\/uploads\/2025\/11\/81_ABCD_CDC_MAN_201341_1921167RMA000_01R-copia-6x12.jpg 6w\" sizes=\"(max-width: 539px) 100vw, 539px\" title=\"\"><\/a>\n\t\t\t<\/div>\n\t\t\t\t<figcaption class='wp-caption-text gallery-caption' id='gallery-1-7928'>\n\t\t\t\tVerso un sistema informativo integrato -5-6\/11\/1993\n\t\t\t\t<\/figcaption><\/figure><figure class='gallery-item'>\n\t\t\t<div class='gallery-icon portrait'>\n\t\t\t\t<a data-elementor-open-lightbox=\"yes\" data-elementor-lightbox-slideshow=\"e0109f3\" data-elementor-lightbox-title=\"91_ABCD_CDC_MAN_201386_1921181RMA000_01R-copia\" data-e-action-hash=\"#elementor-action%3Aaction%3Dlightbox%26settings%3DeyJpZCI6NzkzOCwidXJsIjoiaHR0cHM6XC9cL2FyY2hpdmlhLm9yZ1wvd3AtY29udGVudFwvdXBsb2Fkc1wvMjAyNVwvMTFcLzkxX0FCQ0RfQ0RDX01BTl8yMDEzODZfMTkyMTE4MVJNQTAwMF8wMVItY29waWEuanBnIiwic2xpZGVzaG93IjoiZTAxMDlmMyJ9\" data-elementor-lightbox-description=\"La societ\u00e0 contro la donna serata di canzoni femministe - 5\/02\/1974\" href='https:\/\/archivia.org\/wp-content\/uploads\/2025\/11\/91_ABCD_CDC_MAN_201386_1921181RMA000_01R-copia.jpg'><img loading=\"lazy\" width=\"539\" height=\"1028\" src=\"https:\/\/archivia.org\/wp-content\/uploads\/2025\/11\/91_ABCD_CDC_MAN_201386_1921181RMA000_01R-copia.jpg\" class=\"attachment-medium_large size-medium_large\" alt=\"\" aria-describedby=\"gallery-1-7938\" decoding=\"async\" srcset=\"https:\/\/archivia.org\/wp-content\/uploads\/2025\/11\/91_ABCD_CDC_MAN_201386_1921181RMA000_01R-copia.jpg 539w, https:\/\/archivia.org\/wp-content\/uploads\/2025\/11\/91_ABCD_CDC_MAN_201386_1921181RMA000_01R-copia-157x300.jpg 157w, https:\/\/archivia.org\/wp-content\/uploads\/2025\/11\/91_ABCD_CDC_MAN_201386_1921181RMA000_01R-copia-537x1024.jpg 537w, https:\/\/archivia.org\/wp-content\/uploads\/2025\/11\/91_ABCD_CDC_MAN_201386_1921181RMA000_01R-copia-6x12.jpg 6w\" sizes=\"(max-width: 539px) 100vw, 539px\" title=\"\"><\/a>\n\t\t\t<\/div>\n\t\t\t\t<figcaption class='wp-caption-text gallery-caption' id='gallery-1-7938'>\n\t\t\t\tLe donne ridono &#8211; 18\/9-3\/10\/1993\n\t\t\t\t<\/figcaption><\/figure><figure class='gallery-item'>\n\t\t\t<div class='gallery-icon portrait'>\n\t\t\t\t<a data-elementor-open-lightbox=\"yes\" data-elementor-lightbox-slideshow=\"e0109f3\" data-elementor-lightbox-title=\"95_ABCD_CDC_MAN_201390_1921185RMA000_01R-copia\" data-e-action-hash=\"#elementor-action%3Aaction%3Dlightbox%26settings%3DeyJpZCI6Nzk0MSwidXJsIjoiaHR0cHM6XC9cL2FyY2hpdmlhLm9yZ1wvd3AtY29udGVudFwvdXBsb2Fkc1wvMjAyNVwvMTFcLzk1X0FCQ0RfQ0RDX01BTl8yMDEzOTBfMTkyMTE4NVJNQTAwMF8wMVItY29waWEuanBnIiwic2xpZGVzaG93IjoiZTAxMDlmMyJ9\" data-elementor-lightbox-description=\"La societ\u00e0 contro la donna serata di canzoni femministe - 5\/02\/1974\" href='https:\/\/archivia.org\/wp-content\/uploads\/2025\/11\/95_ABCD_CDC_MAN_201390_1921185RMA000_01R-copia.jpg'><img loading=\"lazy\" width=\"539\" height=\"1096\" src=\"https:\/\/archivia.org\/wp-content\/uploads\/2025\/11\/95_ABCD_CDC_MAN_201390_1921185RMA000_01R-copia.jpg\" class=\"attachment-medium_large size-medium_large\" alt=\"\" aria-describedby=\"gallery-1-7941\" decoding=\"async\" srcset=\"https:\/\/archivia.org\/wp-content\/uploads\/2025\/11\/95_ABCD_CDC_MAN_201390_1921185RMA000_01R-copia.jpg 539w, https:\/\/archivia.org\/wp-content\/uploads\/2025\/11\/95_ABCD_CDC_MAN_201390_1921185RMA000_01R-copia-148x300.jpg 148w, https:\/\/archivia.org\/wp-content\/uploads\/2025\/11\/95_ABCD_CDC_MAN_201390_1921185RMA000_01R-copia-504x1024.jpg 504w, https:\/\/archivia.org\/wp-content\/uploads\/2025\/11\/95_ABCD_CDC_MAN_201390_1921185RMA000_01R-copia-6x12.jpg 6w\" sizes=\"(max-width: 539px) 100vw, 539px\" title=\"\"><\/a>\n\t\t\t<\/div>\n\t\t\t\t<figcaption class='wp-caption-text gallery-caption' id='gallery-1-7941'>\n\t\t\t\tNon mi voglio lamentare &#8211; 12\/5\/[?]\n\t\t\t\t<\/figcaption><\/figure><figure class='gallery-item'>\n\t\t\t<div class='gallery-icon portrait'>\n\t\t\t\t<a data-elementor-open-lightbox=\"yes\" data-elementor-lightbox-slideshow=\"e0109f3\" data-elementor-lightbox-title=\"ABCD_CDC_MAN_201052_1921018RMA000_01R-copia\" data-e-action-hash=\"#elementor-action%3Aaction%3Dlightbox%26settings%3DeyJpZCI6Nzk2NywidXJsIjoiaHR0cHM6XC9cL2FyY2hpdmlhLm9yZ1wvd3AtY29udGVudFwvdXBsb2Fkc1wvMjAyNVwvMTFcL0FCQ0RfQ0RDX01BTl8yMDEwNTJfMTkyMTAxOFJNQTAwMF8wMVItY29waWEuanBnIiwic2xpZGVzaG93IjoiZTAxMDlmMyJ9\" data-elementor-lightbox-description=\"La societ\u00e0 contro la donna serata di canzoni femministe - 5\/02\/1974\" href='https:\/\/archivia.org\/wp-content\/uploads\/2025\/11\/ABCD_CDC_MAN_201052_1921018RMA000_01R-copia.jpg'><img loading=\"lazy\" width=\"539\" height=\"1252\" src=\"https:\/\/archivia.org\/wp-content\/uploads\/2025\/11\/ABCD_CDC_MAN_201052_1921018RMA000_01R-copia.jpg\" class=\"attachment-medium_large size-medium_large\" alt=\"\" aria-describedby=\"gallery-1-7967\" decoding=\"async\" srcset=\"https:\/\/archivia.org\/wp-content\/uploads\/2025\/11\/ABCD_CDC_MAN_201052_1921018RMA000_01R-copia.jpg 539w, https:\/\/archivia.org\/wp-content\/uploads\/2025\/11\/ABCD_CDC_MAN_201052_1921018RMA000_01R-copia-129x300.jpg 129w, https:\/\/archivia.org\/wp-content\/uploads\/2025\/11\/ABCD_CDC_MAN_201052_1921018RMA000_01R-copia-441x1024.jpg 441w, https:\/\/archivia.org\/wp-content\/uploads\/2025\/11\/ABCD_CDC_MAN_201052_1921018RMA000_01R-copia-5x12.jpg 5w\" sizes=\"(max-width: 539px) 100vw, 539px\" title=\"\"><\/a>\n\t\t\t<\/div>\n\t\t\t\t<figcaption class='wp-caption-text gallery-caption' id='gallery-1-7967'>\n\t\t\t\tI nostri diritti ! -[anni&#8217;90]\n\t\t\t\t<\/figcaption><\/figure><figure class='gallery-item'>\n\t\t\t<div class='gallery-icon portrait'>\n\t\t\t\t<a data-elementor-open-lightbox=\"yes\" data-elementor-lightbox-slideshow=\"e0109f3\" data-elementor-lightbox-title=\"117_ABCD_CDC_MAN_201487_1921218RMA000_01R-copia\" data-e-action-hash=\"#elementor-action%3Aaction%3Dlightbox%26settings%3DeyJpZCI6Nzk2MSwidXJsIjoiaHR0cHM6XC9cL2FyY2hpdmlhLm9yZ1wvd3AtY29udGVudFwvdXBsb2Fkc1wvMjAyNVwvMTFcLzExN19BQkNEX0NEQ19NQU5fMjAxNDg3XzE5MjEyMThSTUEwMDBfMDFSLWNvcGlhLmpwZyIsInNsaWRlc2hvdyI6ImUwMTA5ZjMifQ%3D%3D\" data-elementor-lightbox-description=\"La societ\u00e0 contro la donna serata di canzoni femministe - 5\/02\/1974\" href='https:\/\/archivia.org\/wp-content\/uploads\/2025\/11\/117_ABCD_CDC_MAN_201487_1921218RMA000_01R-copia.jpg'><img loading=\"lazy\" width=\"539\" height=\"1533\" src=\"https:\/\/archivia.org\/wp-content\/uploads\/2025\/11\/117_ABCD_CDC_MAN_201487_1921218RMA000_01R-copia.jpg\" class=\"attachment-medium_large size-medium_large\" alt=\"\" aria-describedby=\"gallery-1-7961\" decoding=\"async\" srcset=\"https:\/\/archivia.org\/wp-content\/uploads\/2025\/11\/117_ABCD_CDC_MAN_201487_1921218RMA000_01R-copia.jpg 539w, https:\/\/archivia.org\/wp-content\/uploads\/2025\/11\/117_ABCD_CDC_MAN_201487_1921218RMA000_01R-copia-105x300.jpg 105w, https:\/\/archivia.org\/wp-content\/uploads\/2025\/11\/117_ABCD_CDC_MAN_201487_1921218RMA000_01R-copia-360x1024.jpg 360w, https:\/\/archivia.org\/wp-content\/uploads\/2025\/11\/117_ABCD_CDC_MAN_201487_1921218RMA000_01R-copia-4x12.jpg 4w\" sizes=\"(max-width: 539px) 100vw, 539px\" title=\"\"><\/a>\n\t\t\t<\/div>\n\t\t\t\t<figcaption class='wp-caption-text gallery-caption' id='gallery-1-7961'>\n\t\t\t\tDonne, reddito, cooperazione internazionale &#8211; 28-29\/11\/1988\n\t\t\t\t<\/figcaption><\/figure><figure class='gallery-item'>\n\t\t\t<div class='gallery-icon portrait'>\n\t\t\t\t<a data-elementor-open-lightbox=\"yes\" data-elementor-lightbox-slideshow=\"e0109f3\" data-elementor-lightbox-title=\"43_ABCD_CDC_MAN_201208_1921106RMA000_01R-\" data-e-action-hash=\"#elementor-action%3Aaction%3Dlightbox%26settings%3DeyJpZCI6ODE3NiwidXJsIjoiaHR0cHM6XC9cL2FyY2hpdmlhLm9yZ1wvd3AtY29udGVudFwvdXBsb2Fkc1wvMjAyNVwvMTJcLzQzX0FCQ0RfQ0RDX01BTl8yMDEyMDhfMTkyMTEwNlJNQTAwMF8wMVItLmpwZyIsInNsaWRlc2hvdyI6ImUwMTA5ZjMifQ%3D%3D\" data-elementor-lightbox-description=\"La societ\u00e0 contro la donna serata di canzoni femministe - 5\/02\/1974\" href='https:\/\/archivia.org\/wp-content\/uploads\/2025\/12\/43_ABCD_CDC_MAN_201208_1921106RMA000_01R-.jpg'><img loading=\"lazy\" width=\"539\" height=\"1621\" src=\"https:\/\/archivia.org\/wp-content\/uploads\/2025\/12\/43_ABCD_CDC_MAN_201208_1921106RMA000_01R-.jpg\" class=\"attachment-medium_large size-medium_large\" alt=\"\" aria-describedby=\"gallery-1-8176\" decoding=\"async\" srcset=\"https:\/\/archivia.org\/wp-content\/uploads\/2025\/12\/43_ABCD_CDC_MAN_201208_1921106RMA000_01R-.jpg 539w, https:\/\/archivia.org\/wp-content\/uploads\/2025\/12\/43_ABCD_CDC_MAN_201208_1921106RMA000_01R--100x300.jpg 100w, https:\/\/archivia.org\/wp-content\/uploads\/2025\/12\/43_ABCD_CDC_MAN_201208_1921106RMA000_01R--340x1024.jpg 340w, https:\/\/archivia.org\/wp-content\/uploads\/2025\/12\/43_ABCD_CDC_MAN_201208_1921106RMA000_01R--511x1536.jpg 511w, https:\/\/archivia.org\/wp-content\/uploads\/2025\/12\/43_ABCD_CDC_MAN_201208_1921106RMA000_01R--4x12.jpg 4w\" sizes=\"(max-width: 539px) 100vw, 539px\" title=\"\"><\/a>\n\t\t\t<\/div>\n\t\t\t\t<figcaption class='wp-caption-text gallery-caption' id='gallery-1-8176'>\n\t\t\t\tLa donna e la poesia\n\t\t\t\t<\/figcaption><\/figure><figure class='gallery-item'>\n\t\t\t<div class='gallery-icon portrait'>\n\t\t\t\t<a data-elementor-open-lightbox=\"yes\" data-elementor-lightbox-slideshow=\"e0109f3\" data-elementor-lightbox-title=\"44_ABCD_CDC_MAN_201210_1921108RMA000_01R\" data-e-action-hash=\"#elementor-action%3Aaction%3Dlightbox%26settings%3DeyJpZCI6ODE3NSwidXJsIjoiaHR0cHM6XC9cL2FyY2hpdmlhLm9yZ1wvd3AtY29udGVudFwvdXBsb2Fkc1wvMjAyNVwvMTJcLzQ0X0FCQ0RfQ0RDX01BTl8yMDEyMTBfMTkyMTEwOFJNQTAwMF8wMVItY29waWEuanBnIiwic2xpZGVzaG93IjoiZTAxMDlmMyJ9\" data-elementor-lightbox-description=\"La societ\u00e0 contro la donna serata di canzoni femministe - 5\/02\/1974\" href='https:\/\/archivia.org\/wp-content\/uploads\/2025\/12\/44_ABCD_CDC_MAN_201210_1921108RMA000_01R-copia.jpg'><img loading=\"lazy\" width=\"539\" height=\"792\" src=\"https:\/\/archivia.org\/wp-content\/uploads\/2025\/12\/44_ABCD_CDC_MAN_201210_1921108RMA000_01R-copia.jpg\" class=\"attachment-medium_large size-medium_large\" alt=\"\" aria-describedby=\"gallery-1-8175\" decoding=\"async\" srcset=\"https:\/\/archivia.org\/wp-content\/uploads\/2025\/12\/44_ABCD_CDC_MAN_201210_1921108RMA000_01R-copia.jpg 539w, https:\/\/archivia.org\/wp-content\/uploads\/2025\/12\/44_ABCD_CDC_MAN_201210_1921108RMA000_01R-copia-204x300.jpg 204w, https:\/\/archivia.org\/wp-content\/uploads\/2025\/12\/44_ABCD_CDC_MAN_201210_1921108RMA000_01R-copia-8x12.jpg 8w\" sizes=\"(max-width: 539px) 100vw, 539px\" title=\"\"><\/a>\n\t\t\t<\/div>\n\t\t\t\t<figcaption class='wp-caption-text gallery-caption' id='gallery-1-8175'>\n\t\t\t\t8 marzo &#8217;83 Unione donne italiane &#8211; 1983\n\t\t\t\t<\/figcaption><\/figure>\n\t\t<\/div>\n\t\t<\/div>\n\t\t\t\t\t\t<\/div>\n\t\t\t\t\t<\/div>\n\t\t\t\t<\/div>\n\t\t\t\t<\/div>\n\t\t","protected":false},"excerpt":{"rendered":"<p>La Gallery sul sito \u00e8 stata creata grazie a un Progetto realizzato con il sostegno della Regione Lazio per le [&hellip;]<\/p>\n","protected":false},"author":1,"featured_media":0,"parent":41,"menu_order":0,"comment_status":"closed","ping_status":"closed","template":"","meta":{"site-sidebar-layout":"no-sidebar","site-content-layout":"","ast-site-content-layout":"full-width-container","site-content-style":"default","site-sidebar-style":"default","ast-global-header-display":"","ast-banner-title-visibility":"","ast-main-header-display":"","ast-hfb-above-header-display":"","ast-hfb-below-header-display":"","ast-hfb-mobile-header-display":"","site-post-title":"","ast-breadcrumbs-content":"","ast-featured-img":"disabled","footer-sml-layout":"","ast-disable-related-posts":"","theme-transparent-header-meta":"default","adv-header-id-meta":"","stick-header-meta":"default","header-above-stick-meta":"","header-main-stick-meta":"","header-below-stick-meta":"","astra-migrate-meta-layouts":"set","ast-page-background-enabled":"default","ast-page-background-meta":{"desktop":{"background-color":"var(--ast-global-color-4)","background-image":"","background-repeat":"repeat","background-position":"center center","background-size":"auto","background-attachment":"scroll","background-type":"","background-media":"","overlay-type":"","overlay-color":"","overlay-opacity":"","overlay-gradient":""},"tablet":{"background-color":"","background-image":"","background-repeat":"repeat","background-position":"center center","background-size":"auto","background-attachment":"scroll","background-type":"","background-media":"","overlay-type":"","overlay-color":"","overlay-opacity":"","overlay-gradient":""},"mobile":{"background-color":"","background-image":"","background-repeat":"repeat","background-position":"center center","background-size":"auto","background-attachment":"scroll","background-type":"","background-media":"","overlay-type":"","overlay-color":"","overlay-opacity":"","overlay-gradient":""}},"ast-content-background-meta":{"desktop":{"background-color":"var(--ast-global-color-5)","background-image":"","background-repeat":"repeat","background-position":"center center","background-size":"auto","background-attachment":"scroll","background-type":"","background-media":"","overlay-type":"","overlay-color":"","overlay-opacity":"","overlay-gradient":""},"tablet":{"background-color":"var(--ast-global-color-5)","background-image":"","background-repeat":"repeat","background-position":"center center","background-size":"auto","background-attachment":"scroll","background-type":"","background-media":"","overlay-type":"","overlay-color":"","overlay-opacity":"","overlay-gradient":""},"mobile":{"background-color":"var(--ast-global-color-5)","background-image":"","background-repeat":"repeat","background-position":"center center","background-size":"auto","background-attachment":"scroll","background-type":"","background-media":"","overlay-type":"","overlay-color":"","overlay-opacity":"","overlay-gradient":""}},"footnotes":""},"class_list":["post-7158","page","type-page","status-publish","hentry"],"_links":{"self":[{"href":"https:\/\/archivia.org\/en\/wp-json\/wp\/v2\/pages\/7158","targetHints":{"allow":["GET"]}}],"collection":[{"href":"https:\/\/archivia.org\/en\/wp-json\/wp\/v2\/pages"}],"about":[{"href":"https:\/\/archivia.org\/en\/wp-json\/wp\/v2\/types\/page"}],"author":[{"embeddable":true,"href":"https:\/\/archivia.org\/en\/wp-json\/wp\/v2\/users\/1"}],"replies":[{"embeddable":true,"href":"https:\/\/archivia.org\/en\/wp-json\/wp\/v2\/comments?post=7158"}],"version-history":[{"count":35,"href":"https:\/\/archivia.org\/en\/wp-json\/wp\/v2\/pages\/7158\/revisions"}],"predecessor-version":[{"id":8494,"href":"https:\/\/archivia.org\/en\/wp-json\/wp\/v2\/pages\/7158\/revisions\/8494"}],"up":[{"embeddable":true,"href":"https:\/\/archivia.org\/en\/wp-json\/wp\/v2\/pages\/41"}],"wp:attachment":[{"href":"https:\/\/archivia.org\/en\/wp-json\/wp\/v2\/media?parent=7158"}],"curies":[{"name":"wp","href":"https:\/\/api.w.org\/{rel}","templated":true}]}}